{"id":8962,"date":"2024-05-14T07:45:49","date_gmt":"2024-05-14T07:45:49","guid":{"rendered":"https:\/\/www.motoairbag.com\/shop\/non%20class\u00e9\/cover-fluo-mab\/"},"modified":"2026-02-27T13:46:02","modified_gmt":"2026-02-27T13:46:02","slug":"cover-fluo-mab","status":"publish","type":"product","link":"https:\/\/www.motoairbag.com\/fr\/shop\/accessoires-et-recharges\/cover-fluo-mab\/","title":{"rendered":"COVER FLUO MAB"},"content":{"rendered":"<p data-start=\"0\" data-end=\"144\">Il est \u00e9quip\u00e9 de <strong data-start=\"17\" data-end=\"60\">deux grandes poches frontales pratiques<\/strong>, id\u00e9ales pour garder de petits objets ou des documents toujours \u00e0 port\u00e9e de main.<\/p>\n<p data-start=\"146\" data-end=\"282\">Il est fourni dans une <strong data-start=\"169\" data-end=\"197\">\u00e9l\u00e9gante housse en tissu<\/strong>, facile \u00e0 transporter et parfaite pour l\u2019avoir toujours avec soi, pr\u00eat \u00e0 l\u2019emploi.<\/p>\n<p data-start=\"284\" data-end=\"479\">Il poss\u00e8de des <strong data-start=\"299\" data-end=\"328\">bandes Velcro \u00e0 l\u2019arri\u00e8re<\/strong> qui s\u2019ouvrent au moment de l\u2019activation, et des <strong data-start=\"377\" data-end=\"408\">bandes \u00e9lastiques lat\u00e9rales<\/strong> qui permettent \u00e0 l\u2019airbag de se d\u00e9ployer librement sans obstruction.<\/p>\n<p data-start=\"481\" data-end=\"531\">Disponible dans toutes les tailles, de XS \u00e0 3XL.<\/p>\n<p data-start=\"533\" data-end=\"731\" data-is-last-node=\"\" data-is-only-node=\"\">Compatible avec les mod\u00e8les <strong data-start=\"561\" data-end=\"575\">MOTOAIRBAG<\/strong> : M1 (avec les fermetures \u00e9clair lat\u00e9rales de la Cover Fluo ouvertes), V2.0, V3, V4 et V4 MODULAR, pour une protection s\u00fbre et polyvalente \u00e0 chaque sortie.<\/p>\n<p>&nbsp;<\/p>\n<p>&nbsp;<\/p>\n","protected":false},"excerpt":{"rendered":"<p data-start=\"0\" data-end=\"151\">Gilet <strong data-start=\"6\" data-end=\"20\">Cover Fluo<\/strong> haute visibilit\u00e9, r\u00e9alis\u00e9 en tissu fluorescent avec <strong data-start=\"73\" data-end=\"99\">inserts r\u00e9fl\u00e9chissants<\/strong> pour garantir une s\u00e9curit\u00e9 maximale sur la route.<\/p>\n<p data-start=\"153\" data-end=\"256\">C\u2019est l\u2019accessoire id\u00e9al pour les motards, surtout au cr\u00e9puscule, la nuit ou par temps de brouillard.<\/p>\n<p data-start=\"258\" data-end=\"439\">Les bandes r\u00e9fl\u00e9chissantes, plac\u00e9es sur les parties les plus expos\u00e9es du corps, <strong data-start=\"338\" data-end=\"373\">renvoient la lumi\u00e8re des phares<\/strong> et rendent le motard clairement visible m\u00eame \u00e0 grande distance.<\/p>\n<p data-start=\"441\" data-end=\"512\" data-is-last-node=\"\" data-is-only-node=\"\">Le tissu l\u00e9ger et respirant assure <strong data-start=\"476\" data-end=\"511\">confort et libert\u00e9 de mouvement<\/strong>.<\/p>\n","protected":false},"featured_media":10929,"template":"","meta":[],"product_brand":[],"product_cat":[97],"product_tag":[],"class_list":{"0":"post-8962","1":"product","2":"type-product","3":"status-publish","4":"has-post-thumbnail","6":"product_cat-accessoires-et-recharges","8":"first","9":"instock","10":"taxable","11":"shipping-taxable","12":"purchasable","13":"product-type-variable"},"yoast_head":"<!-- This site is optimized with the Yoast SEO plugin v27.0 - https:\/\/yoast.com\/product\/yoast-seo-wordpress\/ -->\n<title>COVER FLUO MAB - Motoairbag - L&#039;airbag per i motociclisti<\/title>\n<meta name=\"robots\" content=\"index, follow, max-snippet:-1, max-image-preview:large, max-video-preview:-1\" \/>\n<link rel=\"canonical\" href=\"https:\/\/www.motoairbag.com\/fr\/shop\/accessoires-et-recharges\/cover-fluo-mab\/\" \/>\n<meta property=\"og:locale\" content=\"fr_FR\" \/>\n<meta property=\"og:type\" content=\"article\" \/>\n<meta property=\"og:title\" content=\"COVER FLUO MAB - Motoairbag - L&#039;airbag per i motociclisti\" \/>\n<meta property=\"og:description\" content=\"Gilet Cover Fluo haute visibilit\u00e9, r\u00e9alis\u00e9 en tissu fluorescent avec inserts r\u00e9fl\u00e9chissants pour garantir une s\u00e9curit\u00e9 maximale sur la route. C\u2019est l\u2019accessoire id\u00e9al pour les motards, surtout au cr\u00e9puscule, la nuit ou par temps de brouillard. Les bandes r\u00e9fl\u00e9chissantes, plac\u00e9es sur les parties les plus expos\u00e9es du corps, renvoient la lumi\u00e8re des phares et rendent le motard clairement visible m\u00eame \u00e0 grande distance. Le tissu l\u00e9ger et respirant assure confort et libert\u00e9 de mouvement.\" \/>\n<meta property=\"og:url\" content=\"https:\/\/www.motoairbag.com\/fr\/shop\/accessoires-et-recharges\/cover-fluo-mab\/\" \/>\n<meta property=\"og:site_name\" content=\"Motoairbag - L&#039;airbag per i motociclisti\" \/>\n<meta property=\"article:modified_time\" content=\"2026-02-27T13:46:02+00:00\" \/>\n<meta property=\"og:image\" content=\"https:\/\/www.motoairbag.com\/wp-content\/uploads\/2024\/05\/FRONTALE-NO-SFONDO-scaled.jpg\" \/>\n\t<meta property=\"og:image:width\" content=\"1920\" \/>\n\t<meta property=\"og:image:height\" content=\"2560\" \/>\n\t<meta property=\"og:image:type\" content=\"image\/jpeg\" \/>\n<meta name=\"twitter:card\" content=\"summary_large_image\" \/>\n<meta name=\"twitter:label1\" content=\"Dur\u00e9e de lecture estim\u00e9e\" \/>\n\t<meta name=\"twitter:data1\" content=\"1 minute\" \/>\n<script type=\"application\/ld+json\" class=\"yoast-schema-graph\">{\"@context\":\"https:\/\/schema.org\",\"@graph\":[{\"@type\":\"WebPage\",\"@id\":\"https:\/\/www.motoairbag.com\/fr\/shop\/accessoires-et-recharges\/cover-fluo-mab\/\",\"url\":\"https:\/\/www.motoairbag.com\/fr\/shop\/accessoires-et-recharges\/cover-fluo-mab\/\",\"name\":\"COVER FLUO MAB - Motoairbag - L&#039;airbag per i motociclisti\",\"isPartOf\":{\"@id\":\"https:\/\/www.motoairbag.com\/#website\"},\"primaryImageOfPage\":{\"@id\":\"https:\/\/www.motoairbag.com\/fr\/shop\/accessoires-et-recharges\/cover-fluo-mab\/#primaryimage\"},\"image\":{\"@id\":\"https:\/\/www.motoairbag.com\/fr\/shop\/accessoires-et-recharges\/cover-fluo-mab\/#primaryimage\"},\"thumbnailUrl\":\"https:\/\/www.motoairbag.com\/wp-content\/uploads\/2024\/05\/FRONTALE-NO-SFONDO-scaled.jpg\",\"datePublished\":\"2024-05-14T07:45:49+00:00\",\"dateModified\":\"2026-02-27T13:46:02+00:00\",\"breadcrumb\":{\"@id\":\"https:\/\/www.motoairbag.com\/fr\/shop\/accessoires-et-recharges\/cover-fluo-mab\/#breadcrumb\"},\"inLanguage\":\"fr-FR\",\"potentialAction\":[{\"@type\":\"ReadAction\",\"target\":[\"https:\/\/www.motoairbag.com\/fr\/shop\/accessoires-et-recharges\/cover-fluo-mab\/\"]}]},{\"@type\":\"ImageObject\",\"inLanguage\":\"fr-FR\",\"@id\":\"https:\/\/www.motoairbag.com\/fr\/shop\/accessoires-et-recharges\/cover-fluo-mab\/#primaryimage\",\"url\":\"https:\/\/www.motoairbag.com\/wp-content\/uploads\/2024\/05\/FRONTALE-NO-SFONDO-scaled.jpg\",\"contentUrl\":\"https:\/\/www.motoairbag.com\/wp-content\/uploads\/2024\/05\/FRONTALE-NO-SFONDO-scaled.jpg\",\"width\":1920,\"height\":2560},{\"@type\":\"BreadcrumbList\",\"@id\":\"https:\/\/www.motoairbag.com\/fr\/shop\/accessoires-et-recharges\/cover-fluo-mab\/#breadcrumb\",\"itemListElement\":[{\"@type\":\"ListItem\",\"position\":1,\"name\":\"Home\",\"item\":\"https:\/\/www.motoairbag.com\/fr\/\"},{\"@type\":\"ListItem\",\"position\":2,\"name\":\"Boutique\",\"item\":\"https:\/\/www.motoairbag.com\/fr\/boutique\/\"},{\"@type\":\"ListItem\",\"position\":3,\"name\":\"COVER FLUO MAB\"}]},{\"@type\":\"WebSite\",\"@id\":\"https:\/\/www.motoairbag.com\/#website\",\"url\":\"https:\/\/www.motoairbag.com\/\",\"name\":\"Motoairbag - L&#039;airbag per i motociclisti\",\"description\":\"\",\"publisher\":{\"@id\":\"https:\/\/www.motoairbag.com\/#organization\"},\"potentialAction\":[{\"@type\":\"SearchAction\",\"target\":{\"@type\":\"EntryPoint\",\"urlTemplate\":\"https:\/\/www.motoairbag.com\/?s={search_term_string}\"},\"query-input\":{\"@type\":\"PropertyValueSpecification\",\"valueRequired\":true,\"valueName\":\"search_term_string\"}}],\"inLanguage\":\"fr-FR\"},{\"@type\":\"Organization\",\"@id\":\"https:\/\/www.motoairbag.com\/#organization\",\"name\":\"Motoairbag - L&#039;airbag per i motociclisti\",\"url\":\"https:\/\/www.motoairbag.com\/\",\"logo\":{\"@type\":\"ImageObject\",\"inLanguage\":\"fr-FR\",\"@id\":\"https:\/\/www.motoairbag.com\/#\/schema\/logo\/image\/\",\"url\":\"https:\/\/www.motoairbag.com\/wp-content\/uploads\/2022\/11\/logo-final.jpg\",\"contentUrl\":\"https:\/\/www.motoairbag.com\/wp-content\/uploads\/2022\/11\/logo-final.jpg\",\"width\":609,\"height\":80,\"caption\":\"Motoairbag - L&#039;airbag per i motociclisti\"},\"image\":{\"@id\":\"https:\/\/www.motoairbag.com\/#\/schema\/logo\/image\/\"}}]}<\/script>\n<!-- \/ Yoast SEO plugin. -->","yoast_head_json":{"title":"COVER FLUO MAB - Motoairbag - L&#039;airbag per i motociclisti","robots":{"index":"index","follow":"follow","max-snippet":"max-snippet:-1","max-image-preview":"max-image-preview:large","max-video-preview":"max-video-preview:-1"},"canonical":"https:\/\/www.motoairbag.com\/fr\/shop\/accessoires-et-recharges\/cover-fluo-mab\/","og_locale":"fr_FR","og_type":"article","og_title":"COVER FLUO MAB - Motoairbag - L&#039;airbag per i motociclisti","og_description":"Gilet Cover Fluo haute visibilit\u00e9, r\u00e9alis\u00e9 en tissu fluorescent avec inserts r\u00e9fl\u00e9chissants pour garantir une s\u00e9curit\u00e9 maximale sur la route. C\u2019est l\u2019accessoire id\u00e9al pour les motards, surtout au cr\u00e9puscule, la nuit ou par temps de brouillard. Les bandes r\u00e9fl\u00e9chissantes, plac\u00e9es sur les parties les plus expos\u00e9es du corps, renvoient la lumi\u00e8re des phares et rendent le motard clairement visible m\u00eame \u00e0 grande distance. Le tissu l\u00e9ger et respirant assure confort et libert\u00e9 de mouvement.","og_url":"https:\/\/www.motoairbag.com\/fr\/shop\/accessoires-et-recharges\/cover-fluo-mab\/","og_site_name":"Motoairbag - L&#039;airbag per i motociclisti","article_modified_time":"2026-02-27T13:46:02+00:00","og_image":[{"width":1920,"height":2560,"url":"https:\/\/www.motoairbag.com\/wp-content\/uploads\/2024\/05\/FRONTALE-NO-SFONDO-scaled.jpg","type":"image\/jpeg"}],"twitter_card":"summary_large_image","twitter_misc":{"Dur\u00e9e de lecture estim\u00e9e":"1 minute"},"schema":{"@context":"https:\/\/schema.org","@graph":[{"@type":"WebPage","@id":"https:\/\/www.motoairbag.com\/fr\/shop\/accessoires-et-recharges\/cover-fluo-mab\/","url":"https:\/\/www.motoairbag.com\/fr\/shop\/accessoires-et-recharges\/cover-fluo-mab\/","name":"COVER FLUO MAB - Motoairbag - L&#039;airbag per i motociclisti","isPartOf":{"@id":"https:\/\/www.motoairbag.com\/#website"},"primaryImageOfPage":{"@id":"https:\/\/www.motoairbag.com\/fr\/shop\/accessoires-et-recharges\/cover-fluo-mab\/#primaryimage"},"image":{"@id":"https:\/\/www.motoairbag.com\/fr\/shop\/accessoires-et-recharges\/cover-fluo-mab\/#primaryimage"},"thumbnailUrl":"https:\/\/www.motoairbag.com\/wp-content\/uploads\/2024\/05\/FRONTALE-NO-SFONDO-scaled.jpg","datePublished":"2024-05-14T07:45:49+00:00","dateModified":"2026-02-27T13:46:02+00:00","breadcrumb":{"@id":"https:\/\/www.motoairbag.com\/fr\/shop\/accessoires-et-recharges\/cover-fluo-mab\/#breadcrumb"},"inLanguage":"fr-FR","potentialAction":[{"@type":"ReadAction","target":["https:\/\/www.motoairbag.com\/fr\/shop\/accessoires-et-recharges\/cover-fluo-mab\/"]}]},{"@type":"ImageObject","inLanguage":"fr-FR","@id":"https:\/\/www.motoairbag.com\/fr\/shop\/accessoires-et-recharges\/cover-fluo-mab\/#primaryimage","url":"https:\/\/www.motoairbag.com\/wp-content\/uploads\/2024\/05\/FRONTALE-NO-SFONDO-scaled.jpg","contentUrl":"https:\/\/www.motoairbag.com\/wp-content\/uploads\/2024\/05\/FRONTALE-NO-SFONDO-scaled.jpg","width":1920,"height":2560},{"@type":"BreadcrumbList","@id":"https:\/\/www.motoairbag.com\/fr\/shop\/accessoires-et-recharges\/cover-fluo-mab\/#breadcrumb","itemListElement":[{"@type":"ListItem","position":1,"name":"Home","item":"https:\/\/www.motoairbag.com\/fr\/"},{"@type":"ListItem","position":2,"name":"Boutique","item":"https:\/\/www.motoairbag.com\/fr\/boutique\/"},{"@type":"ListItem","position":3,"name":"COVER FLUO MAB"}]},{"@type":"WebSite","@id":"https:\/\/www.motoairbag.com\/#website","url":"https:\/\/www.motoairbag.com\/","name":"Motoairbag - L&#039;airbag per i motociclisti","description":"","publisher":{"@id":"https:\/\/www.motoairbag.com\/#organization"},"potentialAction":[{"@type":"SearchAction","target":{"@type":"EntryPoint","urlTemplate":"https:\/\/www.motoairbag.com\/?s={search_term_string}"},"query-input":{"@type":"PropertyValueSpecification","valueRequired":true,"valueName":"search_term_string"}}],"inLanguage":"fr-FR"},{"@type":"Organization","@id":"https:\/\/www.motoairbag.com\/#organization","name":"Motoairbag - L&#039;airbag per i motociclisti","url":"https:\/\/www.motoairbag.com\/","logo":{"@type":"ImageObject","inLanguage":"fr-FR","@id":"https:\/\/www.motoairbag.com\/#\/schema\/logo\/image\/","url":"https:\/\/www.motoairbag.com\/wp-content\/uploads\/2022\/11\/logo-final.jpg","contentUrl":"https:\/\/www.motoairbag.com\/wp-content\/uploads\/2022\/11\/logo-final.jpg","width":609,"height":80,"caption":"Motoairbag - L&#039;airbag per i motociclisti"},"image":{"@id":"https:\/\/www.motoairbag.com\/#\/schema\/logo\/image\/"}}]}},"_links":{"self":[{"href":"https:\/\/www.motoairbag.com\/fr\/wp-json\/wp\/v2\/product\/8962","targetHints":{"allow":["GET"]}}],"collection":[{"href":"https:\/\/www.motoairbag.com\/fr\/wp-json\/wp\/v2\/product"}],"about":[{"href":"https:\/\/www.motoairbag.com\/fr\/wp-json\/wp\/v2\/types\/product"}],"wp:featuredmedia":[{"embeddable":true,"href":"https:\/\/www.motoairbag.com\/fr\/wp-json\/wp\/v2\/media\/10929"}],"wp:attachment":[{"href":"https:\/\/www.motoairbag.com\/fr\/wp-json\/wp\/v2\/media?parent=8962"}],"wp:term":[{"taxonomy":"product_brand","embeddable":true,"href":"https:\/\/www.motoairbag.com\/fr\/wp-json\/wp\/v2\/product_brand?post=8962"},{"taxonomy":"product_cat","embeddable":true,"href":"https:\/\/www.motoairbag.com\/fr\/wp-json\/wp\/v2\/product_cat?post=8962"},{"taxonomy":"product_tag","embeddable":true,"href":"https:\/\/www.motoairbag.com\/fr\/wp-json\/wp\/v2\/product_tag?post=8962"}],"curies":[{"name":"wp","href":"https:\/\/api.w.org\/{rel}","templated":true}]}}