{"id":5167,"date":"2022-06-22T07:27:42","date_gmt":"2022-06-22T07:27:42","guid":{"rendered":"http:\/\/motoairbag.innovea.it\/shop\/non%20class\u00e9\/mab-v4\/"},"modified":"2026-04-24T10:26:27","modified_gmt":"2026-04-24T10:26:27","slug":"mab-v4","status":"publish","type":"product","link":"https:\/\/www.motoairbag.com\/fr\/shop\/airbags-moto\/mab-v4\/","title":{"rendered":"MAB v4"},"content":{"rendered":"<p>[vc_row disable_background_image=\u00a0\u00bb\u00a0\u00bb][vc_column][vc_tta_accordion][vc_tta_section title=\u00a0\u00bbCaract\u00e9ristiques g\u00e9n\u00e9rales\u00a0\u00bb tab_id=\u00a0\u00bb1665647274320-421b536b-15c7&Prime;][vc_column_text]<\/p>\n<ul>\n<li>Gilet avec veste perfor\u00e9e int\u00e9gr\u00e9e et amovible, \u00e9quip\u00e9e de protections \u00e9paules\/coudes Niveau 2<\/li>\n<li>Certifi\u00e9 EN1621-4 Niveau 2 comme airbag pour motocyclistes<\/li>\n<li>Activation analogique via Fast-Lock<\/li>\n<li>Rechargeable<\/li>\n<li>Volume de protection : 25 litres<\/li>\n<li>Synchroniseur pour g\u00e9rer les deux syst\u00e8mes d\u2019airbag<\/li>\n<li>Insertions fluo et r\u00e9fl\u00e9chissantes pour une meilleure visibilit\u00e9<\/li>\n<li>Poche ext\u00e9rieure pratique et facilement accessible<\/li>\n<li>\u00c0 porter par-dessus la veste<\/li>\n<li>R\u00e9glages lat\u00e9raux pour s\u2019adapter aux vestes \u00e9paisses ou multicouches en hiver et plus l\u00e9g\u00e8res en \u00e9t\u00e9<\/li>\n<\/ul>\n<p>[\/vc_column_text][\/vc_tta_section][vc_tta_section title=\u00a0\u00bbSp\u00e9cifications techniques\u00a0\u00bb tab_id=\u00a0\u00bb1665647327764-f4d815c0-1938&Prime;][vc_column_text]<\/p>\n<ul>\n<li data-start=\"44\" data-end=\"561\">Syst\u00e8me \u00e0 double airbag (Dual Airbag System)<br data-start=\"92\" data-end=\"95\" \/>\u2013 Airbag dorsal pour la protection du dos, de la nuque au coccyx. Certifi\u00e9 AIRBAG EN1621\/4 FB Niveau 2. Force r\u00e9siduelle apr\u00e8s test d\u2019impact : 1,4 kN (limite Niveau 1 AIRBAG = 4,5 kN ; limite Niveau 2 AIRBAG = 2,5 kN)<br data-start=\"324\" data-end=\"327\" \/>\u2013 Airbag avant pour la protection du thorax, de l\u2019abdomen et du cou. Certifi\u00e9 AIRBAG EN1621\/4 DC Niveau 2. Force r\u00e9siduelle apr\u00e8s test d\u2019impact : 0,8 kN (limite Niveau 1 AIRBAG = 4,5 kN ; limite Niveau 2 AIRBAG = 2,5 kN)<\/li>\n<li>Technologie Fast Lock pour une gestion compl\u00e8te et fiable de la d\u00e9tection d\u2019accident<\/li>\n<li>Temps de gonflage : 80 millisecondes pour les deux syst\u00e8mes d\u2019airbag<\/li>\n<li>Volume total de protection : 25 litres (15 litres pour l\u2019airbag dorsal + 10 litres pour l\u2019airbag avant)<\/li>\n<li>Poids du syst\u00e8me airbag : 800 g (airbag dorsal) \u2013 600 g (airbag avant). Poids total : 2,1 kg<\/li>\n<li data-start=\"943\" data-end=\"1477\">R\u00e9utilisable : rechargeable par l\u2019utilisateur en quelques minutes gr\u00e2ce au kit de recharge, apr\u00e8s un simple contr\u00f4le indiqu\u00e9 dans le manuel<\/li>\n<li data-start=\"943\" data-end=\"1477\">\u00c9quip\u00e9 d\u2019une poche ext\u00e9rieure pratique pouvant servir de porte-documents<\/li>\n<li data-start=\"943\" data-end=\"1477\">Fabriqu\u00e9 en polyester haute t\u00e9nacit\u00e9 \u00e0 structure perfor\u00e9e<\/li>\n<li data-start=\"943\" data-end=\"1477\">Doublure interne en mat\u00e9riau 3D favorisant la circulation de l\u2019air<\/li>\n<li data-start=\"943\" data-end=\"1477\">Insertions fluo et r\u00e9fl\u00e9chissantes pour une meilleure visibilit\u00e9<\/li>\n<li data-start=\"943\" data-end=\"1477\">R\u00e9glages lat\u00e9raux \u00e0 fermeture \u00e9clair pour s\u2019adapter facilement au passage entre les tailles<\/li>\n<li data-start=\"1479\" data-end=\"2127\">Veste interne perfor\u00e9e, \u00e9quip\u00e9e de protections \u00e9paules et coudes Niveau 2 EN1621-1, amovible du gilet MAB v4 pour permettre l\u2019utilisation de l\u2019airbag \u00e9galement au-dessus de vestes plus \u00e9paisses<\/li>\n<li data-start=\"1479\" data-end=\"2127\">Bandes de r\u00e9glage lat\u00e9rales suppl\u00e9mentaires pour l\u2019utilisation sur des vestes l\u00e9g\u00e8res d\u2019\u00e9t\u00e9 ou multicouches d\u2019hiver<\/li>\n<li data-start=\"1479\" data-end=\"2127\">Ceinture interne \u00e0 la taille pour maintenir le gilet en position correcte, aussi bien pendant la conduite qu\u2019en cas d\u2019activation<\/li>\n<li data-start=\"1479\" data-end=\"2127\">Insertions \u00e9lastiques sur les hanches et les \u00e9paules permettant l\u2019expansion correcte des deux airbags sans limiter les mouvements<\/li>\n<li data-start=\"1479\" data-end=\"2127\">Valves de d\u00e9gonflage automatiques<\/li>\n<li data-start=\"2129\" data-end=\"2412\">Syst\u00e8me de synchronisation Fast Lock : active intelligemment l\u2019airbag le plus proche du point d\u2019impact ; par exemple, en cas de choc frontal, l\u2019airbag avant se gonfle avant l\u2019airbag dorsal, tandis qu\u2019en cas de collision arri\u00e8re, l\u2019airbag dorsal se d\u00e9clenche en premier.<\/li>\n<li data-start=\"2414\" data-end=\"2720\">Syst\u00e8me anti-d\u00e9clenchement accidentel : pour activer le gilet, il faut \u00e9tendre compl\u00e8tement le c\u00e2ble, d\u00e9passer la force de rappel \u00e9lastique du Fast Lock et appliquer une charge de 15 kg ; pour les premi\u00e8res utilisations, un autocollant m\u00e9mo est fourni \u00e0 coller sur le tableau de bord.<\/li>\n<li data-start=\"2722\" data-end=\"2883\">Design optimis\u00e9 pour un confort sup\u00e9rieur, compatible avec tout type de veste<\/li>\n<li data-start=\"2722\" data-end=\"2883\">Fast Lock est compatible avec le mousqueton \u00e0 d\u00e9gagement rapide<\/li>\n<\/ul>\n<p>[\/vc_column_text][\/vc_tta_section][vc_tta_section title=\u00a0\u00bbCertificats de s\u00e9curit\u00e9\u00a0\u00bb tab_id=\u00a0\u00bb1665647393215-fcd34d4d-e657&Prime;][vc_column_text]<\/p>\n<ul>\n<li>Airbag avant \u2013 Certifi\u00e9 AIRBAG EN1621\/4 Niveau 2 DC (niveau maximal)<\/li>\n<li>Airbag dorsal \u2013 Certifi\u00e9 AIRBAG EN1621\/4 Niveau 2 FB (niveau maximal)<\/li>\n<li>Protections \u00e9paules et coudes certifi\u00e9es EN1621-1 Niveau 2<\/li>\n<li>Syst\u00e8me de d\u00e9clenchement avec Fast Lock et acc\u00e9l\u00e9rom\u00e8tre analogique<\/li>\n<li>Synchroniseur<\/li>\n<\/ul>\n<p>[\/vc_column_text][\/vc_tta_section][\/vc_tta_accordion][\/vc_column][\/vc_row]<\/p>\n","protected":false},"excerpt":{"rendered":"<p data-start=\"45\" data-end=\"510\">MAB V4 est un dispositif airbag con\u00e7u pour garantir la protection maximale du motard en cas d&rsquo;impact, gr\u00e2ce au double airbag (Dual Airbag System) offrant une couverture avant et arri\u00e8re<br data-start=\"246\" data-end=\"249\" \/>Il int\u00e8gre le syst\u00e8me de d\u00e9tection d&rsquo;accidents Fast Lock avec acc\u00e9l\u00e9rom\u00e8tre analogique, qui assure un d\u00e9clenchement rapide et fiable. Fast Lock doit \u00eatre connect\u00e9 \u00e0 la moto via les sangles sp\u00e9ciales incluses dans le colis, cr\u00e9ant le point d&rsquo;attache \u00e0 la selle<\/p>\n<p data-start=\"512\" data-end=\"671\">Il dispose d&rsquo;une veste int\u00e9rieure int\u00e9gr\u00e9e et amovible, id\u00e9ale pour les saisons chaudes, \u00e9quip\u00e9e de protections rigides aux \u00e9paules et aux coudes de niveau 2<\/p>\n<p data-start=\"512\" data-end=\"671\">Le dispositif est rechargeable en achetant le kit de recharge Motoairbag appropri\u00e9, permettant sa r\u00e9utilisation apr\u00e8s d\u00e9clenchement.<\/p>\n<p data-start=\"673\" data-end=\"820\">MAB V4 est fabriqu\u00e9 en polyester haute t\u00e9nacit\u00e9 et propos\u00e9 en gris\/fluo et noir\/fluo avec des inserts r\u00e9fl\u00e9chissants pour une visibilit\u00e9 optimale<\/p>\n<p data-start=\"822\" data-end=\"966\">\u26a0\ufe0f Pensez \u00e0 d\u00e9connecter Fast Lock de la moto avant de descendre, afin d\u2019\u00e9viter l\u2019activation accidentelle d\u2019un ou des deux airbags en cas de force sur le c\u00e2ble sup\u00e9rieure \u00e0 15 kg.<\/p>\n","protected":false},"featured_media":5354,"template":"","meta":[],"product_brand":[],"product_cat":[96],"product_tag":[],"class_list":{"0":"post-5167","1":"product","2":"type-product","3":"status-publish","4":"has-post-thumbnail","6":"product_cat-airbags-moto","8":"first","9":"instock","10":"taxable","11":"shipping-taxable","12":"purchasable","13":"product-type-variable"},"yoast_head":"<!-- This site is optimized with the Yoast SEO plugin v27.0 - https:\/\/yoast.com\/product\/yoast-seo-wordpress\/ -->\n<title>MAB v4 - Motoairbag - L&#039;airbag per i motociclisti<\/title>\n<meta name=\"robots\" content=\"index, follow, max-snippet:-1, max-image-preview:large, max-video-preview:-1\" \/>\n<link rel=\"canonical\" href=\"https:\/\/www.motoairbag.com\/fr\/shop\/airbags-moto\/mab-v4\/\" \/>\n<meta property=\"og:locale\" content=\"fr_FR\" \/>\n<meta property=\"og:type\" content=\"article\" \/>\n<meta property=\"og:title\" content=\"MAB v4 - Motoairbag - L&#039;airbag per i motociclisti\" \/>\n<meta property=\"og:description\" content=\"MAB V4 est un dispositif airbag con\u00e7u pour garantir la protection maximale du motard en cas d&#039;impact, gr\u00e2ce au double airbag (Dual Airbag System) offrant une couverture avant et arri\u00e8reIl int\u00e8gre le syst\u00e8me de d\u00e9tection d&#039;accidents Fast Lock avec acc\u00e9l\u00e9rom\u00e8tre analogique, qui assure un d\u00e9clenchement rapide et fiable. Fast Lock doit \u00eatre connect\u00e9 \u00e0 la moto via les sangles sp\u00e9ciales incluses dans le colis, cr\u00e9ant le point d&#039;attache \u00e0 la selle Il dispose d&#039;une veste int\u00e9rieure int\u00e9gr\u00e9e et amovible, id\u00e9ale pour les saisons chaudes, \u00e9quip\u00e9e de protections rigides aux \u00e9paules et aux coudes de niveau 2 Le dispositif est rechargeable en achetant le kit de recharge Motoairbag appropri\u00e9, permettant sa r\u00e9utilisation apr\u00e8s d\u00e9clenchement. MAB V4 est fabriqu\u00e9 en polyester haute t\u00e9nacit\u00e9 et propos\u00e9 en gris\/fluo et noir\/fluo avec des inserts r\u00e9fl\u00e9chissants pour une visibilit\u00e9 optimale \u26a0\ufe0f Pensez \u00e0 d\u00e9connecter Fast Lock de la moto avant de descendre, afin d\u2019\u00e9viter l\u2019activation accidentelle d\u2019un ou des deux airbags en cas de force sur le c\u00e2ble sup\u00e9rieure \u00e0 15 kg.\" \/>\n<meta property=\"og:url\" content=\"https:\/\/www.motoairbag.com\/fr\/shop\/airbags-moto\/mab-v4\/\" \/>\n<meta property=\"og:site_name\" content=\"Motoairbag - L&#039;airbag per i motociclisti\" \/>\n<meta property=\"article:modified_time\" content=\"2026-04-24T10:26:27+00:00\" \/>\n<meta property=\"og:image\" content=\"https:\/\/www.motoairbag.com\/wp-content\/uploads\/2022\/06\/V4N_1rid.jpg\" \/>\n\t<meta property=\"og:image:width\" content=\"1748\" \/>\n\t<meta property=\"og:image:height\" content=\"1748\" \/>\n\t<meta property=\"og:image:type\" content=\"image\/jpeg\" \/>\n<meta name=\"twitter:card\" content=\"summary_large_image\" \/>\n<meta name=\"twitter:label1\" content=\"Dur\u00e9e de lecture estim\u00e9e\" \/>\n\t<meta name=\"twitter:data1\" content=\"3 minutes\" \/>\n<script type=\"application\/ld+json\" class=\"yoast-schema-graph\">{\"@context\":\"https:\/\/schema.org\",\"@graph\":[{\"@type\":\"WebPage\",\"@id\":\"https:\/\/www.motoairbag.com\/fr\/shop\/airbags-moto\/mab-v4\/\",\"url\":\"https:\/\/www.motoairbag.com\/fr\/shop\/airbags-moto\/mab-v4\/\",\"name\":\"MAB v4 - Motoairbag - L&#039;airbag per i motociclisti\",\"isPartOf\":{\"@id\":\"https:\/\/www.motoairbag.com\/#website\"},\"primaryImageOfPage\":{\"@id\":\"https:\/\/www.motoairbag.com\/fr\/shop\/airbags-moto\/mab-v4\/#primaryimage\"},\"image\":{\"@id\":\"https:\/\/www.motoairbag.com\/fr\/shop\/airbags-moto\/mab-v4\/#primaryimage\"},\"thumbnailUrl\":\"https:\/\/www.motoairbag.com\/wp-content\/uploads\/2022\/06\/V4N_1rid.jpg\",\"datePublished\":\"2022-06-22T07:27:42+00:00\",\"dateModified\":\"2026-04-24T10:26:27+00:00\",\"breadcrumb\":{\"@id\":\"https:\/\/www.motoairbag.com\/fr\/shop\/airbags-moto\/mab-v4\/#breadcrumb\"},\"inLanguage\":\"fr-FR\",\"potentialAction\":[{\"@type\":\"ReadAction\",\"target\":[\"https:\/\/www.motoairbag.com\/fr\/shop\/airbags-moto\/mab-v4\/\"]}]},{\"@type\":\"ImageObject\",\"inLanguage\":\"fr-FR\",\"@id\":\"https:\/\/www.motoairbag.com\/fr\/shop\/airbags-moto\/mab-v4\/#primaryimage\",\"url\":\"https:\/\/www.motoairbag.com\/wp-content\/uploads\/2022\/06\/V4N_1rid.jpg\",\"contentUrl\":\"https:\/\/www.motoairbag.com\/wp-content\/uploads\/2022\/06\/V4N_1rid.jpg\",\"width\":1748,\"height\":1748},{\"@type\":\"BreadcrumbList\",\"@id\":\"https:\/\/www.motoairbag.com\/fr\/shop\/airbags-moto\/mab-v4\/#breadcrumb\",\"itemListElement\":[{\"@type\":\"ListItem\",\"position\":1,\"name\":\"Home\",\"item\":\"https:\/\/www.motoairbag.com\/fr\/\"},{\"@type\":\"ListItem\",\"position\":2,\"name\":\"Boutique\",\"item\":\"https:\/\/www.motoairbag.com\/fr\/boutique\/\"},{\"@type\":\"ListItem\",\"position\":3,\"name\":\"MAB v4\"}]},{\"@type\":\"WebSite\",\"@id\":\"https:\/\/www.motoairbag.com\/#website\",\"url\":\"https:\/\/www.motoairbag.com\/\",\"name\":\"Motoairbag - L&#039;airbag per i motociclisti\",\"description\":\"\",\"publisher\":{\"@id\":\"https:\/\/www.motoairbag.com\/#organization\"},\"potentialAction\":[{\"@type\":\"SearchAction\",\"target\":{\"@type\":\"EntryPoint\",\"urlTemplate\":\"https:\/\/www.motoairbag.com\/?s={search_term_string}\"},\"query-input\":{\"@type\":\"PropertyValueSpecification\",\"valueRequired\":true,\"valueName\":\"search_term_string\"}}],\"inLanguage\":\"fr-FR\"},{\"@type\":\"Organization\",\"@id\":\"https:\/\/www.motoairbag.com\/#organization\",\"name\":\"Motoairbag - L&#039;airbag per i motociclisti\",\"url\":\"https:\/\/www.motoairbag.com\/\",\"logo\":{\"@type\":\"ImageObject\",\"inLanguage\":\"fr-FR\",\"@id\":\"https:\/\/www.motoairbag.com\/#\/schema\/logo\/image\/\",\"url\":\"https:\/\/www.motoairbag.com\/wp-content\/uploads\/2022\/11\/logo-final.jpg\",\"contentUrl\":\"https:\/\/www.motoairbag.com\/wp-content\/uploads\/2022\/11\/logo-final.jpg\",\"width\":609,\"height\":80,\"caption\":\"Motoairbag - L&#039;airbag per i motociclisti\"},\"image\":{\"@id\":\"https:\/\/www.motoairbag.com\/#\/schema\/logo\/image\/\"}}]}<\/script>\n<!-- \/ Yoast SEO plugin. -->","yoast_head_json":{"title":"MAB v4 - Motoairbag - L&#039;airbag per i motociclisti","robots":{"index":"index","follow":"follow","max-snippet":"max-snippet:-1","max-image-preview":"max-image-preview:large","max-video-preview":"max-video-preview:-1"},"canonical":"https:\/\/www.motoairbag.com\/fr\/shop\/airbags-moto\/mab-v4\/","og_locale":"fr_FR","og_type":"article","og_title":"MAB v4 - Motoairbag - L&#039;airbag per i motociclisti","og_description":"MAB V4 est un dispositif airbag con\u00e7u pour garantir la protection maximale du motard en cas d'impact, gr\u00e2ce au double airbag (Dual Airbag System) offrant une couverture avant et arri\u00e8reIl int\u00e8gre le syst\u00e8me de d\u00e9tection d'accidents Fast Lock avec acc\u00e9l\u00e9rom\u00e8tre analogique, qui assure un d\u00e9clenchement rapide et fiable. Fast Lock doit \u00eatre connect\u00e9 \u00e0 la moto via les sangles sp\u00e9ciales incluses dans le colis, cr\u00e9ant le point d'attache \u00e0 la selle Il dispose d'une veste int\u00e9rieure int\u00e9gr\u00e9e et amovible, id\u00e9ale pour les saisons chaudes, \u00e9quip\u00e9e de protections rigides aux \u00e9paules et aux coudes de niveau 2 Le dispositif est rechargeable en achetant le kit de recharge Motoairbag appropri\u00e9, permettant sa r\u00e9utilisation apr\u00e8s d\u00e9clenchement. MAB V4 est fabriqu\u00e9 en polyester haute t\u00e9nacit\u00e9 et propos\u00e9 en gris\/fluo et noir\/fluo avec des inserts r\u00e9fl\u00e9chissants pour une visibilit\u00e9 optimale \u26a0\ufe0f Pensez \u00e0 d\u00e9connecter Fast Lock de la moto avant de descendre, afin d\u2019\u00e9viter l\u2019activation accidentelle d\u2019un ou des deux airbags en cas de force sur le c\u00e2ble sup\u00e9rieure \u00e0 15 kg.","og_url":"https:\/\/www.motoairbag.com\/fr\/shop\/airbags-moto\/mab-v4\/","og_site_name":"Motoairbag - L&#039;airbag per i motociclisti","article_modified_time":"2026-04-24T10:26:27+00:00","og_image":[{"width":1748,"height":1748,"url":"https:\/\/www.motoairbag.com\/wp-content\/uploads\/2022\/06\/V4N_1rid.jpg","type":"image\/jpeg"}],"twitter_card":"summary_large_image","twitter_misc":{"Dur\u00e9e de lecture estim\u00e9e":"3 minutes"},"schema":{"@context":"https:\/\/schema.org","@graph":[{"@type":"WebPage","@id":"https:\/\/www.motoairbag.com\/fr\/shop\/airbags-moto\/mab-v4\/","url":"https:\/\/www.motoairbag.com\/fr\/shop\/airbags-moto\/mab-v4\/","name":"MAB v4 - Motoairbag - L&#039;airbag per i motociclisti","isPartOf":{"@id":"https:\/\/www.motoairbag.com\/#website"},"primaryImageOfPage":{"@id":"https:\/\/www.motoairbag.com\/fr\/shop\/airbags-moto\/mab-v4\/#primaryimage"},"image":{"@id":"https:\/\/www.motoairbag.com\/fr\/shop\/airbags-moto\/mab-v4\/#primaryimage"},"thumbnailUrl":"https:\/\/www.motoairbag.com\/wp-content\/uploads\/2022\/06\/V4N_1rid.jpg","datePublished":"2022-06-22T07:27:42+00:00","dateModified":"2026-04-24T10:26:27+00:00","breadcrumb":{"@id":"https:\/\/www.motoairbag.com\/fr\/shop\/airbags-moto\/mab-v4\/#breadcrumb"},"inLanguage":"fr-FR","potentialAction":[{"@type":"ReadAction","target":["https:\/\/www.motoairbag.com\/fr\/shop\/airbags-moto\/mab-v4\/"]}]},{"@type":"ImageObject","inLanguage":"fr-FR","@id":"https:\/\/www.motoairbag.com\/fr\/shop\/airbags-moto\/mab-v4\/#primaryimage","url":"https:\/\/www.motoairbag.com\/wp-content\/uploads\/2022\/06\/V4N_1rid.jpg","contentUrl":"https:\/\/www.motoairbag.com\/wp-content\/uploads\/2022\/06\/V4N_1rid.jpg","width":1748,"height":1748},{"@type":"BreadcrumbList","@id":"https:\/\/www.motoairbag.com\/fr\/shop\/airbags-moto\/mab-v4\/#breadcrumb","itemListElement":[{"@type":"ListItem","position":1,"name":"Home","item":"https:\/\/www.motoairbag.com\/fr\/"},{"@type":"ListItem","position":2,"name":"Boutique","item":"https:\/\/www.motoairbag.com\/fr\/boutique\/"},{"@type":"ListItem","position":3,"name":"MAB v4"}]},{"@type":"WebSite","@id":"https:\/\/www.motoairbag.com\/#website","url":"https:\/\/www.motoairbag.com\/","name":"Motoairbag - L&#039;airbag per i motociclisti","description":"","publisher":{"@id":"https:\/\/www.motoairbag.com\/#organization"},"potentialAction":[{"@type":"SearchAction","target":{"@type":"EntryPoint","urlTemplate":"https:\/\/www.motoairbag.com\/?s={search_term_string}"},"query-input":{"@type":"PropertyValueSpecification","valueRequired":true,"valueName":"search_term_string"}}],"inLanguage":"fr-FR"},{"@type":"Organization","@id":"https:\/\/www.motoairbag.com\/#organization","name":"Motoairbag - L&#039;airbag per i motociclisti","url":"https:\/\/www.motoairbag.com\/","logo":{"@type":"ImageObject","inLanguage":"fr-FR","@id":"https:\/\/www.motoairbag.com\/#\/schema\/logo\/image\/","url":"https:\/\/www.motoairbag.com\/wp-content\/uploads\/2022\/11\/logo-final.jpg","contentUrl":"https:\/\/www.motoairbag.com\/wp-content\/uploads\/2022\/11\/logo-final.jpg","width":609,"height":80,"caption":"Motoairbag - L&#039;airbag per i motociclisti"},"image":{"@id":"https:\/\/www.motoairbag.com\/#\/schema\/logo\/image\/"}}]}},"_links":{"self":[{"href":"https:\/\/www.motoairbag.com\/fr\/wp-json\/wp\/v2\/product\/5167","targetHints":{"allow":["GET"]}}],"collection":[{"href":"https:\/\/www.motoairbag.com\/fr\/wp-json\/wp\/v2\/product"}],"about":[{"href":"https:\/\/www.motoairbag.com\/fr\/wp-json\/wp\/v2\/types\/product"}],"wp:featuredmedia":[{"embeddable":true,"href":"https:\/\/www.motoairbag.com\/fr\/wp-json\/wp\/v2\/media\/5354"}],"wp:attachment":[{"href":"https:\/\/www.motoairbag.com\/fr\/wp-json\/wp\/v2\/media?parent=5167"}],"wp:term":[{"taxonomy":"product_brand","embeddable":true,"href":"https:\/\/www.motoairbag.com\/fr\/wp-json\/wp\/v2\/product_brand?post=5167"},{"taxonomy":"product_cat","embeddable":true,"href":"https:\/\/www.motoairbag.com\/fr\/wp-json\/wp\/v2\/product_cat?post=5167"},{"taxonomy":"product_tag","embeddable":true,"href":"https:\/\/www.motoairbag.com\/fr\/wp-json\/wp\/v2\/product_tag?post=5167"}],"curies":[{"name":"wp","href":"https:\/\/api.w.org\/{rel}","templated":true}]}}