{"id":5065,"date":"2022-06-22T07:27:00","date_gmt":"2022-06-22T07:27:00","guid":{"rendered":"http:\/\/motoairbag.innovea.it\/shop\/non%20class\u00e9\/5065\/"},"modified":"2026-04-03T08:01:03","modified_gmt":"2026-04-03T08:01:03","slug":"city-airbag","status":"publish","type":"product","link":"https:\/\/www.motoairbag.com\/fr\/shop\/airbags-moto\/city-airbag\/","title":{"rendered":"City Airbag"},"content":{"rendered":"<p>[vc_row disable_background_image=\u00a0\u00bb\u00a0\u00bb][vc_column][vc_tta_accordion][vc_tta_section title=\u00a0\u00bb<\/p>\n<p>Caract\u00e9ristiques g\u00e9n\u00e9rales<\/p>\n<p>\u00a0\u00bb tab_id=\u00a0\u00bb1665647274320-421b536b-15c7&Prime;][vc_column_text]<\/p>\n<p>Sac \u00e0 dos Airbag pour PC, Tablette<br \/>\nEN1621-4 certifi\u00e9 comme AIRBAG pour motocyclistes<br \/>\nG\u00e2chette m\u00e9canique 100 % fiable<br \/>\nR\u00e9g\u00e9n\u00e9rable apr\u00e8s une activation<br \/>\nVolume de protection = 15 litres<br \/>\nAllumage via Fast Lock<br \/>\nInserts fluo et reflex<br \/>\nA porter par-dessus la veste<br \/>\nTaille unique<\/p>\n<p>[\/vc_column_text][\/vc_tta_section][vc_tta_section title=\u00a0\u00bb<\/p>\n<p>Sp\u00e9cifications techniques<\/p>\n<p>\u00a0\u00bb tab_id=\u00a0\u00bb1665647327764-f4d815c0-1938&Prime;][vc_column_text]<\/p>\n<p>Syst\u00e8me d&rsquo;airbag unique<br \/>\nAirbag arri\u00e8re pour une protection int\u00e9grale du dos, du sacrum et des cervicales. City (Urban) MAB est certifi\u00e9 AIRBAG EN1621\/4 FB Niveau 2. Force r\u00e9siduelle apr\u00e8s test d&rsquo;impact 1,4 kN (limite Niveau 1 AIRBAG= 4,5 kN ; limite Niveau 2 AIRBAG = 2,5kN)<br \/>\nTechnologie Fast Lock pour g\u00e9rer la reconnaissance des accidents de mani\u00e8re compl\u00e8te et fiable<br \/>\nTemps de gonflage de 80 millisecondes pour que le syst\u00e8me d&rsquo;airbag se gonfle<br \/>\nVolume total 15 litres airbag arri\u00e8re<br \/>\nPoids du syst\u00e8me airbag : 800 g airbag arri\u00e8re. Poids total 1,5 kg<br \/>\nR\u00e9utilisable : une fois le City (Urban) MAB activ\u00e9, il peut \u00eatre recharg\u00e9 par l&rsquo;utilisateur en quelques minutes, \u00e0 l&rsquo;aide du kit de recharge, apr\u00e8s un simple contr\u00f4le d\u00e9crit dans la notice<br \/>\nFabriqu\u00e9 en Cordura<br \/>\nDos en maille 3D<br \/>\nIl y a \u00e0 la fois la ceinture ventrale et des bretelles confortables \u00e9quip\u00e9es d&rsquo;une fermeture de poitrine r\u00e9glable pour maintenir le MAB toujours dans la bonne position, \u00e0 la fois lors de la conduite et en cas d&rsquo;activation<br \/>\nLe compartiment de chargement vous permet de loger un PC ou une tablette avec tout ce dont vous avez besoin pour une journ\u00e9e au bureau.<br \/>\nLe syst\u00e8me d&rsquo;airbag est \u00e9quip\u00e9 de valves pour le gonflage automatique : l&rsquo;\u00e9tat de protection du MAB dure environ 30 secondes puis se d\u00e9gonfle compl\u00e8tement en quelques minutes<br \/>\nIl y a une boutonni\u00e8re qui permet au Fast Lock de sortir du gilet. Fast Lock, apr\u00e8s avoir activ\u00e9 MAB, se lib\u00e8re et reste attach\u00e9 \u00e0 la selle<br \/>\nMAB est \u00e9quip\u00e9 d&rsquo;un syst\u00e8me d&rsquo;activation anti-accidentel : avant d&rsquo;activer le syst\u00e8me d&rsquo;airbag, il est n\u00e9cessaire de rallonger le c\u00e2ble, de surmonter la force de recul \u00e9lastique de Fast Lock et d&rsquo;appliquer une charge de 15 kg. Un petit autocollant est \u00e9galement ins\u00e9r\u00e9 \u00e0 poser sur le tableau de bord pour vous rappeler les premi\u00e8res utilisations<br \/>\nMAB vZero ressemble \u00e0 un sac \u00e0 dos et peut \u00eatre port\u00e9 sur n&rsquo;importe quel type de veste d&rsquo;hiver ou d&rsquo;\u00e9t\u00e9. Les bretelles sont tr\u00e8s confortables et surtout \u00e0 hauteur d&rsquo;\u00e9paule elles s&rsquo;int\u00e8grent bien avec les protections \u00e9paules pr\u00e9sentes dans les blousons moto.<\/p>\n<p>[\/vc_column_text][\/vc_tta_section][vc_tta_section title=\u00a0\u00bb<\/p>\n<p>Certificats de s\u00e9curit\u00e9<\/p>\n<p>\u00a0\u00bb tab_id=\u00a0\u00bb1665647393215-fcd34d4d-e657&Prime;][vc_column_text]<\/p>\n<p>Homologation AIRBAG<br \/>\nAirbag arri\u00e8re &#8211; Certifi\u00e9 AIRBAG EN1621\/4 Niveau 2 FB (Niveau maximum)<br \/>\nSyst\u00e8me de d\u00e9clenchement avec Fast Lock avec acc\u00e9l\u00e9rom\u00e8tre analogique<\/p>\n<p>[\/vc_column_text][\/vc_tta_section][\/vc_tta_accordion][\/vc_column][\/vc_row]<\/p>\n","protected":false},"excerpt":{"rendered":"<p>MAB City AIRBAG est un v\u00e9ritable sac \u00e0 dos pour transporter PC, tablette et documentation, \u00e9quip\u00e9 d&rsquo;airbags avec technologie Fast Lock. Sp\u00e9cialement con\u00e7u pour un usage urbain quotidien pour se rendre au travail en toute s\u00e9curit\u00e9. Couleur noire, design urbain. Fourni avec un anneau \u00e0 installer au niveau de la selle de la moto. L&rsquo;airbag est pr\u00eat \u00e0 l&#8217;emploi. R\u00e9utilisable. Taille unique<\/p>\n<p>Le dispositif est rechargeable en achetant le kit de recharge Motoairbag appropri\u00e9, permettant sa r\u00e9utilisation apr\u00e8s d\u00e9clenchement.<\/p>\n","protected":false},"featured_media":4845,"template":"","meta":[],"product_brand":[],"product_cat":[96],"product_tag":[],"class_list":{"0":"post-5065","1":"product","2":"type-product","3":"status-publish","4":"has-post-thumbnail","6":"product_cat-airbags-moto","8":"first","9":"instock","10":"taxable","11":"shipping-taxable","12":"purchasable","13":"product-type-simple"},"yoast_head":"<!-- This site is optimized with the Yoast SEO plugin v27.0 - https:\/\/yoast.com\/product\/yoast-seo-wordpress\/ -->\n<title>City Airbag - Motoairbag - L&#039;airbag per i motociclisti<\/title>\n<meta name=\"robots\" content=\"index, follow, max-snippet:-1, max-image-preview:large, max-video-preview:-1\" \/>\n<link rel=\"canonical\" href=\"https:\/\/www.motoairbag.com\/fr\/shop\/airbags-moto\/city-airbag\/\" \/>\n<meta property=\"og:locale\" content=\"fr_FR\" \/>\n<meta property=\"og:type\" content=\"article\" \/>\n<meta property=\"og:title\" content=\"City Airbag - Motoairbag - L&#039;airbag per i motociclisti\" \/>\n<meta property=\"og:description\" content=\"MAB City AIRBAG est un v\u00e9ritable sac \u00e0 dos pour transporter PC, tablette et documentation, \u00e9quip\u00e9 d&#039;airbags avec technologie Fast Lock. Sp\u00e9cialement con\u00e7u pour un usage urbain quotidien pour se rendre au travail en toute s\u00e9curit\u00e9. Couleur noire, design urbain. Fourni avec un anneau \u00e0 installer au niveau de la selle de la moto. L&#039;airbag est pr\u00eat \u00e0 l&#039;emploi. R\u00e9utilisable. Taille unique  Le dispositif est rechargeable en achetant le kit de recharge Motoairbag appropri\u00e9, permettant sa r\u00e9utilisation apr\u00e8s d\u00e9clenchement.\" \/>\n<meta property=\"og:url\" content=\"https:\/\/www.motoairbag.com\/fr\/shop\/airbags-moto\/city-airbag\/\" \/>\n<meta property=\"og:site_name\" content=\"Motoairbag - L&#039;airbag per i motociclisti\" \/>\n<meta property=\"article:modified_time\" content=\"2026-04-03T08:01:03+00:00\" \/>\n<meta property=\"og:image\" content=\"https:\/\/www.motoairbag.com\/wp-content\/uploads\/2022\/06\/za1-scaled.jpg\" \/>\n\t<meta property=\"og:image:width\" content=\"2560\" \/>\n\t<meta property=\"og:image:height\" content=\"2560\" \/>\n\t<meta property=\"og:image:type\" content=\"image\/jpeg\" \/>\n<meta name=\"twitter:card\" content=\"summary_large_image\" \/>\n<meta name=\"twitter:label1\" content=\"Dur\u00e9e de lecture estim\u00e9e\" \/>\n\t<meta name=\"twitter:data1\" content=\"3 minutes\" \/>\n<script type=\"application\/ld+json\" class=\"yoast-schema-graph\">{\"@context\":\"https:\/\/schema.org\",\"@graph\":[{\"@type\":\"WebPage\",\"@id\":\"https:\/\/www.motoairbag.com\/fr\/shop\/airbags-moto\/city-airbag\/\",\"url\":\"https:\/\/www.motoairbag.com\/fr\/shop\/airbags-moto\/city-airbag\/\",\"name\":\"City Airbag - Motoairbag - L&#039;airbag per i motociclisti\",\"isPartOf\":{\"@id\":\"https:\/\/www.motoairbag.com\/#website\"},\"primaryImageOfPage\":{\"@id\":\"https:\/\/www.motoairbag.com\/fr\/shop\/airbags-moto\/city-airbag\/#primaryimage\"},\"image\":{\"@id\":\"https:\/\/www.motoairbag.com\/fr\/shop\/airbags-moto\/city-airbag\/#primaryimage\"},\"thumbnailUrl\":\"https:\/\/www.motoairbag.com\/wp-content\/uploads\/2022\/06\/za1-scaled.jpg\",\"datePublished\":\"2022-06-22T07:27:00+00:00\",\"dateModified\":\"2026-04-03T08:01:03+00:00\",\"breadcrumb\":{\"@id\":\"https:\/\/www.motoairbag.com\/fr\/shop\/airbags-moto\/city-airbag\/#breadcrumb\"},\"inLanguage\":\"fr-FR\",\"potentialAction\":[{\"@type\":\"ReadAction\",\"target\":[\"https:\/\/www.motoairbag.com\/fr\/shop\/airbags-moto\/city-airbag\/\"]}]},{\"@type\":\"ImageObject\",\"inLanguage\":\"fr-FR\",\"@id\":\"https:\/\/www.motoairbag.com\/fr\/shop\/airbags-moto\/city-airbag\/#primaryimage\",\"url\":\"https:\/\/www.motoairbag.com\/wp-content\/uploads\/2022\/06\/za1-scaled.jpg\",\"contentUrl\":\"https:\/\/www.motoairbag.com\/wp-content\/uploads\/2022\/06\/za1-scaled.jpg\",\"width\":2560,\"height\":2560},{\"@type\":\"BreadcrumbList\",\"@id\":\"https:\/\/www.motoairbag.com\/fr\/shop\/airbags-moto\/city-airbag\/#breadcrumb\",\"itemListElement\":[{\"@type\":\"ListItem\",\"position\":1,\"name\":\"Home\",\"item\":\"https:\/\/www.motoairbag.com\/fr\/\"},{\"@type\":\"ListItem\",\"position\":2,\"name\":\"Boutique\",\"item\":\"https:\/\/www.motoairbag.com\/fr\/boutique\/\"},{\"@type\":\"ListItem\",\"position\":3,\"name\":\"City Airbag\"}]},{\"@type\":\"WebSite\",\"@id\":\"https:\/\/www.motoairbag.com\/#website\",\"url\":\"https:\/\/www.motoairbag.com\/\",\"name\":\"Motoairbag - L&#039;airbag per i motociclisti\",\"description\":\"\",\"publisher\":{\"@id\":\"https:\/\/www.motoairbag.com\/#organization\"},\"potentialAction\":[{\"@type\":\"SearchAction\",\"target\":{\"@type\":\"EntryPoint\",\"urlTemplate\":\"https:\/\/www.motoairbag.com\/?s={search_term_string}\"},\"query-input\":{\"@type\":\"PropertyValueSpecification\",\"valueRequired\":true,\"valueName\":\"search_term_string\"}}],\"inLanguage\":\"fr-FR\"},{\"@type\":\"Organization\",\"@id\":\"https:\/\/www.motoairbag.com\/#organization\",\"name\":\"Motoairbag - L&#039;airbag per i motociclisti\",\"url\":\"https:\/\/www.motoairbag.com\/\",\"logo\":{\"@type\":\"ImageObject\",\"inLanguage\":\"fr-FR\",\"@id\":\"https:\/\/www.motoairbag.com\/#\/schema\/logo\/image\/\",\"url\":\"https:\/\/www.motoairbag.com\/wp-content\/uploads\/2022\/11\/logo-final.jpg\",\"contentUrl\":\"https:\/\/www.motoairbag.com\/wp-content\/uploads\/2022\/11\/logo-final.jpg\",\"width\":609,\"height\":80,\"caption\":\"Motoairbag - L&#039;airbag per i motociclisti\"},\"image\":{\"@id\":\"https:\/\/www.motoairbag.com\/#\/schema\/logo\/image\/\"}}]}<\/script>\n<!-- \/ Yoast SEO plugin. -->","yoast_head_json":{"title":"City Airbag - Motoairbag - L&#039;airbag per i motociclisti","robots":{"index":"index","follow":"follow","max-snippet":"max-snippet:-1","max-image-preview":"max-image-preview:large","max-video-preview":"max-video-preview:-1"},"canonical":"https:\/\/www.motoairbag.com\/fr\/shop\/airbags-moto\/city-airbag\/","og_locale":"fr_FR","og_type":"article","og_title":"City Airbag - Motoairbag - L&#039;airbag per i motociclisti","og_description":"MAB City AIRBAG est un v\u00e9ritable sac \u00e0 dos pour transporter PC, tablette et documentation, \u00e9quip\u00e9 d'airbags avec technologie Fast Lock. Sp\u00e9cialement con\u00e7u pour un usage urbain quotidien pour se rendre au travail en toute s\u00e9curit\u00e9. Couleur noire, design urbain. Fourni avec un anneau \u00e0 installer au niveau de la selle de la moto. L'airbag est pr\u00eat \u00e0 l'emploi. R\u00e9utilisable. Taille unique  Le dispositif est rechargeable en achetant le kit de recharge Motoairbag appropri\u00e9, permettant sa r\u00e9utilisation apr\u00e8s d\u00e9clenchement.","og_url":"https:\/\/www.motoairbag.com\/fr\/shop\/airbags-moto\/city-airbag\/","og_site_name":"Motoairbag - L&#039;airbag per i motociclisti","article_modified_time":"2026-04-03T08:01:03+00:00","og_image":[{"width":2560,"height":2560,"url":"https:\/\/www.motoairbag.com\/wp-content\/uploads\/2022\/06\/za1-scaled.jpg","type":"image\/jpeg"}],"twitter_card":"summary_large_image","twitter_misc":{"Dur\u00e9e de lecture estim\u00e9e":"3 minutes"},"schema":{"@context":"https:\/\/schema.org","@graph":[{"@type":"WebPage","@id":"https:\/\/www.motoairbag.com\/fr\/shop\/airbags-moto\/city-airbag\/","url":"https:\/\/www.motoairbag.com\/fr\/shop\/airbags-moto\/city-airbag\/","name":"City Airbag - Motoairbag - L&#039;airbag per i motociclisti","isPartOf":{"@id":"https:\/\/www.motoairbag.com\/#website"},"primaryImageOfPage":{"@id":"https:\/\/www.motoairbag.com\/fr\/shop\/airbags-moto\/city-airbag\/#primaryimage"},"image":{"@id":"https:\/\/www.motoairbag.com\/fr\/shop\/airbags-moto\/city-airbag\/#primaryimage"},"thumbnailUrl":"https:\/\/www.motoairbag.com\/wp-content\/uploads\/2022\/06\/za1-scaled.jpg","datePublished":"2022-06-22T07:27:00+00:00","dateModified":"2026-04-03T08:01:03+00:00","breadcrumb":{"@id":"https:\/\/www.motoairbag.com\/fr\/shop\/airbags-moto\/city-airbag\/#breadcrumb"},"inLanguage":"fr-FR","potentialAction":[{"@type":"ReadAction","target":["https:\/\/www.motoairbag.com\/fr\/shop\/airbags-moto\/city-airbag\/"]}]},{"@type":"ImageObject","inLanguage":"fr-FR","@id":"https:\/\/www.motoairbag.com\/fr\/shop\/airbags-moto\/city-airbag\/#primaryimage","url":"https:\/\/www.motoairbag.com\/wp-content\/uploads\/2022\/06\/za1-scaled.jpg","contentUrl":"https:\/\/www.motoairbag.com\/wp-content\/uploads\/2022\/06\/za1-scaled.jpg","width":2560,"height":2560},{"@type":"BreadcrumbList","@id":"https:\/\/www.motoairbag.com\/fr\/shop\/airbags-moto\/city-airbag\/#breadcrumb","itemListElement":[{"@type":"ListItem","position":1,"name":"Home","item":"https:\/\/www.motoairbag.com\/fr\/"},{"@type":"ListItem","position":2,"name":"Boutique","item":"https:\/\/www.motoairbag.com\/fr\/boutique\/"},{"@type":"ListItem","position":3,"name":"City Airbag"}]},{"@type":"WebSite","@id":"https:\/\/www.motoairbag.com\/#website","url":"https:\/\/www.motoairbag.com\/","name":"Motoairbag - L&#039;airbag per i motociclisti","description":"","publisher":{"@id":"https:\/\/www.motoairbag.com\/#organization"},"potentialAction":[{"@type":"SearchAction","target":{"@type":"EntryPoint","urlTemplate":"https:\/\/www.motoairbag.com\/?s={search_term_string}"},"query-input":{"@type":"PropertyValueSpecification","valueRequired":true,"valueName":"search_term_string"}}],"inLanguage":"fr-FR"},{"@type":"Organization","@id":"https:\/\/www.motoairbag.com\/#organization","name":"Motoairbag - L&#039;airbag per i motociclisti","url":"https:\/\/www.motoairbag.com\/","logo":{"@type":"ImageObject","inLanguage":"fr-FR","@id":"https:\/\/www.motoairbag.com\/#\/schema\/logo\/image\/","url":"https:\/\/www.motoairbag.com\/wp-content\/uploads\/2022\/11\/logo-final.jpg","contentUrl":"https:\/\/www.motoairbag.com\/wp-content\/uploads\/2022\/11\/logo-final.jpg","width":609,"height":80,"caption":"Motoairbag - L&#039;airbag per i motociclisti"},"image":{"@id":"https:\/\/www.motoairbag.com\/#\/schema\/logo\/image\/"}}]}},"_links":{"self":[{"href":"https:\/\/www.motoairbag.com\/fr\/wp-json\/wp\/v2\/product\/5065","targetHints":{"allow":["GET"]}}],"collection":[{"href":"https:\/\/www.motoairbag.com\/fr\/wp-json\/wp\/v2\/product"}],"about":[{"href":"https:\/\/www.motoairbag.com\/fr\/wp-json\/wp\/v2\/types\/product"}],"wp:featuredmedia":[{"embeddable":true,"href":"https:\/\/www.motoairbag.com\/fr\/wp-json\/wp\/v2\/media\/4845"}],"wp:attachment":[{"href":"https:\/\/www.motoairbag.com\/fr\/wp-json\/wp\/v2\/media?parent=5065"}],"wp:term":[{"taxonomy":"product_brand","embeddable":true,"href":"https:\/\/www.motoairbag.com\/fr\/wp-json\/wp\/v2\/product_brand?post=5065"},{"taxonomy":"product_cat","embeddable":true,"href":"https:\/\/www.motoairbag.com\/fr\/wp-json\/wp\/v2\/product_cat?post=5065"},{"taxonomy":"product_tag","embeddable":true,"href":"https:\/\/www.motoairbag.com\/fr\/wp-json\/wp\/v2\/product_tag?post=5065"}],"curies":[{"name":"wp","href":"https:\/\/api.w.org\/{rel}","templated":true}]}}