{"id":5061,"date":"2022-06-22T07:29:12","date_gmt":"2022-06-22T07:29:12","guid":{"rendered":"http:\/\/motoairbag.innovea.it\/shop\/non%20class\u00e9\/5061\/"},"modified":"2026-04-03T08:00:18","modified_gmt":"2026-04-03T08:00:18","slug":"mab-vzero","status":"publish","type":"product","link":"https:\/\/www.motoairbag.com\/fr\/shop\/airbags-moto\/mab-vzero\/","title":{"rendered":"MAB vZero Plus"},"content":{"rendered":"<ul>\n<li style=\"list-style-type: none;\">\n<ul>\n<li>[vc_row disable_background_image=\u00a0\u00bb\u00a0\u00bb][vc_column][vc_tta_accordion][vc_tta_section title=\u00a0\u00bbCaract\u00e9ristiques g\u00e9n\u00e9rales\u00a0\u00bb tab_id=\u00a0\u00bb1665647274320-421b536b-15c7&Prime;][vc_column_text]<br \/>\nEN1621-4 certifi\u00e9 comme AIRBAG pour motocyclistes<br \/>\nG\u00e2chette m\u00e9canique 100 % fiable<br \/>\nR\u00e9g\u00e9n\u00e9rable apr\u00e8s une activation<br \/>\nVolume de protection = 15 litres<br \/>\nAllumage via Fast Lock<br \/>\nInserts fluo et reflex<br \/>\nA porter par-dessus la veste<br \/>\nTaille unique<br \/>\n[\/vc_column_text][\/vc_tta_section][vc_tta_section title=\u00a0\u00bbSp\u00e9cifications techniques\u00a0\u00bb tab_id=\u00a0\u00bb1665647327764-f4d815c0-1938&Prime;][vc_column_text]<br \/>\nSyst\u00e8me d&rsquo;airbag unique<br \/>\nAirbag arri\u00e8re pour une protection int\u00e9grale du dos, du sacrum et des cervicales. MAB vZero est certifi\u00e9 AIRBAG EN1621\/4 FB niveau 2. Force r\u00e9siduelle apr\u00e8s test d&rsquo;impact 1,4 kN (AIRBAG niveau limite 1 = 4,5 kN ; AIRBAG niveau 2 limite = 2,5 kN)<br \/>\nTechnologie Fast Lock pour g\u00e9rer la reconnaissance des accidents de mani\u00e8re compl\u00e8te et fiable<br \/>\nTemps de gonflage de 80 millisecondes pour que le syst\u00e8me d&rsquo;airbag se gonfle<br \/>\nVolume total 15 litres airbag arri\u00e8re<br \/>\nPoids du syst\u00e8me airbag : 800 g airbag arri\u00e8re. Poids total 1,3 kg<br \/>\nR\u00e9utilisable : une fois MAB activ\u00e9, il peut \u00eatre recharg\u00e9 par l&rsquo;utilisateur en quelques minutes, \u00e0 l&rsquo;aide du kit de recharge, apr\u00e8s un simple contr\u00f4le d\u00e9crit dans la notice<br \/>\nLavable<br \/>\nFabriqu\u00e9 en Cordura<br \/>\nLa partie interne est en mat\u00e9riau 3D qui permet \u00e0 l&rsquo;air de passer \u00e0 travers les cavit\u00e9s<br \/>\nIl y a des inserts fluorescents et des parties r\u00e9fl\u00e9chissantes pour augmenter le degr\u00e9 de visibilit\u00e9 du gilet<br \/>\nLes bretelles et la ceinture sont \u00e9quip\u00e9es d&rsquo;une fermeture pour maintenir le MAB toujours dans la bonne position, \u00e0 la fois lors de la conduite et en cas d&rsquo;activation<br \/>\nSur le c\u00f4t\u00e9, il y a un soufflet cach\u00e9 qui se dilate en cas d&rsquo;activation \u00e0 la fois pour permettre au syst\u00e8me d&rsquo;airbag de se d\u00e9ployer correctement et pour s&rsquo;assurer que le pilote n&rsquo;est pas opprim\u00e9 par le syst\u00e8me d&rsquo;airbag : avec l&rsquo;airbag gonfl\u00e9, il est toujours possible de continuer \u00e0 conduire, arr\u00eater de bouger, tourner la t\u00eate pour regarder autour de soi, respirer normalement<br \/>\nLe syst\u00e8me d&rsquo;airbag est \u00e9quip\u00e9 de valves pour le gonflage automatique : l&rsquo;\u00e9tat de protection du MAB dure environ 30 secondes puis se d\u00e9gonfle compl\u00e8tement en quelques minutes<br \/>\nIl y a une boutonni\u00e8re qui permet au Fast Lock de sortir du gilet. Fast Lock, apr\u00e8s avoir activ\u00e9 MAB, se lib\u00e8re et reste attach\u00e9 \u00e0 la selle<br \/>\nMAB est \u00e9quip\u00e9 d&rsquo;un syst\u00e8me d&rsquo;activation anti-accidentel : avant d&rsquo;activer le syst\u00e8me d&rsquo;airbag, il est n\u00e9cessaire de rallonger le c\u00e2ble, de surmonter la force de recul \u00e9lastique de Fast Lock et d&rsquo;appliquer une charge de 15 kg. Un petit autocollant est \u00e9galement ins\u00e9r\u00e9 \u00e0 poser sur le tableau de bord pour vous rappeler les premi\u00e8res utilisations<br \/>\nMAB vZero ressemble \u00e0 un sac \u00e0 dos et peut \u00eatre port\u00e9 sur n&rsquo;importe quel type de veste d&rsquo;hiver ou d&rsquo;\u00e9t\u00e9. Les bretelles sont tr\u00e8s confortables et surtout \u00e0 hauteur d&rsquo;\u00e9paule elles s&rsquo;int\u00e8grent bien avec les protections \u00e9paules pr\u00e9sentes dans les blousons moto.<br \/>\nFast Lock est compatible avec le blocage rapide miniaturis\u00e9 Mini Frog<br \/>\n[\/vc_column_text][\/vc_tta_section][vc_tta_section title=\u00a0\u00bbCertificats de s\u00e9curit\u00e9\u00a0\u00bb tab_id=\u00a0\u00bb1665647393215-fcd34d4d-e657&Prime;][vc_column_text]<br \/>\nHomologation AIRBAG<br \/>\nAirbag arri\u00e8re &#8211; Certifi\u00e9 AIRBAG EN1621\/4 Niveau 2 FB (Niveau maximum)<br \/>\nSyst\u00e8me de d\u00e9clenchement avec Fast Lock avec acc\u00e9l\u00e9rom\u00e8tre analogique<br \/>\n[\/vc_column_text][\/vc_tta_section][\/vc_tta_accordion][\/vc_column][\/vc_row]<\/li>\n<\/ul>\n<\/li>\n<\/ul>\n","protected":false},"excerpt":{"rendered":"<p>Sac \u00e0 dos airbag \u00e9quip\u00e9 d&rsquo;un seul dispositif airbag avec technologie Fast Lock \u00e0 porter par-dessus la veste, taille unique, fabriqu\u00e9 en cordura. Couleur Fluo\/Rouge avec inserts reflex. Fourni avec un anneau pour la connexion \u00e0 la selle de la moto. L&rsquo;airbag est pr\u00eat \u00e0 l&#8217;emploi. R\u00e9utilisable<\/p>\n<p>Le dispositif est rechargeable en achetant le kit de recharge Motoairbag appropri\u00e9, permettant sa r\u00e9utilisation apr\u00e8s d\u00e9clenchement.<\/p>\n","protected":false},"featured_media":10535,"template":"","meta":[],"product_brand":[],"product_cat":[96],"product_tag":[],"class_list":{"0":"post-5061","1":"product","2":"type-product","3":"status-publish","4":"has-post-thumbnail","6":"product_cat-airbags-moto","8":"first","9":"instock","10":"taxable","11":"shipping-taxable","12":"purchasable","13":"product-type-variable"},"yoast_head":"<!-- This site is optimized with the Yoast SEO plugin v27.0 - https:\/\/yoast.com\/product\/yoast-seo-wordpress\/ -->\n<title>MAB vZero Plus - Motoairbag - L&#039;airbag per i motociclisti<\/title>\n<meta name=\"robots\" content=\"index, follow, max-snippet:-1, max-image-preview:large, max-video-preview:-1\" \/>\n<link rel=\"canonical\" href=\"https:\/\/www.motoairbag.com\/fr\/shop\/airbags-moto\/mab-vzero\/\" \/>\n<meta property=\"og:locale\" content=\"fr_FR\" \/>\n<meta property=\"og:type\" content=\"article\" \/>\n<meta property=\"og:title\" content=\"MAB vZero Plus - Motoairbag - L&#039;airbag per i motociclisti\" \/>\n<meta property=\"og:description\" content=\"Sac \u00e0 dos airbag \u00e9quip\u00e9 d&#039;un seul dispositif airbag avec technologie Fast Lock \u00e0 porter par-dessus la veste, taille unique, fabriqu\u00e9 en cordura. Couleur Fluo\/Rouge avec inserts reflex. Fourni avec un anneau pour la connexion \u00e0 la selle de la moto. L&#039;airbag est pr\u00eat \u00e0 l&#039;emploi. R\u00e9utilisable  Le dispositif est rechargeable en achetant le kit de recharge Motoairbag appropri\u00e9, permettant sa r\u00e9utilisation apr\u00e8s d\u00e9clenchement.\" \/>\n<meta property=\"og:url\" content=\"https:\/\/www.motoairbag.com\/fr\/shop\/airbags-moto\/mab-vzero\/\" \/>\n<meta property=\"og:site_name\" content=\"Motoairbag - L&#039;airbag per i motociclisti\" \/>\n<meta property=\"article:modified_time\" content=\"2026-04-03T08:00:18+00:00\" \/>\n<meta property=\"og:image\" content=\"https:\/\/www.motoairbag.com\/wp-content\/uploads\/2022\/06\/HOME-B1-c-MABvZERO-red-fastlock-fronte-retro-2.png\" \/>\n\t<meta property=\"og:image:width\" content=\"1080\" \/>\n\t<meta property=\"og:image:height\" content=\"1080\" \/>\n\t<meta property=\"og:image:type\" content=\"image\/png\" \/>\n<meta name=\"twitter:card\" content=\"summary_large_image\" \/>\n<meta name=\"twitter:label1\" content=\"Dur\u00e9e de lecture estim\u00e9e\" \/>\n\t<meta name=\"twitter:data1\" content=\"3 minutes\" \/>\n<script type=\"application\/ld+json\" class=\"yoast-schema-graph\">{\"@context\":\"https:\/\/schema.org\",\"@graph\":[{\"@type\":\"WebPage\",\"@id\":\"https:\/\/www.motoairbag.com\/fr\/shop\/airbags-moto\/mab-vzero\/\",\"url\":\"https:\/\/www.motoairbag.com\/fr\/shop\/airbags-moto\/mab-vzero\/\",\"name\":\"MAB vZero Plus - Motoairbag - L&#039;airbag per i motociclisti\",\"isPartOf\":{\"@id\":\"https:\/\/www.motoairbag.com\/#website\"},\"primaryImageOfPage\":{\"@id\":\"https:\/\/www.motoairbag.com\/fr\/shop\/airbags-moto\/mab-vzero\/#primaryimage\"},\"image\":{\"@id\":\"https:\/\/www.motoairbag.com\/fr\/shop\/airbags-moto\/mab-vzero\/#primaryimage\"},\"thumbnailUrl\":\"https:\/\/www.motoairbag.com\/wp-content\/uploads\/2022\/06\/HOME-B1-c-MABvZERO-red-fastlock-fronte-retro-2.png\",\"datePublished\":\"2022-06-22T07:29:12+00:00\",\"dateModified\":\"2026-04-03T08:00:18+00:00\",\"breadcrumb\":{\"@id\":\"https:\/\/www.motoairbag.com\/fr\/shop\/airbags-moto\/mab-vzero\/#breadcrumb\"},\"inLanguage\":\"fr-FR\",\"potentialAction\":[{\"@type\":\"ReadAction\",\"target\":[\"https:\/\/www.motoairbag.com\/fr\/shop\/airbags-moto\/mab-vzero\/\"]}]},{\"@type\":\"ImageObject\",\"inLanguage\":\"fr-FR\",\"@id\":\"https:\/\/www.motoairbag.com\/fr\/shop\/airbags-moto\/mab-vzero\/#primaryimage\",\"url\":\"https:\/\/www.motoairbag.com\/wp-content\/uploads\/2022\/06\/HOME-B1-c-MABvZERO-red-fastlock-fronte-retro-2.png\",\"contentUrl\":\"https:\/\/www.motoairbag.com\/wp-content\/uploads\/2022\/06\/HOME-B1-c-MABvZERO-red-fastlock-fronte-retro-2.png\",\"width\":1080,\"height\":1080},{\"@type\":\"BreadcrumbList\",\"@id\":\"https:\/\/www.motoairbag.com\/fr\/shop\/airbags-moto\/mab-vzero\/#breadcrumb\",\"itemListElement\":[{\"@type\":\"ListItem\",\"position\":1,\"name\":\"Home\",\"item\":\"https:\/\/www.motoairbag.com\/fr\/\"},{\"@type\":\"ListItem\",\"position\":2,\"name\":\"Boutique\",\"item\":\"https:\/\/www.motoairbag.com\/fr\/boutique\/\"},{\"@type\":\"ListItem\",\"position\":3,\"name\":\"MAB vZero Plus\"}]},{\"@type\":\"WebSite\",\"@id\":\"https:\/\/www.motoairbag.com\/#website\",\"url\":\"https:\/\/www.motoairbag.com\/\",\"name\":\"Motoairbag - L&#039;airbag per i motociclisti\",\"description\":\"\",\"publisher\":{\"@id\":\"https:\/\/www.motoairbag.com\/#organization\"},\"potentialAction\":[{\"@type\":\"SearchAction\",\"target\":{\"@type\":\"EntryPoint\",\"urlTemplate\":\"https:\/\/www.motoairbag.com\/?s={search_term_string}\"},\"query-input\":{\"@type\":\"PropertyValueSpecification\",\"valueRequired\":true,\"valueName\":\"search_term_string\"}}],\"inLanguage\":\"fr-FR\"},{\"@type\":\"Organization\",\"@id\":\"https:\/\/www.motoairbag.com\/#organization\",\"name\":\"Motoairbag - L&#039;airbag per i motociclisti\",\"url\":\"https:\/\/www.motoairbag.com\/\",\"logo\":{\"@type\":\"ImageObject\",\"inLanguage\":\"fr-FR\",\"@id\":\"https:\/\/www.motoairbag.com\/#\/schema\/logo\/image\/\",\"url\":\"https:\/\/www.motoairbag.com\/wp-content\/uploads\/2022\/11\/logo-final.jpg\",\"contentUrl\":\"https:\/\/www.motoairbag.com\/wp-content\/uploads\/2022\/11\/logo-final.jpg\",\"width\":609,\"height\":80,\"caption\":\"Motoairbag - L&#039;airbag per i motociclisti\"},\"image\":{\"@id\":\"https:\/\/www.motoairbag.com\/#\/schema\/logo\/image\/\"}}]}<\/script>\n<!-- \/ Yoast SEO plugin. -->","yoast_head_json":{"title":"MAB vZero Plus - Motoairbag - L&#039;airbag per i motociclisti","robots":{"index":"index","follow":"follow","max-snippet":"max-snippet:-1","max-image-preview":"max-image-preview:large","max-video-preview":"max-video-preview:-1"},"canonical":"https:\/\/www.motoairbag.com\/fr\/shop\/airbags-moto\/mab-vzero\/","og_locale":"fr_FR","og_type":"article","og_title":"MAB vZero Plus - Motoairbag - L&#039;airbag per i motociclisti","og_description":"Sac \u00e0 dos airbag \u00e9quip\u00e9 d'un seul dispositif airbag avec technologie Fast Lock \u00e0 porter par-dessus la veste, taille unique, fabriqu\u00e9 en cordura. Couleur Fluo\/Rouge avec inserts reflex. Fourni avec un anneau pour la connexion \u00e0 la selle de la moto. L'airbag est pr\u00eat \u00e0 l'emploi. R\u00e9utilisable  Le dispositif est rechargeable en achetant le kit de recharge Motoairbag appropri\u00e9, permettant sa r\u00e9utilisation apr\u00e8s d\u00e9clenchement.","og_url":"https:\/\/www.motoairbag.com\/fr\/shop\/airbags-moto\/mab-vzero\/","og_site_name":"Motoairbag - L&#039;airbag per i motociclisti","article_modified_time":"2026-04-03T08:00:18+00:00","og_image":[{"width":1080,"height":1080,"url":"https:\/\/www.motoairbag.com\/wp-content\/uploads\/2022\/06\/HOME-B1-c-MABvZERO-red-fastlock-fronte-retro-2.png","type":"image\/png"}],"twitter_card":"summary_large_image","twitter_misc":{"Dur\u00e9e de lecture estim\u00e9e":"3 minutes"},"schema":{"@context":"https:\/\/schema.org","@graph":[{"@type":"WebPage","@id":"https:\/\/www.motoairbag.com\/fr\/shop\/airbags-moto\/mab-vzero\/","url":"https:\/\/www.motoairbag.com\/fr\/shop\/airbags-moto\/mab-vzero\/","name":"MAB vZero Plus - Motoairbag - L&#039;airbag per i motociclisti","isPartOf":{"@id":"https:\/\/www.motoairbag.com\/#website"},"primaryImageOfPage":{"@id":"https:\/\/www.motoairbag.com\/fr\/shop\/airbags-moto\/mab-vzero\/#primaryimage"},"image":{"@id":"https:\/\/www.motoairbag.com\/fr\/shop\/airbags-moto\/mab-vzero\/#primaryimage"},"thumbnailUrl":"https:\/\/www.motoairbag.com\/wp-content\/uploads\/2022\/06\/HOME-B1-c-MABvZERO-red-fastlock-fronte-retro-2.png","datePublished":"2022-06-22T07:29:12+00:00","dateModified":"2026-04-03T08:00:18+00:00","breadcrumb":{"@id":"https:\/\/www.motoairbag.com\/fr\/shop\/airbags-moto\/mab-vzero\/#breadcrumb"},"inLanguage":"fr-FR","potentialAction":[{"@type":"ReadAction","target":["https:\/\/www.motoairbag.com\/fr\/shop\/airbags-moto\/mab-vzero\/"]}]},{"@type":"ImageObject","inLanguage":"fr-FR","@id":"https:\/\/www.motoairbag.com\/fr\/shop\/airbags-moto\/mab-vzero\/#primaryimage","url":"https:\/\/www.motoairbag.com\/wp-content\/uploads\/2022\/06\/HOME-B1-c-MABvZERO-red-fastlock-fronte-retro-2.png","contentUrl":"https:\/\/www.motoairbag.com\/wp-content\/uploads\/2022\/06\/HOME-B1-c-MABvZERO-red-fastlock-fronte-retro-2.png","width":1080,"height":1080},{"@type":"BreadcrumbList","@id":"https:\/\/www.motoairbag.com\/fr\/shop\/airbags-moto\/mab-vzero\/#breadcrumb","itemListElement":[{"@type":"ListItem","position":1,"name":"Home","item":"https:\/\/www.motoairbag.com\/fr\/"},{"@type":"ListItem","position":2,"name":"Boutique","item":"https:\/\/www.motoairbag.com\/fr\/boutique\/"},{"@type":"ListItem","position":3,"name":"MAB vZero Plus"}]},{"@type":"WebSite","@id":"https:\/\/www.motoairbag.com\/#website","url":"https:\/\/www.motoairbag.com\/","name":"Motoairbag - L&#039;airbag per i motociclisti","description":"","publisher":{"@id":"https:\/\/www.motoairbag.com\/#organization"},"potentialAction":[{"@type":"SearchAction","target":{"@type":"EntryPoint","urlTemplate":"https:\/\/www.motoairbag.com\/?s={search_term_string}"},"query-input":{"@type":"PropertyValueSpecification","valueRequired":true,"valueName":"search_term_string"}}],"inLanguage":"fr-FR"},{"@type":"Organization","@id":"https:\/\/www.motoairbag.com\/#organization","name":"Motoairbag - L&#039;airbag per i motociclisti","url":"https:\/\/www.motoairbag.com\/","logo":{"@type":"ImageObject","inLanguage":"fr-FR","@id":"https:\/\/www.motoairbag.com\/#\/schema\/logo\/image\/","url":"https:\/\/www.motoairbag.com\/wp-content\/uploads\/2022\/11\/logo-final.jpg","contentUrl":"https:\/\/www.motoairbag.com\/wp-content\/uploads\/2022\/11\/logo-final.jpg","width":609,"height":80,"caption":"Motoairbag - L&#039;airbag per i motociclisti"},"image":{"@id":"https:\/\/www.motoairbag.com\/#\/schema\/logo\/image\/"}}]}},"_links":{"self":[{"href":"https:\/\/www.motoairbag.com\/fr\/wp-json\/wp\/v2\/product\/5061","targetHints":{"allow":["GET"]}}],"collection":[{"href":"https:\/\/www.motoairbag.com\/fr\/wp-json\/wp\/v2\/product"}],"about":[{"href":"https:\/\/www.motoairbag.com\/fr\/wp-json\/wp\/v2\/types\/product"}],"wp:featuredmedia":[{"embeddable":true,"href":"https:\/\/www.motoairbag.com\/fr\/wp-json\/wp\/v2\/media\/10535"}],"wp:attachment":[{"href":"https:\/\/www.motoairbag.com\/fr\/wp-json\/wp\/v2\/media?parent=5061"}],"wp:term":[{"taxonomy":"product_brand","embeddable":true,"href":"https:\/\/www.motoairbag.com\/fr\/wp-json\/wp\/v2\/product_brand?post=5061"},{"taxonomy":"product_cat","embeddable":true,"href":"https:\/\/www.motoairbag.com\/fr\/wp-json\/wp\/v2\/product_cat?post=5061"},{"taxonomy":"product_tag","embeddable":true,"href":"https:\/\/www.motoairbag.com\/fr\/wp-json\/wp\/v2\/product_tag?post=5061"}],"curies":[{"name":"wp","href":"https:\/\/api.w.org\/{rel}","templated":true}]}}