{"id":8963,"date":"2024-05-14T07:45:49","date_gmt":"2024-05-14T07:45:49","guid":{"rendered":"https:\/\/www.motoairbag.com\/shop\/unkategorisiert\/cover-fluo-mab\/"},"modified":"2025-11-14T11:47:43","modified_gmt":"2025-11-14T11:47:43","slug":"cover-fluo-mab","status":"publish","type":"product","link":"https:\/\/www.motoairbag.com\/de\/shop\/zubehor-und-nachfullpackungen\/cover-fluo-mab\/","title":{"rendered":"COVER FLUO MAB"},"content":{"rendered":"<p data-start=\"0\" data-end=\"138\">Es verf\u00fcgt \u00fcber <strong data-start=\"16\" data-end=\"58\">zwei gro\u00dfe und praktische Fronttaschen<\/strong>, ideal, um kleine Gegenst\u00e4nde oder Dokumente stets griffbereit aufzubewahren.<\/p>\n<p data-start=\"140\" data-end=\"282\">Es wird in einer <strong data-start=\"157\" data-end=\"182\">eleganten Stofftasche<\/strong> geliefert, leicht zu transportieren und perfekt, um es immer griffbereit zu haben, einsatzbereit.<\/p>\n<p data-start=\"284\" data-end=\"493\">Es besitzt <strong data-start=\"295\" data-end=\"340\">Velcro-Klettverschl\u00fcsse auf der R\u00fcckseite<\/strong>, die sich bei der Aktivierung \u00f6ffnen, und <strong data-start=\"383\" data-end=\"410\">elastische Seitenb\u00e4nder<\/strong>, die es dem Airbag erm\u00f6glichen, sich frei auszudehnen, ohne behindert zu werden.<\/p>\n<p data-start=\"495\" data-end=\"539\">Erh\u00e4ltlich in allen Gr\u00f6\u00dfen von XS bis 3XL.<\/p>\n<p data-start=\"541\" data-end=\"737\" data-is-last-node=\"\" data-is-only-node=\"\">Kompatibel mit den <strong data-start=\"560\" data-end=\"574\">MOTOAIRBAG<\/strong>-Modellen: M1 (mit ge\u00f6ffneten seitlichen Rei\u00dfverschl\u00fcssen der Cover Fluo), V2.0, V3, V4 und V4 MODULAR, f\u00fcr einen sicheren und vielseitigen Schutz bei jeder Fahrt.<\/p>\n<p>&nbsp;<\/p>\n","protected":false},"excerpt":{"rendered":"<p data-start=\"0\" data-end=\"176\">Gilet <strong data-start=\"6\" data-end=\"20\">Cover Fluo<\/strong> mit hoher Sichtbarkeit, hergestellt aus fluoreszierendem Stoff mit <strong data-start=\"88\" data-end=\"117\">reflektierenden Eins\u00e4tzen<\/strong>, um maximale Sicherheit auf der Stra\u00dfe zu gew\u00e4hrleisten.<\/p>\n<p data-start=\"178\" data-end=\"276\">Es ist das ideale Zubeh\u00f6r f\u00fcr Motorradfahrer, besonders in der D\u00e4mmerung, nachts oder bei Nebel.<\/p>\n<p data-start=\"278\" data-end=\"494\">Die reflektierenden Streifen, an den am st\u00e4rksten exponierten Stellen des K\u00f6rpers angebracht, <strong data-start=\"372\" data-end=\"416\">reflektieren das Licht von Scheinwerfern<\/strong> und machen den Motorradfahrer auch aus gro\u00dfer Entfernung deutlich sichtbar.<\/p>\n<p data-start=\"496\" data-end=\"576\" data-is-last-node=\"\" data-is-only-node=\"\">Der leichte und atmungsaktive Stoff sorgt f\u00fcr <strong data-start=\"542\" data-end=\"575\">Komfort und Bewegungsfreiheit<\/strong>.<\/p>\n","protected":false},"featured_media":10930,"template":"","meta":[],"product_brand":[],"product_cat":[109],"product_tag":[],"class_list":{"0":"post-8963","1":"product","2":"type-product","3":"status-publish","4":"has-post-thumbnail","6":"product_cat-zubehor-und-nachfullpackungen","8":"first","9":"instock","10":"taxable","11":"shipping-taxable","12":"purchasable","13":"product-type-variable"},"yoast_head":"<!-- This site is optimized with the Yoast SEO plugin v27.0 - https:\/\/yoast.com\/product\/yoast-seo-wordpress\/ -->\n<title>COVER FLUO MAB - Motoairbag - L&#039;airbag per i motociclisti<\/title>\n<meta name=\"robots\" content=\"index, follow, max-snippet:-1, max-image-preview:large, max-video-preview:-1\" \/>\n<link rel=\"canonical\" href=\"https:\/\/www.motoairbag.com\/de\/shop\/zubehor-und-nachfullpackungen\/cover-fluo-mab\/\" \/>\n<meta property=\"og:locale\" content=\"de_DE\" \/>\n<meta property=\"og:type\" content=\"article\" \/>\n<meta property=\"og:title\" content=\"COVER FLUO MAB - Motoairbag - L&#039;airbag per i motociclisti\" \/>\n<meta property=\"og:description\" content=\"Gilet Cover Fluo mit hoher Sichtbarkeit, hergestellt aus fluoreszierendem Stoff mit reflektierenden Eins\u00e4tzen, um maximale Sicherheit auf der Stra\u00dfe zu gew\u00e4hrleisten. Es ist das ideale Zubeh\u00f6r f\u00fcr Motorradfahrer, besonders in der D\u00e4mmerung, nachts oder bei Nebel. Die reflektierenden Streifen, an den am st\u00e4rksten exponierten Stellen des K\u00f6rpers angebracht, reflektieren das Licht von Scheinwerfern und machen den Motorradfahrer auch aus gro\u00dfer Entfernung deutlich sichtbar. Der leichte und atmungsaktive Stoff sorgt f\u00fcr Komfort und Bewegungsfreiheit.\" \/>\n<meta property=\"og:url\" content=\"https:\/\/www.motoairbag.com\/de\/shop\/zubehor-und-nachfullpackungen\/cover-fluo-mab\/\" \/>\n<meta property=\"og:site_name\" content=\"Motoairbag - L&#039;airbag per i motociclisti\" \/>\n<meta property=\"article:modified_time\" content=\"2025-11-14T11:47:43+00:00\" \/>\n<meta property=\"og:image\" content=\"https:\/\/www.motoairbag.com\/wp-content\/uploads\/2024\/05\/FRONTE-NO-SFONDO-2-scaled.png\" \/>\n\t<meta property=\"og:image:width\" content=\"2367\" \/>\n\t<meta property=\"og:image:height\" content=\"2560\" \/>\n\t<meta property=\"og:image:type\" content=\"image\/png\" \/>\n<meta name=\"twitter:card\" content=\"summary_large_image\" \/>\n<meta name=\"twitter:label1\" content=\"Gesch\u00e4tzte Lesezeit\" \/>\n\t<meta name=\"twitter:data1\" content=\"1\u00a0Minute\" \/>\n<script type=\"application\/ld+json\" class=\"yoast-schema-graph\">{\"@context\":\"https:\/\/schema.org\",\"@graph\":[{\"@type\":\"WebPage\",\"@id\":\"https:\/\/www.motoairbag.com\/de\/shop\/zubehor-und-nachfullpackungen\/cover-fluo-mab\/\",\"url\":\"https:\/\/www.motoairbag.com\/de\/shop\/zubehor-und-nachfullpackungen\/cover-fluo-mab\/\",\"name\":\"COVER FLUO MAB - Motoairbag - L&#039;airbag per i motociclisti\",\"isPartOf\":{\"@id\":\"https:\/\/www.motoairbag.com\/#website\"},\"primaryImageOfPage\":{\"@id\":\"https:\/\/www.motoairbag.com\/de\/shop\/zubehor-und-nachfullpackungen\/cover-fluo-mab\/#primaryimage\"},\"image\":{\"@id\":\"https:\/\/www.motoairbag.com\/de\/shop\/zubehor-und-nachfullpackungen\/cover-fluo-mab\/#primaryimage\"},\"thumbnailUrl\":\"https:\/\/www.motoairbag.com\/wp-content\/uploads\/2024\/05\/FRONTALE-NO-SFONDO-scaled.jpg\",\"datePublished\":\"2024-05-14T07:45:49+00:00\",\"dateModified\":\"2025-11-14T11:47:43+00:00\",\"breadcrumb\":{\"@id\":\"https:\/\/www.motoairbag.com\/de\/shop\/zubehor-und-nachfullpackungen\/cover-fluo-mab\/#breadcrumb\"},\"inLanguage\":\"de\",\"potentialAction\":[{\"@type\":\"ReadAction\",\"target\":[\"https:\/\/www.motoairbag.com\/de\/shop\/zubehor-und-nachfullpackungen\/cover-fluo-mab\/\"]}]},{\"@type\":\"ImageObject\",\"inLanguage\":\"de\",\"@id\":\"https:\/\/www.motoairbag.com\/de\/shop\/zubehor-und-nachfullpackungen\/cover-fluo-mab\/#primaryimage\",\"url\":\"https:\/\/www.motoairbag.com\/wp-content\/uploads\/2024\/05\/FRONTALE-NO-SFONDO-scaled.jpg\",\"contentUrl\":\"https:\/\/www.motoairbag.com\/wp-content\/uploads\/2024\/05\/FRONTALE-NO-SFONDO-scaled.jpg\",\"width\":1920,\"height\":2560},{\"@type\":\"BreadcrumbList\",\"@id\":\"https:\/\/www.motoairbag.com\/de\/shop\/zubehor-und-nachfullpackungen\/cover-fluo-mab\/#breadcrumb\",\"itemListElement\":[{\"@type\":\"ListItem\",\"position\":1,\"name\":\"Home\",\"item\":\"https:\/\/www.motoairbag.com\/de\/\"},{\"@type\":\"ListItem\",\"position\":2,\"name\":\"Shop\",\"item\":\"https:\/\/www.motoairbag.com\/shop\/\"},{\"@type\":\"ListItem\",\"position\":3,\"name\":\"COVER FLUO MAB\"}]},{\"@type\":\"WebSite\",\"@id\":\"https:\/\/www.motoairbag.com\/#website\",\"url\":\"https:\/\/www.motoairbag.com\/\",\"name\":\"Motoairbag - L&#039;airbag per i motociclisti\",\"description\":\"\",\"publisher\":{\"@id\":\"https:\/\/www.motoairbag.com\/#organization\"},\"potentialAction\":[{\"@type\":\"SearchAction\",\"target\":{\"@type\":\"EntryPoint\",\"urlTemplate\":\"https:\/\/www.motoairbag.com\/?s={search_term_string}\"},\"query-input\":{\"@type\":\"PropertyValueSpecification\",\"valueRequired\":true,\"valueName\":\"search_term_string\"}}],\"inLanguage\":\"de\"},{\"@type\":\"Organization\",\"@id\":\"https:\/\/www.motoairbag.com\/#organization\",\"name\":\"Motoairbag - L&#039;airbag per i motociclisti\",\"url\":\"https:\/\/www.motoairbag.com\/\",\"logo\":{\"@type\":\"ImageObject\",\"inLanguage\":\"de\",\"@id\":\"https:\/\/www.motoairbag.com\/#\/schema\/logo\/image\/\",\"url\":\"https:\/\/www.motoairbag.com\/wp-content\/uploads\/2022\/11\/logo-final.jpg\",\"contentUrl\":\"https:\/\/www.motoairbag.com\/wp-content\/uploads\/2022\/11\/logo-final.jpg\",\"width\":609,\"height\":80,\"caption\":\"Motoairbag - L&#039;airbag per i motociclisti\"},\"image\":{\"@id\":\"https:\/\/www.motoairbag.com\/#\/schema\/logo\/image\/\"}}]}<\/script>\n<!-- \/ Yoast SEO plugin. -->","yoast_head_json":{"title":"COVER FLUO MAB - Motoairbag - L&#039;airbag per i motociclisti","robots":{"index":"index","follow":"follow","max-snippet":"max-snippet:-1","max-image-preview":"max-image-preview:large","max-video-preview":"max-video-preview:-1"},"canonical":"https:\/\/www.motoairbag.com\/de\/shop\/zubehor-und-nachfullpackungen\/cover-fluo-mab\/","og_locale":"de_DE","og_type":"article","og_title":"COVER FLUO MAB - Motoairbag - L&#039;airbag per i motociclisti","og_description":"Gilet Cover Fluo mit hoher Sichtbarkeit, hergestellt aus fluoreszierendem Stoff mit reflektierenden Eins\u00e4tzen, um maximale Sicherheit auf der Stra\u00dfe zu gew\u00e4hrleisten. Es ist das ideale Zubeh\u00f6r f\u00fcr Motorradfahrer, besonders in der D\u00e4mmerung, nachts oder bei Nebel. Die reflektierenden Streifen, an den am st\u00e4rksten exponierten Stellen des K\u00f6rpers angebracht, reflektieren das Licht von Scheinwerfern und machen den Motorradfahrer auch aus gro\u00dfer Entfernung deutlich sichtbar. Der leichte und atmungsaktive Stoff sorgt f\u00fcr Komfort und Bewegungsfreiheit.","og_url":"https:\/\/www.motoairbag.com\/de\/shop\/zubehor-und-nachfullpackungen\/cover-fluo-mab\/","og_site_name":"Motoairbag - L&#039;airbag per i motociclisti","article_modified_time":"2025-11-14T11:47:43+00:00","og_image":[{"width":2367,"height":2560,"url":"https:\/\/www.motoairbag.com\/wp-content\/uploads\/2024\/05\/FRONTE-NO-SFONDO-2-scaled.png","type":"image\/png"}],"twitter_card":"summary_large_image","twitter_misc":{"Gesch\u00e4tzte Lesezeit":"1\u00a0Minute"},"schema":{"@context":"https:\/\/schema.org","@graph":[{"@type":"WebPage","@id":"https:\/\/www.motoairbag.com\/de\/shop\/zubehor-und-nachfullpackungen\/cover-fluo-mab\/","url":"https:\/\/www.motoairbag.com\/de\/shop\/zubehor-und-nachfullpackungen\/cover-fluo-mab\/","name":"COVER FLUO MAB - Motoairbag - L&#039;airbag per i motociclisti","isPartOf":{"@id":"https:\/\/www.motoairbag.com\/#website"},"primaryImageOfPage":{"@id":"https:\/\/www.motoairbag.com\/de\/shop\/zubehor-und-nachfullpackungen\/cover-fluo-mab\/#primaryimage"},"image":{"@id":"https:\/\/www.motoairbag.com\/de\/shop\/zubehor-und-nachfullpackungen\/cover-fluo-mab\/#primaryimage"},"thumbnailUrl":"https:\/\/www.motoairbag.com\/wp-content\/uploads\/2024\/05\/FRONTALE-NO-SFONDO-scaled.jpg","datePublished":"2024-05-14T07:45:49+00:00","dateModified":"2025-11-14T11:47:43+00:00","breadcrumb":{"@id":"https:\/\/www.motoairbag.com\/de\/shop\/zubehor-und-nachfullpackungen\/cover-fluo-mab\/#breadcrumb"},"inLanguage":"de","potentialAction":[{"@type":"ReadAction","target":["https:\/\/www.motoairbag.com\/de\/shop\/zubehor-und-nachfullpackungen\/cover-fluo-mab\/"]}]},{"@type":"ImageObject","inLanguage":"de","@id":"https:\/\/www.motoairbag.com\/de\/shop\/zubehor-und-nachfullpackungen\/cover-fluo-mab\/#primaryimage","url":"https:\/\/www.motoairbag.com\/wp-content\/uploads\/2024\/05\/FRONTALE-NO-SFONDO-scaled.jpg","contentUrl":"https:\/\/www.motoairbag.com\/wp-content\/uploads\/2024\/05\/FRONTALE-NO-SFONDO-scaled.jpg","width":1920,"height":2560},{"@type":"BreadcrumbList","@id":"https:\/\/www.motoairbag.com\/de\/shop\/zubehor-und-nachfullpackungen\/cover-fluo-mab\/#breadcrumb","itemListElement":[{"@type":"ListItem","position":1,"name":"Home","item":"https:\/\/www.motoairbag.com\/de\/"},{"@type":"ListItem","position":2,"name":"Shop","item":"https:\/\/www.motoairbag.com\/shop\/"},{"@type":"ListItem","position":3,"name":"COVER FLUO MAB"}]},{"@type":"WebSite","@id":"https:\/\/www.motoairbag.com\/#website","url":"https:\/\/www.motoairbag.com\/","name":"Motoairbag - L&#039;airbag per i motociclisti","description":"","publisher":{"@id":"https:\/\/www.motoairbag.com\/#organization"},"potentialAction":[{"@type":"SearchAction","target":{"@type":"EntryPoint","urlTemplate":"https:\/\/www.motoairbag.com\/?s={search_term_string}"},"query-input":{"@type":"PropertyValueSpecification","valueRequired":true,"valueName":"search_term_string"}}],"inLanguage":"de"},{"@type":"Organization","@id":"https:\/\/www.motoairbag.com\/#organization","name":"Motoairbag - L&#039;airbag per i motociclisti","url":"https:\/\/www.motoairbag.com\/","logo":{"@type":"ImageObject","inLanguage":"de","@id":"https:\/\/www.motoairbag.com\/#\/schema\/logo\/image\/","url":"https:\/\/www.motoairbag.com\/wp-content\/uploads\/2022\/11\/logo-final.jpg","contentUrl":"https:\/\/www.motoairbag.com\/wp-content\/uploads\/2022\/11\/logo-final.jpg","width":609,"height":80,"caption":"Motoairbag - L&#039;airbag per i motociclisti"},"image":{"@id":"https:\/\/www.motoairbag.com\/#\/schema\/logo\/image\/"}}]}},"_links":{"self":[{"href":"https:\/\/www.motoairbag.com\/de\/wp-json\/wp\/v2\/product\/8963","targetHints":{"allow":["GET"]}}],"collection":[{"href":"https:\/\/www.motoairbag.com\/de\/wp-json\/wp\/v2\/product"}],"about":[{"href":"https:\/\/www.motoairbag.com\/de\/wp-json\/wp\/v2\/types\/product"}],"wp:featuredmedia":[{"embeddable":true,"href":"https:\/\/www.motoairbag.com\/de\/wp-json\/wp\/v2\/media\/10930"}],"wp:attachment":[{"href":"https:\/\/www.motoairbag.com\/de\/wp-json\/wp\/v2\/media?parent=8963"}],"wp:term":[{"taxonomy":"product_brand","embeddable":true,"href":"https:\/\/www.motoairbag.com\/de\/wp-json\/wp\/v2\/product_brand?post=8963"},{"taxonomy":"product_cat","embeddable":true,"href":"https:\/\/www.motoairbag.com\/de\/wp-json\/wp\/v2\/product_cat?post=8963"},{"taxonomy":"product_tag","embeddable":true,"href":"https:\/\/www.motoairbag.com\/de\/wp-json\/wp\/v2\/product_tag?post=8963"}],"curies":[{"name":"wp","href":"https:\/\/api.w.org\/{rel}","templated":true}]}}