{"id":8039,"date":"2023-12-13T13:34:56","date_gmt":"2023-12-13T13:34:56","guid":{"rendered":"https:\/\/www.motoairbag.com\/?post_type=product&#038;p=8039"},"modified":"2025-11-18T09:54:00","modified_gmt":"2025-11-18T09:54:00","slug":"mab-regenjacke","status":"publish","type":"product","link":"https:\/\/www.motoairbag.com\/de\/shop\/zubehor-und-nachfullpackungen\/mab-regenjacke\/","title":{"rendered":"MAB REGENJACKE"},"content":{"rendered":"<p class=\"\" data-start=\"37\" data-end=\"63\"><strong data-start=\"37\" data-end=\"63\">MV-001 kompatibel mit:<br \/>\n<\/strong>MAB V4 &#8211; MAB V4MODULAR: T0 (XXS\/XS) &#8211; T1 (S\/M)<br data-start=\"111\" data-end=\"114\" \/>MAB M1: XS, S, M<br \/>\nMAB V3: T1 (S\/M)<br \/>\nMAB V2.0: T1 (S\/M)<\/p>\n<p class=\"\" data-start=\"132\" data-end=\"158\"><strong data-start=\"132\" data-end=\"158\">MV-002 kompatibel mit:<br \/>\n<\/strong>MAB V4 &#8211; MAB V4MODULAR: T2 (L\/XL)<br data-start=\"193\" data-end=\"196\" \/>MAB M1: L, XL, XXL<br \/>\nMAB V3: T2 (L\/XL)<br \/>\nMAB V2.0: T2 (L\/XL)<\/p>\n<p class=\"\" data-start=\"216\" data-end=\"242\"><strong data-start=\"216\" data-end=\"242\">MV-003 kompatibel mit:<br \/>\n<\/strong>MAB V4 &#8211; MAB V4MODULAR: T3 (XXL\/3XL)<br \/>\nMAB V3: T3 (XXL\/3XL)<br \/>\nMAB V2.0: T3 (XXL\/3XL)<\/p>\n","protected":false},"excerpt":{"rendered":"<p class=\"\" data-start=\"37\" data-end=\"228\">Regenjacke, die speziell entwickelt wurde, um \u00fcber dem MOTOAIRBAG getragen zu werden, wobei die Wirksamkeit des Ger\u00e4ts erhalten bleibt und gleichzeitig eine hohe Ergonomie gew\u00e4hrleistet wird.<\/p>\n<p class=\"\" data-start=\"230\" data-end=\"529\">Hergestellt aus hochleistungsf\u00e4higem technischem Stoff, der fortschrittlichen Schutz gegen starken Regen bietet. Die N\u00e4hte sind versiegelt, um das Eindringen von Feuchtigkeit zu verhindern, w\u00e4hrend die winddichte Struktur optimalen thermischen Komfort auch bei hohen Geschwindigkeiten gew\u00e4hrleistet.<\/p>\n<p class=\"\" data-start=\"531\" data-end=\"705\">Das Kleidungsst\u00fcck ist leicht und komprimierbar, ausgestattet mit einer integrierten, verstellbaren Kapuze, die daf\u00fcr konzipiert wurde, extremen Wetterbedingungen zu trotzen.<\/p>\n<p class=\"\" data-start=\"707\" data-end=\"805\">Wenn es nicht in Gebrauch ist, kann es einfach in die beiliegende Transporttasche gefaltet werden.<\/p>\n","protected":false},"featured_media":10556,"template":"","meta":[],"product_brand":[],"product_cat":[109],"product_tag":[],"class_list":{"0":"post-8039","1":"product","2":"type-product","3":"status-publish","4":"has-post-thumbnail","6":"product_cat-zubehor-und-nachfullpackungen","8":"first","9":"instock","10":"taxable","11":"shipping-taxable","12":"purchasable","13":"product-type-variable"},"yoast_head":"<!-- This site is optimized with the Yoast SEO plugin v27.0 - https:\/\/yoast.com\/product\/yoast-seo-wordpress\/ -->\n<title>MAB REGENJACKE - Motoairbag - L&#039;airbag per i motociclisti<\/title>\n<meta name=\"robots\" content=\"index, follow, max-snippet:-1, max-image-preview:large, max-video-preview:-1\" \/>\n<link rel=\"canonical\" href=\"https:\/\/www.motoairbag.com\/de\/shop\/zubehor-und-nachfullpackungen\/mab-regenjacke\/\" \/>\n<meta property=\"og:locale\" content=\"de_DE\" \/>\n<meta property=\"og:type\" content=\"article\" \/>\n<meta property=\"og:title\" content=\"MAB REGENJACKE - Motoairbag - L&#039;airbag per i motociclisti\" \/>\n<meta property=\"og:description\" content=\"Regenjacke, die speziell entwickelt wurde, um \u00fcber dem MOTOAIRBAG getragen zu werden, wobei die Wirksamkeit des Ger\u00e4ts erhalten bleibt und gleichzeitig eine hohe Ergonomie gew\u00e4hrleistet wird. Hergestellt aus hochleistungsf\u00e4higem technischem Stoff, der fortschrittlichen Schutz gegen starken Regen bietet. Die N\u00e4hte sind versiegelt, um das Eindringen von Feuchtigkeit zu verhindern, w\u00e4hrend die winddichte Struktur optimalen thermischen Komfort auch bei hohen Geschwindigkeiten gew\u00e4hrleistet. Das Kleidungsst\u00fcck ist leicht und komprimierbar, ausgestattet mit einer integrierten, verstellbaren Kapuze, die daf\u00fcr konzipiert wurde, extremen Wetterbedingungen zu trotzen. Wenn es nicht in Gebrauch ist, kann es einfach in die beiliegende Transporttasche gefaltet werden.\" \/>\n<meta property=\"og:url\" content=\"https:\/\/www.motoairbag.com\/de\/shop\/zubehor-und-nachfullpackungen\/mab-regenjacke\/\" \/>\n<meta property=\"og:site_name\" content=\"Motoairbag - L&#039;airbag per i motociclisti\" \/>\n<meta property=\"article:modified_time\" content=\"2025-11-18T09:54:00+00:00\" \/>\n<meta property=\"og:image\" content=\"https:\/\/www.motoairbag.com\/wp-content\/uploads\/2023\/12\/BUSTINA-2.png\" \/>\n\t<meta property=\"og:image:width\" content=\"1700\" \/>\n\t<meta property=\"og:image:height\" content=\"1700\" \/>\n\t<meta property=\"og:image:type\" content=\"image\/png\" \/>\n<meta name=\"twitter:card\" content=\"summary_large_image\" \/>\n<meta name=\"twitter:label1\" content=\"Gesch\u00e4tzte Lesezeit\" \/>\n\t<meta name=\"twitter:data1\" content=\"1\u00a0Minute\" \/>\n<script type=\"application\/ld+json\" class=\"yoast-schema-graph\">{\"@context\":\"https:\/\/schema.org\",\"@graph\":[{\"@type\":\"WebPage\",\"@id\":\"https:\/\/www.motoairbag.com\/de\/shop\/zubehor-und-nachfullpackungen\/mab-regenjacke\/\",\"url\":\"https:\/\/www.motoairbag.com\/de\/shop\/zubehor-und-nachfullpackungen\/mab-regenjacke\/\",\"name\":\"MAB REGENJACKE - Motoairbag - L&#039;airbag per i motociclisti\",\"isPartOf\":{\"@id\":\"https:\/\/www.motoairbag.com\/#website\"},\"primaryImageOfPage\":{\"@id\":\"https:\/\/www.motoairbag.com\/de\/shop\/zubehor-und-nachfullpackungen\/mab-regenjacke\/#primaryimage\"},\"image\":{\"@id\":\"https:\/\/www.motoairbag.com\/de\/shop\/zubehor-und-nachfullpackungen\/mab-regenjacke\/#primaryimage\"},\"thumbnailUrl\":\"https:\/\/www.motoairbag.com\/wp-content\/uploads\/2023\/12\/BUSTINA-2.png\",\"datePublished\":\"2023-12-13T13:34:56+00:00\",\"dateModified\":\"2025-11-18T09:54:00+00:00\",\"breadcrumb\":{\"@id\":\"https:\/\/www.motoairbag.com\/de\/shop\/zubehor-und-nachfullpackungen\/mab-regenjacke\/#breadcrumb\"},\"inLanguage\":\"de\",\"potentialAction\":[{\"@type\":\"ReadAction\",\"target\":[\"https:\/\/www.motoairbag.com\/de\/shop\/zubehor-und-nachfullpackungen\/mab-regenjacke\/\"]}]},{\"@type\":\"ImageObject\",\"inLanguage\":\"de\",\"@id\":\"https:\/\/www.motoairbag.com\/de\/shop\/zubehor-und-nachfullpackungen\/mab-regenjacke\/#primaryimage\",\"url\":\"https:\/\/www.motoairbag.com\/wp-content\/uploads\/2023\/12\/BUSTINA-2.png\",\"contentUrl\":\"https:\/\/www.motoairbag.com\/wp-content\/uploads\/2023\/12\/BUSTINA-2.png\",\"width\":1700,\"height\":1700},{\"@type\":\"BreadcrumbList\",\"@id\":\"https:\/\/www.motoairbag.com\/de\/shop\/zubehor-und-nachfullpackungen\/mab-regenjacke\/#breadcrumb\",\"itemListElement\":[{\"@type\":\"ListItem\",\"position\":1,\"name\":\"Home\",\"item\":\"https:\/\/www.motoairbag.com\/de\/\"},{\"@type\":\"ListItem\",\"position\":2,\"name\":\"Shop\",\"item\":\"https:\/\/www.motoairbag.com\/shop\/\"},{\"@type\":\"ListItem\",\"position\":3,\"name\":\"MAB REGENJACKE\"}]},{\"@type\":\"WebSite\",\"@id\":\"https:\/\/www.motoairbag.com\/#website\",\"url\":\"https:\/\/www.motoairbag.com\/\",\"name\":\"Motoairbag - L&#039;airbag per i motociclisti\",\"description\":\"\",\"publisher\":{\"@id\":\"https:\/\/www.motoairbag.com\/#organization\"},\"potentialAction\":[{\"@type\":\"SearchAction\",\"target\":{\"@type\":\"EntryPoint\",\"urlTemplate\":\"https:\/\/www.motoairbag.com\/?s={search_term_string}\"},\"query-input\":{\"@type\":\"PropertyValueSpecification\",\"valueRequired\":true,\"valueName\":\"search_term_string\"}}],\"inLanguage\":\"de\"},{\"@type\":\"Organization\",\"@id\":\"https:\/\/www.motoairbag.com\/#organization\",\"name\":\"Motoairbag - L&#039;airbag per i motociclisti\",\"url\":\"https:\/\/www.motoairbag.com\/\",\"logo\":{\"@type\":\"ImageObject\",\"inLanguage\":\"de\",\"@id\":\"https:\/\/www.motoairbag.com\/#\/schema\/logo\/image\/\",\"url\":\"https:\/\/www.motoairbag.com\/wp-content\/uploads\/2022\/11\/logo-final.jpg\",\"contentUrl\":\"https:\/\/www.motoairbag.com\/wp-content\/uploads\/2022\/11\/logo-final.jpg\",\"width\":609,\"height\":80,\"caption\":\"Motoairbag - L&#039;airbag per i motociclisti\"},\"image\":{\"@id\":\"https:\/\/www.motoairbag.com\/#\/schema\/logo\/image\/\"}}]}<\/script>\n<!-- \/ Yoast SEO plugin. -->","yoast_head_json":{"title":"MAB REGENJACKE - Motoairbag - L&#039;airbag per i motociclisti","robots":{"index":"index","follow":"follow","max-snippet":"max-snippet:-1","max-image-preview":"max-image-preview:large","max-video-preview":"max-video-preview:-1"},"canonical":"https:\/\/www.motoairbag.com\/de\/shop\/zubehor-und-nachfullpackungen\/mab-regenjacke\/","og_locale":"de_DE","og_type":"article","og_title":"MAB REGENJACKE - Motoairbag - L&#039;airbag per i motociclisti","og_description":"Regenjacke, die speziell entwickelt wurde, um \u00fcber dem MOTOAIRBAG getragen zu werden, wobei die Wirksamkeit des Ger\u00e4ts erhalten bleibt und gleichzeitig eine hohe Ergonomie gew\u00e4hrleistet wird. Hergestellt aus hochleistungsf\u00e4higem technischem Stoff, der fortschrittlichen Schutz gegen starken Regen bietet. Die N\u00e4hte sind versiegelt, um das Eindringen von Feuchtigkeit zu verhindern, w\u00e4hrend die winddichte Struktur optimalen thermischen Komfort auch bei hohen Geschwindigkeiten gew\u00e4hrleistet. Das Kleidungsst\u00fcck ist leicht und komprimierbar, ausgestattet mit einer integrierten, verstellbaren Kapuze, die daf\u00fcr konzipiert wurde, extremen Wetterbedingungen zu trotzen. Wenn es nicht in Gebrauch ist, kann es einfach in die beiliegende Transporttasche gefaltet werden.","og_url":"https:\/\/www.motoairbag.com\/de\/shop\/zubehor-und-nachfullpackungen\/mab-regenjacke\/","og_site_name":"Motoairbag - L&#039;airbag per i motociclisti","article_modified_time":"2025-11-18T09:54:00+00:00","og_image":[{"width":1700,"height":1700,"url":"https:\/\/www.motoairbag.com\/wp-content\/uploads\/2023\/12\/BUSTINA-2.png","type":"image\/png"}],"twitter_card":"summary_large_image","twitter_misc":{"Gesch\u00e4tzte Lesezeit":"1\u00a0Minute"},"schema":{"@context":"https:\/\/schema.org","@graph":[{"@type":"WebPage","@id":"https:\/\/www.motoairbag.com\/de\/shop\/zubehor-und-nachfullpackungen\/mab-regenjacke\/","url":"https:\/\/www.motoairbag.com\/de\/shop\/zubehor-und-nachfullpackungen\/mab-regenjacke\/","name":"MAB REGENJACKE - Motoairbag - L&#039;airbag per i motociclisti","isPartOf":{"@id":"https:\/\/www.motoairbag.com\/#website"},"primaryImageOfPage":{"@id":"https:\/\/www.motoairbag.com\/de\/shop\/zubehor-und-nachfullpackungen\/mab-regenjacke\/#primaryimage"},"image":{"@id":"https:\/\/www.motoairbag.com\/de\/shop\/zubehor-und-nachfullpackungen\/mab-regenjacke\/#primaryimage"},"thumbnailUrl":"https:\/\/www.motoairbag.com\/wp-content\/uploads\/2023\/12\/BUSTINA-2.png","datePublished":"2023-12-13T13:34:56+00:00","dateModified":"2025-11-18T09:54:00+00:00","breadcrumb":{"@id":"https:\/\/www.motoairbag.com\/de\/shop\/zubehor-und-nachfullpackungen\/mab-regenjacke\/#breadcrumb"},"inLanguage":"de","potentialAction":[{"@type":"ReadAction","target":["https:\/\/www.motoairbag.com\/de\/shop\/zubehor-und-nachfullpackungen\/mab-regenjacke\/"]}]},{"@type":"ImageObject","inLanguage":"de","@id":"https:\/\/www.motoairbag.com\/de\/shop\/zubehor-und-nachfullpackungen\/mab-regenjacke\/#primaryimage","url":"https:\/\/www.motoairbag.com\/wp-content\/uploads\/2023\/12\/BUSTINA-2.png","contentUrl":"https:\/\/www.motoairbag.com\/wp-content\/uploads\/2023\/12\/BUSTINA-2.png","width":1700,"height":1700},{"@type":"BreadcrumbList","@id":"https:\/\/www.motoairbag.com\/de\/shop\/zubehor-und-nachfullpackungen\/mab-regenjacke\/#breadcrumb","itemListElement":[{"@type":"ListItem","position":1,"name":"Home","item":"https:\/\/www.motoairbag.com\/de\/"},{"@type":"ListItem","position":2,"name":"Shop","item":"https:\/\/www.motoairbag.com\/shop\/"},{"@type":"ListItem","position":3,"name":"MAB REGENJACKE"}]},{"@type":"WebSite","@id":"https:\/\/www.motoairbag.com\/#website","url":"https:\/\/www.motoairbag.com\/","name":"Motoairbag - L&#039;airbag per i motociclisti","description":"","publisher":{"@id":"https:\/\/www.motoairbag.com\/#organization"},"potentialAction":[{"@type":"SearchAction","target":{"@type":"EntryPoint","urlTemplate":"https:\/\/www.motoairbag.com\/?s={search_term_string}"},"query-input":{"@type":"PropertyValueSpecification","valueRequired":true,"valueName":"search_term_string"}}],"inLanguage":"de"},{"@type":"Organization","@id":"https:\/\/www.motoairbag.com\/#organization","name":"Motoairbag - L&#039;airbag per i motociclisti","url":"https:\/\/www.motoairbag.com\/","logo":{"@type":"ImageObject","inLanguage":"de","@id":"https:\/\/www.motoairbag.com\/#\/schema\/logo\/image\/","url":"https:\/\/www.motoairbag.com\/wp-content\/uploads\/2022\/11\/logo-final.jpg","contentUrl":"https:\/\/www.motoairbag.com\/wp-content\/uploads\/2022\/11\/logo-final.jpg","width":609,"height":80,"caption":"Motoairbag - L&#039;airbag per i motociclisti"},"image":{"@id":"https:\/\/www.motoairbag.com\/#\/schema\/logo\/image\/"}}]}},"_links":{"self":[{"href":"https:\/\/www.motoairbag.com\/de\/wp-json\/wp\/v2\/product\/8039","targetHints":{"allow":["GET"]}}],"collection":[{"href":"https:\/\/www.motoairbag.com\/de\/wp-json\/wp\/v2\/product"}],"about":[{"href":"https:\/\/www.motoairbag.com\/de\/wp-json\/wp\/v2\/types\/product"}],"wp:featuredmedia":[{"embeddable":true,"href":"https:\/\/www.motoairbag.com\/de\/wp-json\/wp\/v2\/media\/10556"}],"wp:attachment":[{"href":"https:\/\/www.motoairbag.com\/de\/wp-json\/wp\/v2\/media?parent=8039"}],"wp:term":[{"taxonomy":"product_brand","embeddable":true,"href":"https:\/\/www.motoairbag.com\/de\/wp-json\/wp\/v2\/product_brand?post=8039"},{"taxonomy":"product_cat","embeddable":true,"href":"https:\/\/www.motoairbag.com\/de\/wp-json\/wp\/v2\/product_cat?post=8039"},{"taxonomy":"product_tag","embeddable":true,"href":"https:\/\/www.motoairbag.com\/de\/wp-json\/wp\/v2\/product_tag?post=8039"}],"curies":[{"name":"wp","href":"https:\/\/api.w.org\/{rel}","templated":true}]}}