{"id":6364,"date":"2022-06-23T10:19:24","date_gmt":"2022-06-23T10:19:24","guid":{"rendered":"https:\/\/www.motoairbag.com\/shop\/unkategorisiert\/mab-v2-plus\/"},"modified":"2026-04-03T08:02:30","modified_gmt":"2026-04-03T08:02:30","slug":"mab-v2-plus","status":"publish","type":"product","link":"https:\/\/www.motoairbag.com\/de\/shop\/motorrad-airbags\/mab-v2-plus\/","title":{"rendered":"MAB v2 Plus"},"content":{"rendered":"<ul>\n<li style=\"list-style-type: none;\">\n<ul>\n<li>[vc_row disable_background_image=&#8220;&#8220;][vc_column][vc_tta_accordion][vc_tta_section title=&#8220;ALLGEMEINE MERKMALE&#8220; tab_id=&#8220;1665647274320-421b536b-15c7&#8243;][vc_column_text]\n<ul>\n<li style=\"list-style-type: none;\">\n<ul>\n<li style=\"list-style-type: none;\">\n<ul>\n<li>2 Airbag-Systeme<\/li>\n<li>Heck-Airbag zum Schutz von R\u00fccken, Kreuzbein und Halswirbels\u00e4ule \u00fcber die gesamte Breite. MAB v2Plus ist AIRBAG EN1621\/4 FB Level 2 zertifiziert. Restkraft nach Aufpralltest 1,4 kN (Level 1 AIRBAG-Grenzwert = 4,5 kN; Level 2 AIRBAG-Grenzwert = 2,5kN)<\/li>\n<li>Front-Airbag zum Schutz des Brustkorbs, des Bauches und des Halses. AIRBAG zertifiziert EN1621\/4 DC Level 2 Restkraft nach Aufpralltest 0,8kN (Grenzwert Level 1 AIRBAG=4,5kN; Grenzwert Level 2 AIRBAG=2,5kN)<\/li>\n<li>Fast Lock Technologie mit analogem Beschleunigungssensor f\u00fcr umfassende und zuverl\u00e4ssige Ereigniserkennung<\/li>\n<li>Aufblaszeit 80 Millisekunden f\u00fcr das Aufblasen der beiden Airbag-Systeme<\/li>\n<li>Gesamtvolumen 25 Liter (15 Liter Fondairbag und 10 Liter Frontairbag)<\/li>\n<li>Gewicht des Airbag-Systems: 800 g Airbag hinten &#8211; 600 g Airbag vorne. Gesamtgewicht 2,1kg<\/li>\n<li>Wiederverwendbar: Einmal aktiviert, kann MAB v2Plus vom Benutzer mit dem Ladekit in wenigen Minuten wieder aufgeladen werden, nachdem ein einfacher Test, wie im Handbuch beschrieben, durchgef\u00fchrt wurde.<\/li>\n<li>Waschbar<\/li>\n<li>Ausgestattet mit zwei Au\u00dfentaschen zur Verwendung als Dokumentenhalter<\/li>\n<li>Hergestellt aus hochfestem Cordura 500 mit perforierter Struktur<\/li>\n<li>Der innere Teil besteht aus 3D-Material, das die Luft durch die Zwischenr\u00e4ume durchl\u00e4sst<\/li>\n<li>Reflektierende Eins\u00e4tze erh\u00f6hen die Sichtbarkeit der Weste.<\/li>\n<li>An der Seite befinden sich Scharniere. Sie erm\u00f6glichen den Wechsel zwischen den Gr\u00f6\u00dfen,<\/li>\n<li>An der Seite befinden sich zus\u00e4tzliche Gurteinstellungen, falls der MAB v2Plus im Sommer \u00fcber einer leichten Jacke oder im Winter \u00fcber einer 3-Lagen-Jacke getragen wird.<\/li>\n<li>Im Inneren befinden sich ein H\u00fcftgurt und Schultergurte, die verstellt und fixiert werden k\u00f6nnen, um den MAB v2Plus sowohl w\u00e4hrend der Fahrt als auch bei der Aktivierung in der richtigen Position zu halten.<\/li>\n<li>Im H\u00fcft- und Schulterbereich befinden sich elastische Eins\u00e4tze, die sich beim Ausl\u00f6sen des Airbags ausdehnen, damit sich die beiden Airbag-Systeme richtig entfalten k\u00f6nnen und der Fahrer nicht durch das Airbag-System belastet wird: Bei aufgeblasenem Airbag ist es immer noch m\u00f6glich, weiterzufahren, abzusteigen, den Kopf zu drehen, um sich umzusehen und normal zu atmen.<\/li>\n<li>Das Airbag-System ist mit automatischen Entleerungsventilen ausgestattet: Der Schutzzustand des MAB h\u00e4lt ca. 30 Sekunden an und entleert sich dann innerhalb weniger Minuten vollst\u00e4ndig.<\/li>\n<li>Der Fast Lock ist mit dem Synchronisations-System verbunden. Dadurch kann der Airbag n\u00e4her an der Aufprallsituation ausgel\u00f6st werden. Bei einem Frontalaufprall entfaltet sich beispielsweise der Frontairbag vorzeitig, der Heckairbag erst nach einigen Tausendstel Sekunden. Bei einem Heckaufprall wird zuerst der hintere und dann der vordere Airbag aktiviert. In jedem Fall werden beide Airbags ausgel\u00f6st<\/li>\n<li>In der Weste befinden sich Schlaufen, durch die Fast Lock aus der Weste herauskommt. Fast Lock l\u00f6st sich nach der Aktivierung von MAB v2Plus und bleibt am Sattel befestigt<\/li>\n<li>Der MAB v2Plus ist mit einem Anti-Crash-Aktivierungssystem ausgestattet: Bevor das Airbag-System aktiviert wird, muss das Kabel verl\u00e4ngert, die elastische R\u00fcckstellkraft des Fast Lock \u00fcberwunden und eine Last von 15 kg aufgebracht werden.. Zur Erinnerung kann bei der ersten Benutzung ein kleiner Aufkleber auf das Armaturenbrett geklebt werden.<\/li>\n<li>Der MAB v2 Plus kann sehr bequem \u00fcber jeder Art von Jacke getragen werden. Besonders im Schulterbereich l\u00e4sst er sich gut mit den Schulterprotektoren von Motorradjacken kombinieren.<\/li>\n<\/ul>\n<\/li>\n<\/ul>\n<\/li>\n<\/ul>\n<p>[\/vc_column_text][\/vc_tta_section][\/vc_tta_accordion][\/vc_column][\/vc_row]<\/li>\n<\/ul>\n<\/li>\n<\/ul>\n","protected":false},"excerpt":{"rendered":"<p>MAB v2 Plus hat die gleichen Komponenten wie MAB v3. Der einzige Unterschied zwischen MAB v3 und MAB v2 Plus besteht in der Textilkomponente. Der MAB v2 Plus hat das Design des MAB 2020 und besteht aus Cordura 500, der MAB V3 aus hochfestem Polyester. Der Innengurt des MAB v2 Plus ist 4-Punkt (Schultergurte + H\u00fcftgurt) statt 2-Punkt wie beim MAB v2 Plus. Die Entwicklung und die Gr\u00f6\u00dfenanpassung sind identisch. Farbe Schwarz mit fluoreszierenden Eins\u00e4tzen<\/p>\n<p>Das Ger\u00e4t ist durch den Kauf des entsprechenden Motoairbag-Wiederaufladekits wiederaufladbar und kann nach der Ausl\u00f6sung erneut verwendet werden.<\/p>\n","protected":false},"featured_media":6132,"template":"","meta":[],"product_brand":[],"product_cat":[108],"product_tag":[],"class_list":{"0":"post-6364","1":"product","2":"type-product","3":"status-publish","4":"has-post-thumbnail","6":"product_cat-motorrad-airbags","8":"first","9":"instock","10":"sale","11":"taxable","12":"shipping-taxable","13":"purchasable","14":"product-type-variable"},"yoast_head":"<!-- This site is optimized with the Yoast SEO plugin v27.0 - https:\/\/yoast.com\/product\/yoast-seo-wordpress\/ -->\n<title>MAB v2 Plus - Motoairbag - L&#039;airbag per i motociclisti<\/title>\n<meta name=\"robots\" content=\"index, follow, max-snippet:-1, max-image-preview:large, max-video-preview:-1\" \/>\n<link rel=\"canonical\" href=\"https:\/\/www.motoairbag.com\/de\/shop\/motorrad-airbags\/mab-v2-plus\/\" \/>\n<meta property=\"og:locale\" content=\"de_DE\" \/>\n<meta property=\"og:type\" content=\"article\" \/>\n<meta property=\"og:title\" content=\"MAB v2 Plus - Motoairbag - L&#039;airbag per i motociclisti\" \/>\n<meta property=\"og:description\" content=\"MAB v2 Plus hat die gleichen Komponenten wie MAB v3. Der einzige Unterschied zwischen MAB v3 und MAB v2 Plus besteht in der Textilkomponente. Der MAB v2 Plus hat das Design des MAB 2020 und besteht aus Cordura 500, der MAB V3 aus hochfestem Polyester. Der Innengurt des MAB v2 Plus ist 4-Punkt (Schultergurte + H\u00fcftgurt) statt 2-Punkt wie beim MAB v2 Plus. Die Entwicklung und die Gr\u00f6\u00dfenanpassung sind identisch. Farbe Schwarz mit fluoreszierenden Eins\u00e4tzen  Das Ger\u00e4t ist durch den Kauf des entsprechenden Motoairbag-Wiederaufladekits wiederaufladbar und kann nach der Ausl\u00f6sung erneut verwendet werden.\" \/>\n<meta property=\"og:url\" content=\"https:\/\/www.motoairbag.com\/de\/shop\/motorrad-airbags\/mab-v2-plus\/\" \/>\n<meta property=\"og:site_name\" content=\"Motoairbag - L&#039;airbag per i motociclisti\" \/>\n<meta property=\"article:modified_time\" content=\"2026-04-03T08:02:30+00:00\" \/>\n<meta property=\"og:image\" content=\"https:\/\/www.motoairbag.com\/wp-content\/uploads\/2022\/06\/v2plus_1rid-1.jpg\" \/>\n\t<meta property=\"og:image:width\" content=\"1080\" \/>\n\t<meta property=\"og:image:height\" content=\"1080\" \/>\n\t<meta property=\"og:image:type\" content=\"image\/jpeg\" \/>\n<meta name=\"twitter:card\" content=\"summary_large_image\" \/>\n<meta name=\"twitter:label1\" content=\"Gesch\u00e4tzte Lesezeit\" \/>\n\t<meta name=\"twitter:data1\" content=\"3\u00a0Minuten\" \/>\n<script type=\"application\/ld+json\" class=\"yoast-schema-graph\">{\"@context\":\"https:\/\/schema.org\",\"@graph\":[{\"@type\":\"WebPage\",\"@id\":\"https:\/\/www.motoairbag.com\/de\/shop\/motorrad-airbags\/mab-v2-plus\/\",\"url\":\"https:\/\/www.motoairbag.com\/de\/shop\/motorrad-airbags\/mab-v2-plus\/\",\"name\":\"MAB v2 Plus - Motoairbag - L&#039;airbag per i motociclisti\",\"isPartOf\":{\"@id\":\"https:\/\/www.motoairbag.com\/#website\"},\"primaryImageOfPage\":{\"@id\":\"https:\/\/www.motoairbag.com\/de\/shop\/motorrad-airbags\/mab-v2-plus\/#primaryimage\"},\"image\":{\"@id\":\"https:\/\/www.motoairbag.com\/de\/shop\/motorrad-airbags\/mab-v2-plus\/#primaryimage\"},\"thumbnailUrl\":\"https:\/\/www.motoairbag.com\/wp-content\/uploads\/2022\/06\/v2plus_1rid-1.jpg\",\"datePublished\":\"2022-06-23T10:19:24+00:00\",\"dateModified\":\"2026-04-03T08:02:30+00:00\",\"breadcrumb\":{\"@id\":\"https:\/\/www.motoairbag.com\/de\/shop\/motorrad-airbags\/mab-v2-plus\/#breadcrumb\"},\"inLanguage\":\"de\",\"potentialAction\":[{\"@type\":\"ReadAction\",\"target\":[\"https:\/\/www.motoairbag.com\/de\/shop\/motorrad-airbags\/mab-v2-plus\/\"]}]},{\"@type\":\"ImageObject\",\"inLanguage\":\"de\",\"@id\":\"https:\/\/www.motoairbag.com\/de\/shop\/motorrad-airbags\/mab-v2-plus\/#primaryimage\",\"url\":\"https:\/\/www.motoairbag.com\/wp-content\/uploads\/2022\/06\/v2plus_1rid-1.jpg\",\"contentUrl\":\"https:\/\/www.motoairbag.com\/wp-content\/uploads\/2022\/06\/v2plus_1rid-1.jpg\",\"width\":1080,\"height\":1080},{\"@type\":\"BreadcrumbList\",\"@id\":\"https:\/\/www.motoairbag.com\/de\/shop\/motorrad-airbags\/mab-v2-plus\/#breadcrumb\",\"itemListElement\":[{\"@type\":\"ListItem\",\"position\":1,\"name\":\"Home\",\"item\":\"https:\/\/www.motoairbag.com\/de\/\"},{\"@type\":\"ListItem\",\"position\":2,\"name\":\"Shop\",\"item\":\"https:\/\/www.motoairbag.com\/shop\/\"},{\"@type\":\"ListItem\",\"position\":3,\"name\":\"MAB v2 Plus\"}]},{\"@type\":\"WebSite\",\"@id\":\"https:\/\/www.motoairbag.com\/#website\",\"url\":\"https:\/\/www.motoairbag.com\/\",\"name\":\"Motoairbag - L&#039;airbag per i motociclisti\",\"description\":\"\",\"publisher\":{\"@id\":\"https:\/\/www.motoairbag.com\/#organization\"},\"potentialAction\":[{\"@type\":\"SearchAction\",\"target\":{\"@type\":\"EntryPoint\",\"urlTemplate\":\"https:\/\/www.motoairbag.com\/?s={search_term_string}\"},\"query-input\":{\"@type\":\"PropertyValueSpecification\",\"valueRequired\":true,\"valueName\":\"search_term_string\"}}],\"inLanguage\":\"de\"},{\"@type\":\"Organization\",\"@id\":\"https:\/\/www.motoairbag.com\/#organization\",\"name\":\"Motoairbag - L&#039;airbag per i motociclisti\",\"url\":\"https:\/\/www.motoairbag.com\/\",\"logo\":{\"@type\":\"ImageObject\",\"inLanguage\":\"de\",\"@id\":\"https:\/\/www.motoairbag.com\/#\/schema\/logo\/image\/\",\"url\":\"https:\/\/www.motoairbag.com\/wp-content\/uploads\/2022\/11\/logo-final.jpg\",\"contentUrl\":\"https:\/\/www.motoairbag.com\/wp-content\/uploads\/2022\/11\/logo-final.jpg\",\"width\":609,\"height\":80,\"caption\":\"Motoairbag - L&#039;airbag per i motociclisti\"},\"image\":{\"@id\":\"https:\/\/www.motoairbag.com\/#\/schema\/logo\/image\/\"}}]}<\/script>\n<!-- \/ Yoast SEO plugin. -->","yoast_head_json":{"title":"MAB v2 Plus - Motoairbag - L&#039;airbag per i motociclisti","robots":{"index":"index","follow":"follow","max-snippet":"max-snippet:-1","max-image-preview":"max-image-preview:large","max-video-preview":"max-video-preview:-1"},"canonical":"https:\/\/www.motoairbag.com\/de\/shop\/motorrad-airbags\/mab-v2-plus\/","og_locale":"de_DE","og_type":"article","og_title":"MAB v2 Plus - Motoairbag - L&#039;airbag per i motociclisti","og_description":"MAB v2 Plus hat die gleichen Komponenten wie MAB v3. Der einzige Unterschied zwischen MAB v3 und MAB v2 Plus besteht in der Textilkomponente. Der MAB v2 Plus hat das Design des MAB 2020 und besteht aus Cordura 500, der MAB V3 aus hochfestem Polyester. Der Innengurt des MAB v2 Plus ist 4-Punkt (Schultergurte + H\u00fcftgurt) statt 2-Punkt wie beim MAB v2 Plus. Die Entwicklung und die Gr\u00f6\u00dfenanpassung sind identisch. Farbe Schwarz mit fluoreszierenden Eins\u00e4tzen  Das Ger\u00e4t ist durch den Kauf des entsprechenden Motoairbag-Wiederaufladekits wiederaufladbar und kann nach der Ausl\u00f6sung erneut verwendet werden.","og_url":"https:\/\/www.motoairbag.com\/de\/shop\/motorrad-airbags\/mab-v2-plus\/","og_site_name":"Motoairbag - L&#039;airbag per i motociclisti","article_modified_time":"2026-04-03T08:02:30+00:00","og_image":[{"width":1080,"height":1080,"url":"https:\/\/www.motoairbag.com\/wp-content\/uploads\/2022\/06\/v2plus_1rid-1.jpg","type":"image\/jpeg"}],"twitter_card":"summary_large_image","twitter_misc":{"Gesch\u00e4tzte Lesezeit":"3\u00a0Minuten"},"schema":{"@context":"https:\/\/schema.org","@graph":[{"@type":"WebPage","@id":"https:\/\/www.motoairbag.com\/de\/shop\/motorrad-airbags\/mab-v2-plus\/","url":"https:\/\/www.motoairbag.com\/de\/shop\/motorrad-airbags\/mab-v2-plus\/","name":"MAB v2 Plus - Motoairbag - L&#039;airbag per i motociclisti","isPartOf":{"@id":"https:\/\/www.motoairbag.com\/#website"},"primaryImageOfPage":{"@id":"https:\/\/www.motoairbag.com\/de\/shop\/motorrad-airbags\/mab-v2-plus\/#primaryimage"},"image":{"@id":"https:\/\/www.motoairbag.com\/de\/shop\/motorrad-airbags\/mab-v2-plus\/#primaryimage"},"thumbnailUrl":"https:\/\/www.motoairbag.com\/wp-content\/uploads\/2022\/06\/v2plus_1rid-1.jpg","datePublished":"2022-06-23T10:19:24+00:00","dateModified":"2026-04-03T08:02:30+00:00","breadcrumb":{"@id":"https:\/\/www.motoairbag.com\/de\/shop\/motorrad-airbags\/mab-v2-plus\/#breadcrumb"},"inLanguage":"de","potentialAction":[{"@type":"ReadAction","target":["https:\/\/www.motoairbag.com\/de\/shop\/motorrad-airbags\/mab-v2-plus\/"]}]},{"@type":"ImageObject","inLanguage":"de","@id":"https:\/\/www.motoairbag.com\/de\/shop\/motorrad-airbags\/mab-v2-plus\/#primaryimage","url":"https:\/\/www.motoairbag.com\/wp-content\/uploads\/2022\/06\/v2plus_1rid-1.jpg","contentUrl":"https:\/\/www.motoairbag.com\/wp-content\/uploads\/2022\/06\/v2plus_1rid-1.jpg","width":1080,"height":1080},{"@type":"BreadcrumbList","@id":"https:\/\/www.motoairbag.com\/de\/shop\/motorrad-airbags\/mab-v2-plus\/#breadcrumb","itemListElement":[{"@type":"ListItem","position":1,"name":"Home","item":"https:\/\/www.motoairbag.com\/de\/"},{"@type":"ListItem","position":2,"name":"Shop","item":"https:\/\/www.motoairbag.com\/shop\/"},{"@type":"ListItem","position":3,"name":"MAB v2 Plus"}]},{"@type":"WebSite","@id":"https:\/\/www.motoairbag.com\/#website","url":"https:\/\/www.motoairbag.com\/","name":"Motoairbag - L&#039;airbag per i motociclisti","description":"","publisher":{"@id":"https:\/\/www.motoairbag.com\/#organization"},"potentialAction":[{"@type":"SearchAction","target":{"@type":"EntryPoint","urlTemplate":"https:\/\/www.motoairbag.com\/?s={search_term_string}"},"query-input":{"@type":"PropertyValueSpecification","valueRequired":true,"valueName":"search_term_string"}}],"inLanguage":"de"},{"@type":"Organization","@id":"https:\/\/www.motoairbag.com\/#organization","name":"Motoairbag - L&#039;airbag per i motociclisti","url":"https:\/\/www.motoairbag.com\/","logo":{"@type":"ImageObject","inLanguage":"de","@id":"https:\/\/www.motoairbag.com\/#\/schema\/logo\/image\/","url":"https:\/\/www.motoairbag.com\/wp-content\/uploads\/2022\/11\/logo-final.jpg","contentUrl":"https:\/\/www.motoairbag.com\/wp-content\/uploads\/2022\/11\/logo-final.jpg","width":609,"height":80,"caption":"Motoairbag - L&#039;airbag per i motociclisti"},"image":{"@id":"https:\/\/www.motoairbag.com\/#\/schema\/logo\/image\/"}}]}},"_links":{"self":[{"href":"https:\/\/www.motoairbag.com\/de\/wp-json\/wp\/v2\/product\/6364","targetHints":{"allow":["GET"]}}],"collection":[{"href":"https:\/\/www.motoairbag.com\/de\/wp-json\/wp\/v2\/product"}],"about":[{"href":"https:\/\/www.motoairbag.com\/de\/wp-json\/wp\/v2\/types\/product"}],"wp:featuredmedia":[{"embeddable":true,"href":"https:\/\/www.motoairbag.com\/de\/wp-json\/wp\/v2\/media\/6132"}],"wp:attachment":[{"href":"https:\/\/www.motoairbag.com\/de\/wp-json\/wp\/v2\/media?parent=6364"}],"wp:term":[{"taxonomy":"product_brand","embeddable":true,"href":"https:\/\/www.motoairbag.com\/de\/wp-json\/wp\/v2\/product_brand?post=6364"},{"taxonomy":"product_cat","embeddable":true,"href":"https:\/\/www.motoairbag.com\/de\/wp-json\/wp\/v2\/product_cat?post=6364"},{"taxonomy":"product_tag","embeddable":true,"href":"https:\/\/www.motoairbag.com\/de\/wp-json\/wp\/v2\/product_tag?post=6364"}],"curies":[{"name":"wp","href":"https:\/\/api.w.org\/{rel}","templated":true}]}}