{"id":6360,"date":"2022-06-22T07:29:12","date_gmt":"2022-06-22T07:29:12","guid":{"rendered":"https:\/\/www.motoairbag.com\/shop\/unkategorisiert\/mab-vzero\/"},"modified":"2026-04-03T08:02:51","modified_gmt":"2026-04-03T08:02:51","slug":"mab-vzero","status":"publish","type":"product","link":"https:\/\/www.motoairbag.com\/de\/shop\/motorrad-airbags\/mab-vzero\/","title":{"rendered":"MAB vZero Plus"},"content":{"rendered":"<ul>\n<li style=\"list-style-type: none;\">\n<ul>\n<li><\/li>\n<\/ul>\n<\/li>\n<\/ul>\n<p>[vc_row disable_background_image=&#8220;&#8220;][vc_column][vc_tta_accordion][vc_tta_section title=&#8220;ALLGEMEINE MERKMALE&#8220; tab_id=&#8220;1665647274320-421b536b-15c7&#8243;][vc_column_text]<\/p>\n<ul>\n<li style=\"list-style-type: none;\">\n<ul>\n<li>EN1621-4 zertifiziert als Motorrad-AIRBAG<\/li>\n<li>100 % zuverl\u00e4ssiger mechanischer Abzug<\/li>\n<li>Erneuerbar nach Aktivierung<\/li>\n<li>\u00a0Schutzvolumen = 15 Liter<\/li>\n<li>Aktivierung \u00fcber Fast Lock<\/li>\n<li>Fluoreszierende und reflektierende Eins\u00e4tze<\/li>\n<li>Zum Tragen \u00fcber der Jacke<\/li>\n<li>Einheitsgr\u00f6\u00dfe<\/li>\n<\/ul>\n<\/li>\n<\/ul>\n<ul>\n<li style=\"list-style-type: none;\"><\/li>\n<\/ul>\n<p>[\/vc_column_text][\/vc_tta_section][vc_tta_section title=&#8220;TECHNISCHE DATEN&#8220; tab_id=&#8220;1665647327764-f4d815c0-1938&#8243;][vc_column_text]<\/p>\n<ul>\n<li style=\"list-style-type: none;\">\n<ul>\n<li style=\"list-style-type: none;\">\n<ul>\n<li style=\"list-style-type: none;\">\n<ul>\n<li>Einzel-Airbag-System<\/li>\n<li>Heck-Airbag zum Schutz von R\u00fccken, Kreuzbein und Halswirbels\u00e4ule \u00fcber die gesamte Breite. MAB vZero ist AIRBAG EN1621\/4 FB Level 2 zertifiziert. Restkraft nach Aufpralltest 1,4 kN (Level 1 AIRBAG-Grenzwert = 4,5 kN; Level 2 AIRBAG-Grenzwert = 2,5kN)<\/li>\n<li>Fast Lock Technologie mit analogem Beschleunigungssensor f\u00fcr umfassende und zuverl\u00e4ssige Ereigniserkennung<\/li>\n<li>80 Millisekunden Aufblaszeit f\u00fcr das Aufblasen des Airbag-Systems<\/li>\n<li>Gesamtvolumen 15 Liter Fond-Airbag<\/li>\n<li>Gewicht des Airbag-Systems: 800 g Heck-Airbag. Gesamtgewicht 1,3kg<\/li>\n<li>Wiederverwendbar: Sobald MAB aktiviert ist, kann es vom Benutzer mit Hilfe des Aufladekits in wenigen Minuten wieder aufgeladen werden, nachdem eine einfache, im Handbuch beschriebene Pr\u00fcfung durchgef\u00fchrt wurde<\/li>\n<li>Waschbar<\/li>\n<li>Hergestellt aus Cordura<\/li>\n<li>Der innere Teil besteht aus 3D-Material, das die Luft durch die Zwischenr\u00e4ume durchl\u00e4sst<\/li>\n<li>Es gibt fluoreszierende Eins\u00e4tze und reflektierende Teile, um die Sichtbarkeit der Weste zu erh\u00f6hen.<\/li>\n<li>Schulter- und H\u00fcftgurte sind mit Schl\u00f6ssern versehen, um den MAB sowohl w\u00e4hrend der Fahrt als auch bei der Ausl\u00f6sung in der richtigen Position zu halten.<\/li>\n<li>An der Seite befindet sich ein verborgener Balg, der sich im Ausl\u00f6sefall ausdehnt, damit sich das Airbag-System richtig entfalten kann und der Fahrer nicht durch das Airbag-System belastet wird: Bei aufgeblasenem Airbag kann der Fahrer weiterfahren, aussteigen, den Kopf drehen und normal atmen.<\/li>\n<li>Das Airbag-System ist mit automatischen Entleerungsventilen ausgestattet: Der Schutzzustand des MAB h\u00e4lt ca. 30 Sekunden an und entleert sich dann innerhalb weniger Minuten vollst\u00e4ndig.<\/li>\n<li>Es gibt ein Knopfloch, durch das Fast Lock aus der Jacke entweichen kann. Fast Lock l\u00f6st sich nach Aktivierung der MAB und bleibt am Sattel befestigt<\/li>\n<li>Die MAB ist mit einem Airbag-Aktivierungssystem ausgestattet: Bevor das Airbag-System aktiviert wird, muss das Kabel verl\u00e4ngert, die elastische R\u00fcckstellkraft von Fast Lock \u00fcberwunden und eine Last von 15 kg aufgebracht werden. Zur Erinnerung kann bei der ersten Benutzung ein kleiner Aufkleber auf das Armaturenbrett geklebt werden.<\/li>\n<li>MAB vZero sieht aus wie ein Rucksack und kann \u00fcber jeder Winter- oder Sommerjacke getragen werden. Die Schultergurte sind sehr bequem und lassen sich besonders im Schulterbereich gut mit den Schulterprotektoren von Motorradjacken kombinieren.<\/li>\n<li>Fast Lock ist kompatibel mit dem Miniatur-Schnellspanner Mini Frog<\/li>\n<\/ul>\n<\/li>\n<\/ul>\n<\/li>\n<\/ul>\n<\/li>\n<\/ul>\n<p>[\/vc_column_text][\/vc_tta_section][vc_tta_section title=&#8220;SICHERHEITSZERTIFIKATE&#8220; tab_id=&#8220;1665647393215-fcd34d4d-e657&#8243;][vc_column_text]<\/p>\n<ul>\n<li>AIRBAG-Zertifizierung\n<ul>\n<li>Heck-Airbag &#8211; AIRBAG zertifiziert EN1621\/4 Stufe 2 FB (H\u00f6chststufe)<\/li>\n<li>Fast Lock Ausl\u00f6sesystem mit analogem Beschleunigungsmesser<\/li>\n<\/ul>\n<\/li>\n<\/ul>\n<p>[\/vc_column_text][\/vc_tta_section][\/vc_tta_accordion][\/vc_column][\/vc_row]<\/p>\n","protected":false},"excerpt":{"rendered":"<p>Airbag-Rucksack mit einem Airbag mit Fast-Lock-Technologie, wird \u00fcber der Jacke getragen, Einheitsgr\u00f6\u00dfe, aus Cordura. Farbe Fluo\/Rot mit Reflexeins\u00e4tzen. Wird mit einem Ring zur Befestigung am Motorradsattel geliefert. Der Airbag ist bereits aktiviert. Wiederverwendbar<\/p>\n<ul>\n<li>AIRBAG EN1621\/4 Level 2 FB Back Zertifizierung<\/li>\n<li>Das Ger\u00e4t ist durch den Kauf des entsprechenden Motoairbag-Wiederaufladekits wiederaufladbar und kann nach der Ausl\u00f6sung erneut verwendet werden.<\/li>\n<\/ul>\n","protected":false},"featured_media":10536,"template":"","meta":[],"product_brand":[],"product_cat":[108],"product_tag":[],"class_list":{"0":"post-6360","1":"product","2":"type-product","3":"status-publish","4":"has-post-thumbnail","6":"product_cat-motorrad-airbags","8":"first","9":"instock","10":"taxable","11":"shipping-taxable","12":"purchasable","13":"product-type-variable"},"yoast_head":"<!-- This site is optimized with the Yoast SEO plugin v27.0 - https:\/\/yoast.com\/product\/yoast-seo-wordpress\/ -->\n<title>MAB vZero Plus - Motoairbag - L&#039;airbag per i motociclisti<\/title>\n<meta name=\"robots\" content=\"index, follow, max-snippet:-1, max-image-preview:large, max-video-preview:-1\" \/>\n<link rel=\"canonical\" href=\"https:\/\/www.motoairbag.com\/de\/shop\/motorrad-airbags\/mab-vzero\/\" \/>\n<meta property=\"og:locale\" content=\"de_DE\" \/>\n<meta property=\"og:type\" content=\"article\" \/>\n<meta property=\"og:title\" content=\"MAB vZero Plus - Motoairbag - L&#039;airbag per i motociclisti\" \/>\n<meta property=\"og:description\" content=\"Airbag-Rucksack mit einem Airbag mit Fast-Lock-Technologie, wird \u00fcber der Jacke getragen, Einheitsgr\u00f6\u00dfe, aus Cordura. Farbe Fluo\/Rot mit Reflexeins\u00e4tzen. Wird mit einem Ring zur Befestigung am Motorradsattel geliefert. Der Airbag ist bereits aktiviert. Wiederverwendbar   AIRBAG EN1621\/4 Level 2 FB Back Zertifizierung  Das Ger\u00e4t ist durch den Kauf des entsprechenden Motoairbag-Wiederaufladekits wiederaufladbar und kann nach der Ausl\u00f6sung erneut verwendet werden.\" \/>\n<meta property=\"og:url\" content=\"https:\/\/www.motoairbag.com\/de\/shop\/motorrad-airbags\/mab-vzero\/\" \/>\n<meta property=\"og:site_name\" content=\"Motoairbag - L&#039;airbag per i motociclisti\" \/>\n<meta property=\"article:modified_time\" content=\"2026-04-03T08:02:51+00:00\" \/>\n<meta property=\"og:image\" content=\"https:\/\/www.motoairbag.com\/wp-content\/uploads\/2022\/06\/HOME-B1-c-MABvZERO-red-fastlock-fronte-retro-2.png\" \/>\n\t<meta property=\"og:image:width\" content=\"1080\" \/>\n\t<meta property=\"og:image:height\" content=\"1080\" \/>\n\t<meta property=\"og:image:type\" content=\"image\/png\" \/>\n<meta name=\"twitter:card\" content=\"summary_large_image\" \/>\n<meta name=\"twitter:label1\" content=\"Gesch\u00e4tzte Lesezeit\" \/>\n\t<meta name=\"twitter:data1\" content=\"3\u00a0Minuten\" \/>\n<script type=\"application\/ld+json\" class=\"yoast-schema-graph\">{\"@context\":\"https:\/\/schema.org\",\"@graph\":[{\"@type\":\"WebPage\",\"@id\":\"https:\/\/www.motoairbag.com\/de\/shop\/motorrad-airbags\/mab-vzero\/\",\"url\":\"https:\/\/www.motoairbag.com\/de\/shop\/motorrad-airbags\/mab-vzero\/\",\"name\":\"MAB vZero Plus - Motoairbag - L&#039;airbag per i motociclisti\",\"isPartOf\":{\"@id\":\"https:\/\/www.motoairbag.com\/#website\"},\"primaryImageOfPage\":{\"@id\":\"https:\/\/www.motoairbag.com\/de\/shop\/motorrad-airbags\/mab-vzero\/#primaryimage\"},\"image\":{\"@id\":\"https:\/\/www.motoairbag.com\/de\/shop\/motorrad-airbags\/mab-vzero\/#primaryimage\"},\"thumbnailUrl\":\"https:\/\/www.motoairbag.com\/wp-content\/uploads\/2022\/06\/HOME-B1-c-MABvZERO-red-fastlock-fronte-retro-2.png\",\"datePublished\":\"2022-06-22T07:29:12+00:00\",\"dateModified\":\"2026-04-03T08:02:51+00:00\",\"breadcrumb\":{\"@id\":\"https:\/\/www.motoairbag.com\/de\/shop\/motorrad-airbags\/mab-vzero\/#breadcrumb\"},\"inLanguage\":\"de\",\"potentialAction\":[{\"@type\":\"ReadAction\",\"target\":[\"https:\/\/www.motoairbag.com\/de\/shop\/motorrad-airbags\/mab-vzero\/\"]}]},{\"@type\":\"ImageObject\",\"inLanguage\":\"de\",\"@id\":\"https:\/\/www.motoairbag.com\/de\/shop\/motorrad-airbags\/mab-vzero\/#primaryimage\",\"url\":\"https:\/\/www.motoairbag.com\/wp-content\/uploads\/2022\/06\/HOME-B1-c-MABvZERO-red-fastlock-fronte-retro-2.png\",\"contentUrl\":\"https:\/\/www.motoairbag.com\/wp-content\/uploads\/2022\/06\/HOME-B1-c-MABvZERO-red-fastlock-fronte-retro-2.png\",\"width\":1080,\"height\":1080},{\"@type\":\"BreadcrumbList\",\"@id\":\"https:\/\/www.motoairbag.com\/de\/shop\/motorrad-airbags\/mab-vzero\/#breadcrumb\",\"itemListElement\":[{\"@type\":\"ListItem\",\"position\":1,\"name\":\"Home\",\"item\":\"https:\/\/www.motoairbag.com\/de\/\"},{\"@type\":\"ListItem\",\"position\":2,\"name\":\"Shop\",\"item\":\"https:\/\/www.motoairbag.com\/shop\/\"},{\"@type\":\"ListItem\",\"position\":3,\"name\":\"MAB vZero Plus\"}]},{\"@type\":\"WebSite\",\"@id\":\"https:\/\/www.motoairbag.com\/#website\",\"url\":\"https:\/\/www.motoairbag.com\/\",\"name\":\"Motoairbag - L&#039;airbag per i motociclisti\",\"description\":\"\",\"publisher\":{\"@id\":\"https:\/\/www.motoairbag.com\/#organization\"},\"potentialAction\":[{\"@type\":\"SearchAction\",\"target\":{\"@type\":\"EntryPoint\",\"urlTemplate\":\"https:\/\/www.motoairbag.com\/?s={search_term_string}\"},\"query-input\":{\"@type\":\"PropertyValueSpecification\",\"valueRequired\":true,\"valueName\":\"search_term_string\"}}],\"inLanguage\":\"de\"},{\"@type\":\"Organization\",\"@id\":\"https:\/\/www.motoairbag.com\/#organization\",\"name\":\"Motoairbag - L&#039;airbag per i motociclisti\",\"url\":\"https:\/\/www.motoairbag.com\/\",\"logo\":{\"@type\":\"ImageObject\",\"inLanguage\":\"de\",\"@id\":\"https:\/\/www.motoairbag.com\/#\/schema\/logo\/image\/\",\"url\":\"https:\/\/www.motoairbag.com\/wp-content\/uploads\/2022\/11\/logo-final.jpg\",\"contentUrl\":\"https:\/\/www.motoairbag.com\/wp-content\/uploads\/2022\/11\/logo-final.jpg\",\"width\":609,\"height\":80,\"caption\":\"Motoairbag - L&#039;airbag per i motociclisti\"},\"image\":{\"@id\":\"https:\/\/www.motoairbag.com\/#\/schema\/logo\/image\/\"}}]}<\/script>\n<!-- \/ Yoast SEO plugin. -->","yoast_head_json":{"title":"MAB vZero Plus - Motoairbag - L&#039;airbag per i motociclisti","robots":{"index":"index","follow":"follow","max-snippet":"max-snippet:-1","max-image-preview":"max-image-preview:large","max-video-preview":"max-video-preview:-1"},"canonical":"https:\/\/www.motoairbag.com\/de\/shop\/motorrad-airbags\/mab-vzero\/","og_locale":"de_DE","og_type":"article","og_title":"MAB vZero Plus - Motoairbag - L&#039;airbag per i motociclisti","og_description":"Airbag-Rucksack mit einem Airbag mit Fast-Lock-Technologie, wird \u00fcber der Jacke getragen, Einheitsgr\u00f6\u00dfe, aus Cordura. Farbe Fluo\/Rot mit Reflexeins\u00e4tzen. Wird mit einem Ring zur Befestigung am Motorradsattel geliefert. Der Airbag ist bereits aktiviert. Wiederverwendbar   AIRBAG EN1621\/4 Level 2 FB Back Zertifizierung  Das Ger\u00e4t ist durch den Kauf des entsprechenden Motoairbag-Wiederaufladekits wiederaufladbar und kann nach der Ausl\u00f6sung erneut verwendet werden.","og_url":"https:\/\/www.motoairbag.com\/de\/shop\/motorrad-airbags\/mab-vzero\/","og_site_name":"Motoairbag - L&#039;airbag per i motociclisti","article_modified_time":"2026-04-03T08:02:51+00:00","og_image":[{"width":1080,"height":1080,"url":"https:\/\/www.motoairbag.com\/wp-content\/uploads\/2022\/06\/HOME-B1-c-MABvZERO-red-fastlock-fronte-retro-2.png","type":"image\/png"}],"twitter_card":"summary_large_image","twitter_misc":{"Gesch\u00e4tzte Lesezeit":"3\u00a0Minuten"},"schema":{"@context":"https:\/\/schema.org","@graph":[{"@type":"WebPage","@id":"https:\/\/www.motoairbag.com\/de\/shop\/motorrad-airbags\/mab-vzero\/","url":"https:\/\/www.motoairbag.com\/de\/shop\/motorrad-airbags\/mab-vzero\/","name":"MAB vZero Plus - Motoairbag - L&#039;airbag per i motociclisti","isPartOf":{"@id":"https:\/\/www.motoairbag.com\/#website"},"primaryImageOfPage":{"@id":"https:\/\/www.motoairbag.com\/de\/shop\/motorrad-airbags\/mab-vzero\/#primaryimage"},"image":{"@id":"https:\/\/www.motoairbag.com\/de\/shop\/motorrad-airbags\/mab-vzero\/#primaryimage"},"thumbnailUrl":"https:\/\/www.motoairbag.com\/wp-content\/uploads\/2022\/06\/HOME-B1-c-MABvZERO-red-fastlock-fronte-retro-2.png","datePublished":"2022-06-22T07:29:12+00:00","dateModified":"2026-04-03T08:02:51+00:00","breadcrumb":{"@id":"https:\/\/www.motoairbag.com\/de\/shop\/motorrad-airbags\/mab-vzero\/#breadcrumb"},"inLanguage":"de","potentialAction":[{"@type":"ReadAction","target":["https:\/\/www.motoairbag.com\/de\/shop\/motorrad-airbags\/mab-vzero\/"]}]},{"@type":"ImageObject","inLanguage":"de","@id":"https:\/\/www.motoairbag.com\/de\/shop\/motorrad-airbags\/mab-vzero\/#primaryimage","url":"https:\/\/www.motoairbag.com\/wp-content\/uploads\/2022\/06\/HOME-B1-c-MABvZERO-red-fastlock-fronte-retro-2.png","contentUrl":"https:\/\/www.motoairbag.com\/wp-content\/uploads\/2022\/06\/HOME-B1-c-MABvZERO-red-fastlock-fronte-retro-2.png","width":1080,"height":1080},{"@type":"BreadcrumbList","@id":"https:\/\/www.motoairbag.com\/de\/shop\/motorrad-airbags\/mab-vzero\/#breadcrumb","itemListElement":[{"@type":"ListItem","position":1,"name":"Home","item":"https:\/\/www.motoairbag.com\/de\/"},{"@type":"ListItem","position":2,"name":"Shop","item":"https:\/\/www.motoairbag.com\/shop\/"},{"@type":"ListItem","position":3,"name":"MAB vZero Plus"}]},{"@type":"WebSite","@id":"https:\/\/www.motoairbag.com\/#website","url":"https:\/\/www.motoairbag.com\/","name":"Motoairbag - L&#039;airbag per i motociclisti","description":"","publisher":{"@id":"https:\/\/www.motoairbag.com\/#organization"},"potentialAction":[{"@type":"SearchAction","target":{"@type":"EntryPoint","urlTemplate":"https:\/\/www.motoairbag.com\/?s={search_term_string}"},"query-input":{"@type":"PropertyValueSpecification","valueRequired":true,"valueName":"search_term_string"}}],"inLanguage":"de"},{"@type":"Organization","@id":"https:\/\/www.motoairbag.com\/#organization","name":"Motoairbag - L&#039;airbag per i motociclisti","url":"https:\/\/www.motoairbag.com\/","logo":{"@type":"ImageObject","inLanguage":"de","@id":"https:\/\/www.motoairbag.com\/#\/schema\/logo\/image\/","url":"https:\/\/www.motoairbag.com\/wp-content\/uploads\/2022\/11\/logo-final.jpg","contentUrl":"https:\/\/www.motoairbag.com\/wp-content\/uploads\/2022\/11\/logo-final.jpg","width":609,"height":80,"caption":"Motoairbag - L&#039;airbag per i motociclisti"},"image":{"@id":"https:\/\/www.motoairbag.com\/#\/schema\/logo\/image\/"}}]}},"_links":{"self":[{"href":"https:\/\/www.motoairbag.com\/de\/wp-json\/wp\/v2\/product\/6360","targetHints":{"allow":["GET"]}}],"collection":[{"href":"https:\/\/www.motoairbag.com\/de\/wp-json\/wp\/v2\/product"}],"about":[{"href":"https:\/\/www.motoairbag.com\/de\/wp-json\/wp\/v2\/types\/product"}],"wp:featuredmedia":[{"embeddable":true,"href":"https:\/\/www.motoairbag.com\/de\/wp-json\/wp\/v2\/media\/10536"}],"wp:attachment":[{"href":"https:\/\/www.motoairbag.com\/de\/wp-json\/wp\/v2\/media?parent=6360"}],"wp:term":[{"taxonomy":"product_brand","embeddable":true,"href":"https:\/\/www.motoairbag.com\/de\/wp-json\/wp\/v2\/product_brand?post=6360"},{"taxonomy":"product_cat","embeddable":true,"href":"https:\/\/www.motoairbag.com\/de\/wp-json\/wp\/v2\/product_cat?post=6360"},{"taxonomy":"product_tag","embeddable":true,"href":"https:\/\/www.motoairbag.com\/de\/wp-json\/wp\/v2\/product_tag?post=6360"}],"curies":[{"name":"wp","href":"https:\/\/api.w.org\/{rel}","templated":true}]}}