{"id":6408,"date":"2019-09-13T10:49:36","date_gmt":"2019-09-13T10:49:36","guid":{"rendered":"https:\/\/www.motoairbag.com\/nach-dem-verkauf\/"},"modified":"2023-08-30T15:05:19","modified_gmt":"2023-08-30T15:05:19","slug":"nach-dem-verkauf","status":"publish","type":"page","link":"https:\/\/www.motoairbag.com\/de\/nach-dem-verkauf\/","title":{"rendered":"Nach dem Verkauf"},"content":{"rendered":"<p>[vc_row disable_background_image=&#8220;&#8220;][vc_column][vc_column_text][\/vc_column_text][\/vc_column][\/vc_row][vc_row disable_background_image=&#8220;&#8220;][vc_column width=&#8220;1\/2&#8243; css=&#8220;.vc_custom_1671720146647{padding-left: 90px !important;}&#8220;][vc_custom_heading text=&#8220;Kontaktieren Sie den Support unter assistenza@motoairbag.com oder  02.9053806 oder  +39.328.1471132&#8243; font_container=&#8220;tag:h4|text_align:left&#8220; use_theme_fonts=&#8220;yes&#8220;][vc_empty_space height=&#8220;10px&#8220;]<a itemprop=\"url\" href=\"mailto:assistenza@motoairbag.com\" target=\"_self\"  class=\"mkdf-btn mkdf-btn-medium mkdf-btn-predefined\"  >\n            <span class=\"mkdf-btn-predefined-line-holder\">\n            <span class=\"mkdf-btn-line-hidden\"><\/span>\n            <span class=\"mkdf-btn-text\">E-mail<\/span>\n\t        <span class=\"mkdf-btn-line\"><\/span>\n            <i class=\"mkdf-btn-predefined-icon mkdf-icon-ion-icon ion-ios-play \"><\/i>\n        <\/span>\n    <\/a>[vc_empty_space height=&#8220;10px&#8220;]<a itemprop=\"url\" href=\"https:\/\/wa.me\/message\/35DF2K6FQIFNH1\" target=\"_blank\" style=\"background-color: #25d366;border-color: #25d366\" class=\"mkdf-btn mkdf-btn-medium mkdf-btn-predefined\"  >\n            <span class=\"mkdf-btn-predefined-line-holder\">\n            <span class=\"mkdf-btn-line-hidden\"><\/span>\n            <span class=\"mkdf-btn-text\">Whatsapp<\/span>\n\t        <span class=\"mkdf-btn-line\"><\/span>\n            <i class=\"mkdf-btn-predefined-icon mkdf-icon-ion-icon ion-ios-play \"><\/i>\n        <\/span>\n    <\/a>[\/vc_column][vc_column width=&#8220;1\/2&#8243;][vc_empty_space height=&#8220;69px&#8220;]\n<div class=\"wpcf7 no-js\" id=\"wpcf7-f6419-o1\" lang=\"de-DE\" dir=\"ltr\" data-wpcf7-id=\"6419\">\n<div class=\"screen-reader-response\"><p role=\"status\" aria-live=\"polite\" aria-atomic=\"true\"><\/p> <ul><\/ul><\/div>\n<form action=\"\/de\/wp-json\/wp\/v2\/pages\/6408#wpcf7-f6419-o1\" method=\"post\" class=\"wpcf7-form init\" aria-label=\"Kontaktformular\" novalidate=\"novalidate\" data-status=\"init\">\n<fieldset class=\"hidden-fields-container\"><input type=\"hidden\" name=\"_wpcf7\" value=\"6419\" \/><input type=\"hidden\" name=\"_wpcf7_version\" value=\"6.1.5\" \/><input type=\"hidden\" name=\"_wpcf7_locale\" value=\"de_DE\" \/><input type=\"hidden\" name=\"_wpcf7_unit_tag\" value=\"wpcf7-f6419-o1\" \/><input type=\"hidden\" name=\"_wpcf7_container_post\" value=\"0\" \/><input type=\"hidden\" name=\"_wpcf7_posted_data_hash\" value=\"\" \/><input type=\"hidden\" name=\"_wpcf7_recaptcha_response\" value=\"\" \/>\n<\/fieldset>\n<div class=\"mkdf-cf7-custom-style\">\n\t<p><label style=\"color: #000000;\"> NACHNAME NAME<br \/>\n<span class=\"wpcf7-form-control-wrap\" data-name=\"your-name\"><input size=\"40\" maxlength=\"400\" class=\"wpcf7-form-control wpcf7-text wpcf7-validates-as-required\" aria-required=\"true\" aria-invalid=\"false\" value=\"\" type=\"text\" name=\"your-name\" \/><\/span> <\/label><br \/>\n<label style=\"color: #000000;\"> Email<br \/>\n<span class=\"wpcf7-form-control-wrap\" data-name=\"your-email\"><input size=\"40\" maxlength=\"400\" class=\"wpcf7-form-control wpcf7-email wpcf7-validates-as-required wpcf7-text wpcf7-validates-as-email\" aria-required=\"true\" aria-invalid=\"false\" value=\"\" type=\"email\" name=\"your-email\" \/><\/span> <\/label><br \/>\n<label style=\"color: #000000;\"> Telefon<br \/>\n<span class=\"wpcf7-form-control-wrap\" data-name=\"your-tel\"><input size=\"40\" maxlength=\"400\" class=\"wpcf7-form-control wpcf7-tel wpcf7-validates-as-required wpcf7-text wpcf7-validates-as-tel\" aria-required=\"true\" aria-invalid=\"false\" value=\"\" type=\"tel\" name=\"your-tel\" \/><\/span> <\/label><br \/>\n<label style=\"color: #000000;\"> NACHRICHT<br \/>\n<span class=\"wpcf7-form-control-wrap\" data-name=\"your-message\"><textarea cols=\"40\" rows=\"5\" maxlength=\"2000\" class=\"wpcf7-form-control wpcf7-textarea\" aria-invalid=\"false\" name=\"your-message\"><\/textarea><\/span> <\/label><br \/>\n<span class=\"wpcf7-form-control-wrap\" data-name=\"privacy\"><span class=\"wpcf7-form-control wpcf7-acceptance\"><span class=\"wpcf7-list-item\"><label><input type=\"checkbox\" name=\"privacy\" value=\"1\" aria-invalid=\"false\" \/><span class=\"wpcf7-list-item-label\"><span style=\"color: #000000;\">Ich erkl\u00e4re, dass ich die Datenschutzbestimmungen gem\u00e4\u00df der Verordnung (EU) Nr. 2016\/679 zur Kenntnis genommen habe.  <\/span><\/span><\/label><\/span><\/span><\/span><br \/>\n<button class=\"wpcf7-form-control wpcf7-submit mkdf-btn mkdf-btn-medium mkdf-btn-solid\" type=\"submit\"><span class=\"mkdf-btn-text\">NACHRICHTEN SENDEN<\/span><\/button>\n\t<\/p>\n<\/div><p style=\"display: none !important;\" class=\"akismet-fields-container\" data-prefix=\"_wpcf7_ak_\"><label>&#916;<textarea name=\"_wpcf7_ak_hp_textarea\" cols=\"45\" rows=\"8\" maxlength=\"100\"><\/textarea><\/label><input type=\"hidden\" id=\"ak_js_1\" name=\"_wpcf7_ak_js\" value=\"246\"\/><script>document.getElementById( \"ak_js_1\" ).setAttribute( \"value\", ( new Date() ).getTime() );<\/script><\/p><input type='hidden' class='wpcf7-pum' value='{\"closepopup\":false,\"closedelay\":0,\"openpopup\":false,\"openpopup_id\":0}' \/><div class=\"wpcf7-response-output\" aria-hidden=\"true\"><\/div>\n<\/form>\n<\/div>\n[\/vc_column][\/vc_row][vc_row row_content_width=&#8220;grid&#8220; disable_background_image=&#8220;&#8220; vertical_lines=&#8220;yes&#8220; css=&#8220;.vc_custom_1568362251225{padding-top: 124px !important;padding-bottom: 82px !important;}&#8220;][vc_column][vc_row_inner row_content_width=&#8220;grid&#8220;][vc_column_inner]<div class=\"mkdf-section-title-holder  mkdf-st-split  mkdf-has-appear-animation\" >\n\t<div class=\"mkdf-st-inner\">\n\t\t\t<span class=\"mkdf-st-tagline\" style=\"color: #ba2a2a\">\n\t\t\tassistenza e post vendita\t\t<\/span>\n\t\t\t\t\t\t<h2 class=\"mkdf-st-title\" >\n\t\t\t\t\t\t\t\t\t<span class=\"mkdf-sts-title-text\">Motoairbag al<br \/> tuo servizio<\/span>\n\t\t\t\t\t<span class=\"mkdf-sts-separator\" ><\/span>\n\t\t\t\t\t\t\t<\/h2>\n\t\t\t\t\t\t\t<\/div>\n<\/div>[vc_empty_space height=&#8220;69px&#8220;][vc_btn title=&#8220;Registrieren Sie Ihren Motoairbag&#8220; color=&#8220;danger&#8220; size=&#8220;lg&#8220; align=&#8220;center&#8220; i_icon_fontawesome=&#8220;fas fa-pen-alt&#8220; add_icon=&#8220;true&#8220; link=&#8220;url:https%3A%2F%2Fwww.motoairbag.com%2Fde%2Fregistrierung-motoairbag%2F&#8220;][vc_empty_space height=&#8220;69px&#8220;][\/vc_column_inner][\/vc_row_inner][vc_row_inner][vc_column_inner width=&#8220;1\/3&#8243;]<div class=\"mkdf-iwt clearfix  mkdf-iwt-icon-top mkdf-iwt-icon-medium mkdf-has-appear-animation\">\n\t\t\t<a itemprop=\"url\" href=\"https:\/\/www.motoairbag.com\/de\/nach-dem-verkauf\/tutorial\/\" target=\"_self\" >\n\t\t\t\t\t\t<div class=\"mkdf-iwt-icon\">\n\t\t\t\t\t\t\t\t\t\t\t\t\t\t\t<img loading=\"lazy\" decoding=\"async\" width=\"64\" height=\"64\" src=\"https:\/\/www.motoairbag.com\/wp-content\/uploads\/2022\/11\/motorbike.png\" class=\"attachment-full size-full\" alt=\"\" \/>\t\t\t\t\t\n\t\t\t\t\t\t\t\t<\/div>\n\t\t\t<div class=\"mkdf-iwt-content\" >\n\t\t\t\t\t\t\t\t<h4 class=\"mkdf-iwt-title\" >\n\t\t\t\t\t<span class=\"mkdf-iwt-title-text\">Tutorial<\/span>\n\t\t\t<\/h4>\n\t\t\t\t\t\t\t\t\t<p class=\"mkdf-iwt-text\" >MOTOAIRBAG \u00fcberl\u00e4sst Ihnen immer Gebrauchs- oder Lufttransportanweisungen. In diesem Abschnitt ist auch Videomaterial verf\u00fcgbar, damit Sie Ihren MOTOAIRBAG besser verstehen und optimal nutzen k\u00f6nnen.<\/p>\n\t\t\t\t\t<\/div>\n\t\t\t\t\t<\/a>\n<\/div>\n[vc_empty_space height=&#8220;40px&#8220;][\/vc_column_inner][vc_column_inner width=&#8220;1\/3&#8243;]<div class=\"mkdf-iwt clearfix  mkdf-iwt-icon-top mkdf-iwt-icon-medium mkdf-has-appear-animation\">\n\t\t\t<a itemprop=\"url\" href=\"https:\/\/www.motoairbag.com\/de\/nach-dem-verkauf\/upgrade\/\" target=\"_self\" >\n\t\t\t\t\t\t<div class=\"mkdf-iwt-icon\">\n\t\t\t\t\t\t\t\t\t\t\t\t\t\t\t<img loading=\"lazy\" decoding=\"async\" width=\"64\" height=\"64\" src=\"https:\/\/www.motoairbag.com\/wp-content\/uploads\/2022\/11\/worker.png\" class=\"attachment-full size-full\" alt=\"\" \/>\t\t\t\t\t\n\t\t\t\t\t\t\t\t<\/div>\n\t\t\t<div class=\"mkdf-iwt-content\" >\n\t\t\t\t\t\t\t\t<h4 class=\"mkdf-iwt-title\" style=\"margin-top: 12px\">\n\t\t\t\t\t<span class=\"mkdf-iwt-title-text\">Upgrade<\/span>\n\t\t\t<\/h4>\n\t\t\t\t\t\t\t\t\t<p class=\"mkdf-iwt-text\" >Jeder MOTOAIRBAG (in jeder Version und zu jeder Zeit) kann auf die neueste Version aktualisiert werden. Technische Zeit 48\/72h ab Erhalt.<\/p>\n\t\t\t\t\t<\/div>\n\t\t\t\t\t<\/a>\n<\/div>\n[vc_empty_space height=&#8220;40px&#8220;][\/vc_column_inner][vc_column_inner width=&#8220;1\/3&#8243;]<div class=\"mkdf-iwt clearfix  mkdf-iwt-icon-top mkdf-iwt-icon-medium mkdf-has-appear-animation\">\n\t\t\t<a itemprop=\"url\" href=\"https:\/\/www.motoairbag.com\/de\/nach-dem-verkauf\/aktivierung\/\" target=\"_self\" >\n\t\t\t\t\t\t<div class=\"mkdf-iwt-icon\">\n\t\t\t\t\t\t\t\t\t\t\t\t\t\t\t<img loading=\"lazy\" decoding=\"async\" width=\"64\" height=\"64\" src=\"https:\/\/www.motoairbag.com\/wp-content\/uploads\/2022\/11\/mission.png\" class=\"attachment-full size-full\" alt=\"\" \/>\t\t\t\t\t\n\t\t\t\t\t\t\t\t<\/div>\n\t\t\t<div class=\"mkdf-iwt-content\" >\n\t\t\t\t\t\t\t\t<h4 class=\"mkdf-iwt-title\" style=\"margin-top: 3px\">\n\t\t\t\t\t<span class=\"mkdf-iwt-title-text\">AKTIVIERUNG<\/span>\n\t\t\t<\/h4>\n\t\t\t\t\t\t\t\t\t<p class=\"mkdf-iwt-text\" >Bei sto\u00dffreier Ausl\u00f6sung kann der Airbag nach Durchf\u00fchrung der Checkliste in der Bedienungsanleitung vom Endverbraucher mit dem speziellen Recharge Kit wieder aufgeladen werden.<\/p>\n\t\t\t\t\t<\/div>\n\t\t\t\t\t<\/a>\n<\/div>\n[vc_empty_space height=&#8220;40px&#8220;][\/vc_column_inner][\/vc_row_inner][vc_row_inner][vc_column_inner width=&#8220;1\/3&#8243;]<div class=\"mkdf-iwt clearfix  mkdf-iwt-icon-top mkdf-iwt-icon-medium mkdf-has-appear-animation\">\n\t\t\t<a itemprop=\"url\" href=\"https:\/\/www.motoairbag.com\/de\/nach-dem-verkauf\/revision\/\" target=\"_self\" >\n\t\t\t\t\t\t<div class=\"mkdf-iwt-icon\">\n\t\t\t\t\t\t\t\t\t\t\t\t\t\t\t<img loading=\"lazy\" decoding=\"async\" width=\"64\" height=\"64\" src=\"https:\/\/www.motoairbag.com\/wp-content\/uploads\/2022\/11\/pencil.png\" class=\"attachment-full size-full\" alt=\"\" \/>\t\t\t\t\t\n\t\t\t\t\t\t\t\t<\/div>\n\t\t\t<div class=\"mkdf-iwt-content\" >\n\t\t\t\t\t\t\t\t<h4 class=\"mkdf-iwt-title\" >\n\t\t\t\t\t<span class=\"mkdf-iwt-title-text\">Revision<\/span>\n\t\t\t<\/h4>\n\t\t\t\t\t\t\t\t\t<p class=\"mkdf-iwt-text\" >Die Revision erfolgt direkt im Unternehmen und ist alle 4 Jahre durchzuf\u00fchren. Technische Zeit: 48\/72h<\/p>\n\t\t\t\t\t<\/div>\n\t\t\t\t\t<\/a>\n<\/div>\n[vc_empty_space height=&#8220;40px&#8220;][\/vc_column_inner][vc_column_inner width=&#8220;1\/3&#8243;]<div class=\"mkdf-iwt clearfix  mkdf-iwt-icon-top mkdf-iwt-icon-medium mkdf-has-appear-animation\">\n\t\t\t<a itemprop=\"url\" href=\"https:\/\/www.motoairbag.com\/de\/nach-dem-verkauf\/waesche\/\" target=\"_self\" >\n\t\t\t\t\t\t<div class=\"mkdf-iwt-icon\">\n\t\t\t\t\t\t\t\t\t\t\t\t\t\t\t<img loading=\"lazy\" decoding=\"async\" width=\"64\" height=\"64\" src=\"https:\/\/www.motoairbag.com\/wp-content\/uploads\/2022\/11\/clean.png\" class=\"attachment-full size-full\" alt=\"\" \/>\t\t\t\t\t\n\t\t\t\t\t\t\t\t<\/div>\n\t\t\t<div class=\"mkdf-iwt-content\" >\n\t\t\t\t\t\t\t\t<h4 class=\"mkdf-iwt-title\" >\n\t\t\t\t\t<span class=\"mkdf-iwt-title-text\">Waschen<\/span>\n\t\t\t<\/h4>\n\t\t\t\t\t\t\t\t\t<p class=\"mkdf-iwt-text\" >Neben der im Handbuch beschriebenen klassischen W\u00e4sche ist es m\u00f6glich, eine gr\u00fcndlichere W\u00e4sche im Unternehmen anzufordern. Technische Zeit: 48\/72h.<\/p>\n\t\t\t\t\t<\/div>\n\t\t\t\t\t<\/a>\n<\/div>\n[vc_empty_space height=&#8220;40px&#8220;][\/vc_column_inner][vc_column_inner width=&#8220;1\/3&#8243;][\/vc_column_inner][\/vc_row_inner][\/vc_column][\/vc_row]<\/p>\n","protected":false},"excerpt":{"rendered":"<p>[vc_row disable_background_image=&#8220;&#8220;][vc_column][vc_column_text][\/vc_column_text][\/vc_column][\/vc_row][vc_row disable_background_image=&#8220;&#8220;][vc_column width=&#8220;1\/2&#8243; css=&#8220;.vc_custom_1671720146647{padding-left: 90px !important;}&#8220;][vc_custom_heading text=&#8220;Kontaktieren Sie den Support unter assistenza@motoairbag.com oder 02.9053806 oder +39.328.1471132&#8243; font_container=&#8220;tag:h4|text_align:left&#8220; use_theme_fonts=&#8220;yes&#8220;][vc_empty_space height=&#8220;10px&#8220;][vc_empty_space height=&#8220;10px&#8220;][\/vc_column][vc_column width=&#8220;1\/2&#8243;][vc_empty_space height=&#8220;69px&#8220;][\/vc_column][\/vc_row][vc_row row_content_width=&#8220;grid&#8220; disable_background_image=&#8220;&#8220; vertical_lines=&#8220;yes&#8220; css=&#8220;.vc_custom_1568362251225{padding-top: 124px !important;padding-bottom: 82px !important;}&#8220;][vc_column][vc_row_inner row_content_width=&#8220;grid&#8220;][vc_column_inner][vc_empty_space height=&#8220;69px&#8220;][vc_btn title=&#8220;Registrieren Sie Ihren Motoairbag&#8220; color=&#8220;danger&#8220; size=&#8220;lg&#8220; align=&#8220;center&#8220; i_icon_fontawesome=&#8220;fas fa-pen-alt&#8220; add_icon=&#8220;true&#8220; link=&#8220;url:https%3A%2F%2Fwww.motoairbag.com%2Fde%2Fregistrierung-motoairbag%2F&#8220;][vc_empty_space height=&#8220;69px&#8220;][\/vc_column_inner][\/vc_row_inner][vc_row_inner][vc_column_inner width=&#8220;1\/3&#8243;][vc_empty_space height=&#8220;40px&#8220;][\/vc_column_inner][vc_column_inner width=&#8220;1\/3&#8243;][vc_empty_space height=&#8220;40px&#8220;][\/vc_column_inner][vc_column_inner width=&#8220;1\/3&#8243;][vc_empty_space height=&#8220;40px&#8220;][\/vc_column_inner][\/vc_row_inner][vc_row_inner][vc_column_inner [&hellip;]<\/p>\n","protected":false},"author":1,"featured_media":0,"parent":0,"menu_order":0,"comment_status":"closed","ping_status":"closed","template":"full-width.php","meta":{"footnotes":""},"class_list":["post-6408","page","type-page","status-publish","hentry"],"yoast_head":"<!-- This site is optimized with the Yoast SEO plugin v27.0 - https:\/\/yoast.com\/product\/yoast-seo-wordpress\/ -->\n<title>Nach dem Verkauf - Motoairbag - L&#039;airbag per i motociclisti<\/title>\n<meta name=\"robots\" content=\"index, follow, max-snippet:-1, max-image-preview:large, max-video-preview:-1\" \/>\n<link rel=\"canonical\" href=\"https:\/\/www.motoairbag.com\/de\/nach-dem-verkauf\/\" \/>\n<meta property=\"og:locale\" content=\"de_DE\" \/>\n<meta property=\"og:type\" content=\"article\" \/>\n<meta property=\"og:title\" content=\"Nach dem Verkauf - Motoairbag - L&#039;airbag per i motociclisti\" \/>\n<meta property=\"og:description\" content=\"[vc_row disable_background_image=&#8220;&#8220;][vc_column][vc_column_text][\/vc_column_text][\/vc_column][\/vc_row][vc_row disable_background_image=&#8220;&#8220;][vc_column width=&#8220;1\/2&#8243; css=&#8220;.vc_custom_1671720146647{padding-left: 90px !important;}&#8220;][vc_custom_heading text=&#8220;Kontaktieren Sie den Support unter assistenza@motoairbag.com oder 02.9053806 oder +39.328.1471132&#8243; font_container=&#8220;tag:h4|text_align:left&#8220; use_theme_fonts=&#8220;yes&#8220;][vc_empty_space height=&#8220;10px&#8220;][vc_empty_space height=&#8220;10px&#8220;][\/vc_column][vc_column width=&#8220;1\/2&#8243;][vc_empty_space height=&#8220;69px&#8220;][\/vc_column][\/vc_row][vc_row row_content_width=&#8220;grid&#8220; disable_background_image=&#8220;&#8220; vertical_lines=&#8220;yes&#8220; css=&#8220;.vc_custom_1568362251225{padding-top: 124px !important;padding-bottom: 82px !important;}&#8220;][vc_column][vc_row_inner row_content_width=&#8220;grid&#8220;][vc_column_inner][vc_empty_space height=&#8220;69px&#8220;][vc_btn title=&#8220;Registrieren Sie Ihren Motoairbag&#8220; color=&#8220;danger&#8220; size=&#8220;lg&#8220; align=&#8220;center&#8220; i_icon_fontawesome=&#8220;fas fa-pen-alt&#8220; add_icon=&#8220;true&#8220; link=&#8220;url:https%3A%2F%2Fwww.motoairbag.com%2Fde%2Fregistrierung-motoairbag%2F&#8220;][vc_empty_space height=&#8220;69px&#8220;][\/vc_column_inner][\/vc_row_inner][vc_row_inner][vc_column_inner width=&#8220;1\/3&#8243;][vc_empty_space height=&#8220;40px&#8220;][\/vc_column_inner][vc_column_inner width=&#8220;1\/3&#8243;][vc_empty_space height=&#8220;40px&#8220;][\/vc_column_inner][vc_column_inner width=&#8220;1\/3&#8243;][vc_empty_space height=&#8220;40px&#8220;][\/vc_column_inner][\/vc_row_inner][vc_row_inner][vc_column_inner [&hellip;]\" \/>\n<meta property=\"og:url\" content=\"https:\/\/www.motoairbag.com\/de\/nach-dem-verkauf\/\" \/>\n<meta property=\"og:site_name\" content=\"Motoairbag - L&#039;airbag per i motociclisti\" \/>\n<meta property=\"article:modified_time\" content=\"2023-08-30T15:05:19+00:00\" \/>\n<meta name=\"twitter:card\" content=\"summary_large_image\" \/>\n<meta name=\"twitter:label1\" content=\"Gesch\u00e4tzte Lesezeit\" \/>\n\t<meta name=\"twitter:data1\" content=\"2\u00a0Minuten\" \/>\n<script type=\"application\/ld+json\" class=\"yoast-schema-graph\">{\"@context\":\"https:\/\/schema.org\",\"@graph\":[{\"@type\":\"WebPage\",\"@id\":\"https:\/\/www.motoairbag.com\/de\/nach-dem-verkauf\/\",\"url\":\"https:\/\/www.motoairbag.com\/de\/nach-dem-verkauf\/\",\"name\":\"Nach dem Verkauf - Motoairbag - L&#039;airbag per i motociclisti\",\"isPartOf\":{\"@id\":\"https:\/\/www.motoairbag.com\/#website\"},\"datePublished\":\"2019-09-13T10:49:36+00:00\",\"dateModified\":\"2023-08-30T15:05:19+00:00\",\"breadcrumb\":{\"@id\":\"https:\/\/www.motoairbag.com\/de\/nach-dem-verkauf\/#breadcrumb\"},\"inLanguage\":\"de\",\"potentialAction\":[{\"@type\":\"ReadAction\",\"target\":[\"https:\/\/www.motoairbag.com\/de\/nach-dem-verkauf\/\"]}]},{\"@type\":\"BreadcrumbList\",\"@id\":\"https:\/\/www.motoairbag.com\/de\/nach-dem-verkauf\/#breadcrumb\",\"itemListElement\":[{\"@type\":\"ListItem\",\"position\":1,\"name\":\"Home\",\"item\":\"https:\/\/www.motoairbag.com\/de\/\"},{\"@type\":\"ListItem\",\"position\":2,\"name\":\"Nach dem Verkauf\"}]},{\"@type\":\"WebSite\",\"@id\":\"https:\/\/www.motoairbag.com\/#website\",\"url\":\"https:\/\/www.motoairbag.com\/\",\"name\":\"Motoairbag - L&#039;airbag per i motociclisti\",\"description\":\"\",\"publisher\":{\"@id\":\"https:\/\/www.motoairbag.com\/#organization\"},\"potentialAction\":[{\"@type\":\"SearchAction\",\"target\":{\"@type\":\"EntryPoint\",\"urlTemplate\":\"https:\/\/www.motoairbag.com\/?s={search_term_string}\"},\"query-input\":{\"@type\":\"PropertyValueSpecification\",\"valueRequired\":true,\"valueName\":\"search_term_string\"}}],\"inLanguage\":\"de\"},{\"@type\":\"Organization\",\"@id\":\"https:\/\/www.motoairbag.com\/#organization\",\"name\":\"Motoairbag - L&#039;airbag per i motociclisti\",\"url\":\"https:\/\/www.motoairbag.com\/\",\"logo\":{\"@type\":\"ImageObject\",\"inLanguage\":\"de\",\"@id\":\"https:\/\/www.motoairbag.com\/#\/schema\/logo\/image\/\",\"url\":\"https:\/\/www.motoairbag.com\/wp-content\/uploads\/2022\/11\/logo-final.jpg\",\"contentUrl\":\"https:\/\/www.motoairbag.com\/wp-content\/uploads\/2022\/11\/logo-final.jpg\",\"width\":609,\"height\":80,\"caption\":\"Motoairbag - L&#039;airbag per i motociclisti\"},\"image\":{\"@id\":\"https:\/\/www.motoairbag.com\/#\/schema\/logo\/image\/\"}}]}<\/script>\n<!-- \/ Yoast SEO plugin. -->","yoast_head_json":{"title":"Nach dem Verkauf - Motoairbag - L&#039;airbag per i motociclisti","robots":{"index":"index","follow":"follow","max-snippet":"max-snippet:-1","max-image-preview":"max-image-preview:large","max-video-preview":"max-video-preview:-1"},"canonical":"https:\/\/www.motoairbag.com\/de\/nach-dem-verkauf\/","og_locale":"de_DE","og_type":"article","og_title":"Nach dem Verkauf - Motoairbag - L&#039;airbag per i motociclisti","og_description":"[vc_row disable_background_image=&#8220;&#8220;][vc_column][vc_column_text][\/vc_column_text][\/vc_column][\/vc_row][vc_row disable_background_image=&#8220;&#8220;][vc_column width=&#8220;1\/2&#8243; css=&#8220;.vc_custom_1671720146647{padding-left: 90px !important;}&#8220;][vc_custom_heading text=&#8220;Kontaktieren Sie den Support unter assistenza@motoairbag.com oder 02.9053806 oder +39.328.1471132&#8243; font_container=&#8220;tag:h4|text_align:left&#8220; use_theme_fonts=&#8220;yes&#8220;][vc_empty_space height=&#8220;10px&#8220;][vc_empty_space height=&#8220;10px&#8220;][\/vc_column][vc_column width=&#8220;1\/2&#8243;][vc_empty_space height=&#8220;69px&#8220;][\/vc_column][\/vc_row][vc_row row_content_width=&#8220;grid&#8220; disable_background_image=&#8220;&#8220; vertical_lines=&#8220;yes&#8220; css=&#8220;.vc_custom_1568362251225{padding-top: 124px !important;padding-bottom: 82px !important;}&#8220;][vc_column][vc_row_inner row_content_width=&#8220;grid&#8220;][vc_column_inner][vc_empty_space height=&#8220;69px&#8220;][vc_btn title=&#8220;Registrieren Sie Ihren Motoairbag&#8220; color=&#8220;danger&#8220; size=&#8220;lg&#8220; align=&#8220;center&#8220; i_icon_fontawesome=&#8220;fas fa-pen-alt&#8220; add_icon=&#8220;true&#8220; link=&#8220;url:https%3A%2F%2Fwww.motoairbag.com%2Fde%2Fregistrierung-motoairbag%2F&#8220;][vc_empty_space height=&#8220;69px&#8220;][\/vc_column_inner][\/vc_row_inner][vc_row_inner][vc_column_inner width=&#8220;1\/3&#8243;][vc_empty_space height=&#8220;40px&#8220;][\/vc_column_inner][vc_column_inner width=&#8220;1\/3&#8243;][vc_empty_space height=&#8220;40px&#8220;][\/vc_column_inner][vc_column_inner width=&#8220;1\/3&#8243;][vc_empty_space height=&#8220;40px&#8220;][\/vc_column_inner][\/vc_row_inner][vc_row_inner][vc_column_inner [&hellip;]","og_url":"https:\/\/www.motoairbag.com\/de\/nach-dem-verkauf\/","og_site_name":"Motoairbag - L&#039;airbag per i motociclisti","article_modified_time":"2023-08-30T15:05:19+00:00","twitter_card":"summary_large_image","twitter_misc":{"Gesch\u00e4tzte Lesezeit":"2\u00a0Minuten"},"schema":{"@context":"https:\/\/schema.org","@graph":[{"@type":"WebPage","@id":"https:\/\/www.motoairbag.com\/de\/nach-dem-verkauf\/","url":"https:\/\/www.motoairbag.com\/de\/nach-dem-verkauf\/","name":"Nach dem Verkauf - Motoairbag - L&#039;airbag per i motociclisti","isPartOf":{"@id":"https:\/\/www.motoairbag.com\/#website"},"datePublished":"2019-09-13T10:49:36+00:00","dateModified":"2023-08-30T15:05:19+00:00","breadcrumb":{"@id":"https:\/\/www.motoairbag.com\/de\/nach-dem-verkauf\/#breadcrumb"},"inLanguage":"de","potentialAction":[{"@type":"ReadAction","target":["https:\/\/www.motoairbag.com\/de\/nach-dem-verkauf\/"]}]},{"@type":"BreadcrumbList","@id":"https:\/\/www.motoairbag.com\/de\/nach-dem-verkauf\/#breadcrumb","itemListElement":[{"@type":"ListItem","position":1,"name":"Home","item":"https:\/\/www.motoairbag.com\/de\/"},{"@type":"ListItem","position":2,"name":"Nach dem Verkauf"}]},{"@type":"WebSite","@id":"https:\/\/www.motoairbag.com\/#website","url":"https:\/\/www.motoairbag.com\/","name":"Motoairbag - L&#039;airbag per i motociclisti","description":"","publisher":{"@id":"https:\/\/www.motoairbag.com\/#organization"},"potentialAction":[{"@type":"SearchAction","target":{"@type":"EntryPoint","urlTemplate":"https:\/\/www.motoairbag.com\/?s={search_term_string}"},"query-input":{"@type":"PropertyValueSpecification","valueRequired":true,"valueName":"search_term_string"}}],"inLanguage":"de"},{"@type":"Organization","@id":"https:\/\/www.motoairbag.com\/#organization","name":"Motoairbag - L&#039;airbag per i motociclisti","url":"https:\/\/www.motoairbag.com\/","logo":{"@type":"ImageObject","inLanguage":"de","@id":"https:\/\/www.motoairbag.com\/#\/schema\/logo\/image\/","url":"https:\/\/www.motoairbag.com\/wp-content\/uploads\/2022\/11\/logo-final.jpg","contentUrl":"https:\/\/www.motoairbag.com\/wp-content\/uploads\/2022\/11\/logo-final.jpg","width":609,"height":80,"caption":"Motoairbag - L&#039;airbag per i motociclisti"},"image":{"@id":"https:\/\/www.motoairbag.com\/#\/schema\/logo\/image\/"}}]}},"_links":{"self":[{"href":"https:\/\/www.motoairbag.com\/de\/wp-json\/wp\/v2\/pages\/6408","targetHints":{"allow":["GET"]}}],"collection":[{"href":"https:\/\/www.motoairbag.com\/de\/wp-json\/wp\/v2\/pages"}],"about":[{"href":"https:\/\/www.motoairbag.com\/de\/wp-json\/wp\/v2\/types\/page"}],"author":[{"embeddable":true,"href":"https:\/\/www.motoairbag.com\/de\/wp-json\/wp\/v2\/users\/1"}],"replies":[{"embeddable":true,"href":"https:\/\/www.motoairbag.com\/de\/wp-json\/wp\/v2\/comments?post=6408"}],"version-history":[{"count":4,"href":"https:\/\/www.motoairbag.com\/de\/wp-json\/wp\/v2\/pages\/6408\/revisions"}],"predecessor-version":[{"id":7641,"href":"https:\/\/www.motoairbag.com\/de\/wp-json\/wp\/v2\/pages\/6408\/revisions\/7641"}],"wp:attachment":[{"href":"https:\/\/www.motoairbag.com\/de\/wp-json\/wp\/v2\/media?parent=6408"}],"curies":[{"name":"wp","href":"https:\/\/api.w.org\/{rel}","templated":true}]}}